{"id":21983,"date":"2023-02-16T14:12:06","date_gmt":"2023-02-16T13:12:06","guid":{"rendered":"https:\/\/www.etrix.ch\/felo-fw06\/"},"modified":"2026-03-12T17:37:30","modified_gmt":"2026-03-12T16:37:30","slug":"felo-fw06","status":"publish","type":"page","link":"https:\/\/www.etrix.ch\/it\/monopattino-elettrico\/felo-fw06\/","title":{"rendered":"Felo FW06"},"content":{"rendered":"\n<div class=\"wp-block-columns alignfull is-style-spalte-top-bild und-gelb is-layout-flex wp-container-core-columns-is-layout-9d6595d7 wp-block-columns-is-layout-flex\">\n<div class=\"wp-block-column is-style-top-bild-mask has-global-color-8-color has-text-color is-layout-flow wp-block-column-is-layout-flow\">\n<figure class=\"wp-block-image alignfull size-full\"><img decoding=\"async\" width=\"2000\" height=\"1421\" src=\"https:\/\/www.etrix.ch\/media\/2023\/10\/felo-fw06-elektroroller-etrix-2.jpg\" alt=\"Felo FW06 Monopattino Elettrico Etrix 2\" class=\"wp-image-23057\" srcset=\"https:\/\/www.etrix.ch\/media\/2023\/10\/felo-fw06-elektroroller-etrix-2.jpg 2000w, https:\/\/www.etrix.ch\/media\/2023\/10\/felo-fw06-elektroroller-etrix-2-900x639.jpg 900w, https:\/\/www.etrix.ch\/media\/2023\/10\/felo-fw06-elektroroller-etrix-2-300x213.jpg 300w, https:\/\/www.etrix.ch\/media\/2023\/10\/felo-fw06-elektroroller-etrix-2-1024x728.jpg 1024w, https:\/\/www.etrix.ch\/media\/2023\/10\/felo-fw06-elektroroller-etrix-2-768x546.jpg 768w, https:\/\/www.etrix.ch\/media\/2023\/10\/felo-fw06-elektroroller-etrix-2-1536x1091.jpg 1536w, https:\/\/www.etrix.ch\/media\/2023\/10\/felo-fw06-elektroroller-etrix-2-1320x938.jpg 1320w\" sizes=\"(max-width: 2000px) 100vw, 2000px\"><\/figure>\n<\/div>\n<\/div>\n\n<div class=\"wp-block-group alignfull has-global-color-11-background-color has-background\"><div class=\"wp-block-group__inner-container is-layout-constrained wp-block-group-is-layout-constrained\"><div class=\"gb-container gb-container-43386b76\">\n\n<p class=\"gb-headline gb-headline-a0ff76e2 gb-headline-text font-os\">Felo FW06<\/p>\n\n\n\n<div class=\"wp-block-columns neue-spalten has-contrast-color has-text-color has-link-color wp-elements-36bd119042df5eab8135b6acbd1ac325 is-layout-flex wp-container-core-columns-is-layout-9d6595d7 wp-block-columns-is-layout-flex\">\n<div class=\"wp-block-column line-right is-layout-flow wp-block-column-is-layout-flow\">\n<p class=\"font-os\" style=\"margin-top:0;margin-bottom:0;font-size:28px\"><strong>125 km\/h<\/strong><\/p>\n\n\n\n<p class=\"is-style-text-ber-titel2\" style=\"margin-top:0;margin-bottom:0\"><sup>Velocit\u00e0 massima.<\/sup><\/p>\n<\/div>\n\n\n\n<div class=\"wp-block-column line-right is-layout-flow wp-block-column-is-layout-flow\">\n<p class=\"font-os\" style=\"margin-top:0;margin-bottom:0;font-size:28px\"><strong>1,7 secondi.<\/strong><\/p>\n\n\n\n<p class=\"is-style-text-ber-titel2\" style=\"margin-top:0;margin-bottom:0\"><sup>0-50 km\/h<\/sup><\/p>\n<\/div>\n\n\n\n<div class=\"wp-block-column line-right is-layout-flow wp-block-column-is-layout-flow\">\n<p class=\"font-os\" style=\"margin-top:0;margin-bottom:0;font-size:28px\"><strong>11 kW<\/strong><\/p>\n\n\n\n<p class=\"is-style-text-ber-titel2\" style=\"margin-top:0;margin-bottom:0\"><sup>Successo<\/sup><\/p>\n<\/div>\n\n\n\n<div class=\"wp-block-column is-layout-flow wp-block-column-is-layout-flow\">\n<p class=\"font-os\" style=\"margin-top:0;margin-bottom:0;font-size:28px\"><strong>4\u2019940.-  <\/strong><\/p>\n\n\n\n<p class=\"is-style-text-ber-titel2\" style=\"margin-top:0;margin-bottom:0\"><sup> <mark style=\"background-color:var(--accent)\" class=\"has-inline-color has-base-3-color\">  Finanziamento a tasso zero  <\/mark> <\/sup><\/p>\n<\/div>\n<\/div>\n\n\n\n<p class=\"gb-headline gb-headline-422069ec\"><span class=\"gb-icon\"><svg xmlns=\"http:\/\/www.w3.org\/2000\/svg\" aria-hidden=\"true\" role=\"img\" height=\"1em\" width=\"1em\" viewbox=\"0 0 256 512\"><path fill=\"currentColor\" d=\"M224.3 273l-136 136c-9.4 9.4-24.6 9.4-33.9 0l-22.6-22.6c-9.4-9.4-9.4-24.6 0-33.9l96.4-96.4-96.4-96.4c-9.4-9.4-9.4-24.6 0-33.9L54.3 103c9.4-9.4 24.6-9.4 33.9 0l136 136c9.5 9.4 9.5 24.6.1 34z\"><\/path><\/svg><\/span><span class=\"gb-headline-text\"><a href=\"#tech-details\">Tutti i dettagli tecnici<\/a><\/span><\/p>\n\n<\/div><\/div><\/div>\n\n<div style=\"height:50px\" aria-hidden=\"true\" class=\"wp-block-spacer\"><\/div>\n\n<div class=\"wp-block-columns alignfull are-vertically-aligned-center is-style-einstiegstext is-layout-flex wp-container-core-columns-is-layout-9d6595d7 wp-block-columns-is-layout-flex\" id=\"inhalt\">\n<div class=\"wp-block-column is-vertically-aligned-center is-layout-flow wp-block-column-is-layout-flow\"><h1 class=\"wp-block-post-title\">Felo FW06<\/h1>\n\n\n<p>Felo FW06 rappresenta il nuovo concetto di moto: la simbiosi tra scooter elettrico e moto, potente, leggero e intelligente.<\/p>\n\n\n\n<div class=\"wp-block-buttons is-layout-flex wp-block-buttons-is-layout-flex\">\n<div class=\"wp-block-button is-style-button-default\"><a class=\"wp-block-button__link wp-element-button\" href=\"https:\/\/www.etrix.ch\/it\/prodotto\/felo-fw06-configure\/\">Configurare Felo FW06<\/a><\/div>\n<\/div>\n<\/div>\n\n\n\n<div class=\"wp-block-column is-vertically-aligned-center is-layout-flow wp-block-column-is-layout-flow\" style=\"flex-basis:30px\"><\/div>\n\n\n\n<div class=\"wp-block-column is-vertically-aligned-center is-style-default is-layout-flow wp-block-column-is-layout-flow\">\n<figure class=\"wp-block-embed is-type-video is-provider-youtube wp-block-embed-youtube wp-embed-aspect-16-9 wp-has-aspect-ratio\"><div class=\"wp-block-embed__wrapper\">\n<iframe title=\"125 km\/h schneller Elektroroller! Felo FW-06 Test\" width=\"1200\" height=\"675\" src=\"https:\/\/www.youtube.com\/embed\/B6UtzoErUuw?feature=oembed\" frameborder=\"0\" allow=\"accelerometer; autoplay; clipboard-write; encrypted-media; gyroscope; picture-in-picture; web-share\" referrerpolicy=\"strict-origin-when-cross-origin\" allowfullscreen><\/iframe>\n<\/div><\/figure>\n<\/div>\n\n\n\n<div class=\"wp-block-column is-vertically-aligned-center is-layout-flow wp-block-column-is-layout-flow\" style=\"flex-basis:30px\"><\/div>\n<\/div>\n\n<div class=\"wp-block-columns alignfull is-style-spalten-bild-links is-layout-flex wp-container-core-columns-is-layout-9d6595d7 wp-block-columns-is-layout-flex\">\n<div class=\"wp-block-column is-style-bild-mask-2 is-layout-flow wp-block-column-is-layout-flow\">\n<figure class=\"wp-block-image size-full is-style-bild-center\"><img decoding=\"async\" width=\"1996\" height=\"1472\" src=\"https:\/\/www.etrix.ch\/media\/2023\/02\/felo-fw06-etrix-elektroroller-neu-elektromotorrad.jpg\" alt=\"Felo Fw06 Etrix Scooter elettrico Nuova moto elettrica\" class=\"wp-image-19035\" srcset=\"https:\/\/www.etrix.ch\/media\/2023\/02\/felo-fw06-etrix-elektroroller-neu-elektromotorrad.jpg 1996w, https:\/\/www.etrix.ch\/media\/2023\/02\/felo-fw06-etrix-elektroroller-neu-elektromotorrad-900x664.jpg 900w, https:\/\/www.etrix.ch\/media\/2023\/02\/felo-fw06-etrix-elektroroller-neu-elektromotorrad-300x221.jpg 300w, https:\/\/www.etrix.ch\/media\/2023\/02\/felo-fw06-etrix-elektroroller-neu-elektromotorrad-1024x755.jpg 1024w, https:\/\/www.etrix.ch\/media\/2023\/02\/felo-fw06-etrix-elektroroller-neu-elektromotorrad-768x566.jpg 768w, https:\/\/www.etrix.ch\/media\/2023\/02\/felo-fw06-etrix-elektroroller-neu-elektromotorrad-1536x1133.jpg 1536w, https:\/\/www.etrix.ch\/media\/2023\/02\/felo-fw06-etrix-elektroroller-neu-elektromotorrad-1320x973.jpg 1320w\" sizes=\"(max-width: 1996px) 100vw, 1996px\"><\/figure>\n<\/div>\n\n\n\n<div class=\"wp-block-column is-layout-flow wp-block-column-is-layout-flow\">\n<p class=\"is-style-text-ber-titel\" style=\"text-transform:uppercase\">NATI PER COMPETERE  <\/p>\n\n\n\n<h2 class=\"wp-block-heading\" id=\"my-silence-app\">Orgoglioso sponsor di Gresini Racing  <\/h2>\n\n\n\n<p>Il design aerodinamico e il sistema di raffreddamento di derivazione racing consentono le massime prestazioni di guida e piacere di guida. Felo ha acquisito il know-how nello sviluppo di motociclette da corsa, che si riflette oggi nella FW06.<\/p>\n<\/div>\n<\/div>\n\n<div class=\"wp-block-columns alignfull is-style-spalten-bild-links is-layout-flex wp-container-core-columns-is-layout-9d6595d7 wp-block-columns-is-layout-flex\">\n<div class=\"wp-block-column is-style-bild-mask-3 is-layout-flow wp-block-column-is-layout-flow\">\n<figure class=\"wp-block-image size-large is-style-bild-center\"><img decoding=\"async\" width=\"1024\" height=\"547\" src=\"https:\/\/www.etrix.ch\/media\/2023\/02\/felo-fw06-etrix-elektroroller-fahrverhalten-1024x547.jpg\" alt=\"Felo Fw06 Etrix Electric Scooter Handling\" class=\"wp-image-18925\" srcset=\"https:\/\/www.etrix.ch\/media\/2023\/02\/felo-fw06-etrix-elektroroller-fahrverhalten-1024x547.jpg 1024w, https:\/\/www.etrix.ch\/media\/2023\/02\/felo-fw06-etrix-elektroroller-fahrverhalten-900x481.jpg 900w, https:\/\/www.etrix.ch\/media\/2023\/02\/felo-fw06-etrix-elektroroller-fahrverhalten-300x160.jpg 300w, https:\/\/www.etrix.ch\/media\/2023\/02\/felo-fw06-etrix-elektroroller-fahrverhalten-768x410.jpg 768w, https:\/\/www.etrix.ch\/media\/2023\/02\/felo-fw06-etrix-elektroroller-fahrverhalten-1536x821.jpg 1536w, https:\/\/www.etrix.ch\/media\/2023\/02\/felo-fw06-etrix-elektroroller-fahrverhalten-1320x706.jpg 1320w, https:\/\/www.etrix.ch\/media\/2023\/02\/felo-fw06-etrix-elektroroller-fahrverhalten.jpg 2000w\" sizes=\"(max-width: 1024px) 100vw, 1024px\"><\/figure>\n<\/div>\n\n\n\n<div class=\"wp-block-column is-layout-flow wp-block-column-is-layout-flow\">\n<p class=\"is-style-text-ber-titel\" style=\"text-transform:uppercase\">Comfort &amp; Sicurezza<\/p>\n\n\n\n<h2 class=\"wp-block-heading\" id=\"my-silence-app\">Pi\u00f9 dinamica di guida e pi\u00f9 stabilit\u00e0<\/h2>\n\n\n\n<p>Un design accattivante e una tecnologia all\u2019avanguardia offrono un\u2019esperienza di guida coinvolgente.<\/p>\n\n\n\n<p>Un triangolo perfetto conferisce all\u2019e-scooter pi\u00f9 stabilit\u00e0: semplicemente un\u2019esperienza di guida caratterizzata da stabilit\u00e0, comfort e sicurezza.<\/p>\n<\/div>\n<\/div>\n\n<div class=\"wp-block-columns alignfull is-style-spalten-bild-links is-layout-flex wp-container-core-columns-is-layout-9d6595d7 wp-block-columns-is-layout-flex\">\n<div class=\"wp-block-column is-style-bild-mask-2 is-layout-flow wp-block-column-is-layout-flow\">\n<figure class=\"wp-block-image size-large is-style-bild-center\"><img decoding=\"async\" width=\"1024\" height=\"807\" src=\"https:\/\/www.etrix.ch\/media\/2023\/02\/felo-fw06-etrix-elektroroller-batterie-1024x807.jpg\" alt=\"Felo Fw06 Etrix Batteria Scooter Elettrico\" class=\"wp-image-18929\" srcset=\"https:\/\/www.etrix.ch\/media\/2023\/02\/felo-fw06-etrix-elektroroller-batterie-1024x807.jpg 1024w, https:\/\/www.etrix.ch\/media\/2023\/02\/felo-fw06-etrix-elektroroller-batterie-900x710.jpg 900w, https:\/\/www.etrix.ch\/media\/2023\/02\/felo-fw06-etrix-elektroroller-batterie-300x237.jpg 300w, https:\/\/www.etrix.ch\/media\/2023\/02\/felo-fw06-etrix-elektroroller-batterie-768x606.jpg 768w, https:\/\/www.etrix.ch\/media\/2023\/02\/felo-fw06-etrix-elektroroller-batterie.jpg 1300w\" sizes=\"(max-width: 1024px) 100vw, 1024px\"><\/figure>\n<\/div>\n\n\n\n<div class=\"wp-block-column is-layout-flow wp-block-column-is-layout-flow\">\n<p class=\"is-style-text-ber-titel\" style=\"text-transform:uppercase\">BATTERIA &amp; BMS  <\/p>\n\n\n\n<h2 class=\"wp-block-heading\" id=\"my-silence-app\">5 anni \/ 50\u2019000km di garanzia  <\/h2>\n\n\n\n<p>Batteria al litio a lunga durata INP58P e<\/p>\n\n\n\n<p>un sistema intelligente di gestione della batteria (BMS) garantisce la massima sicurezza e un\u2019elevata aspettativa di vita.<br>Questo, con una gestione termica perfezionata e una classe di impermeabilit\u00e0 IP67, consente un\u2019estensione della garanzia a 5 anni.<\/p>\n\n\n\n<p>L\u2019FW06 supporta un\u2019ampia gamma di porte di ricarica.<\/p>\n\n\n\n<p>Le batterie sono impermeabili fino a una profondit\u00e0 di un metro per 24 ore e soddisfano la classe di resistenza all\u2019acqua IP67.<\/p>\n<\/div>\n<\/div>\n\n<div class=\"wp-block-columns alignfull is-style-spalte-full-bild is-layout-flex wp-container-core-columns-is-layout-9d6595d7 wp-block-columns-is-layout-flex\">\n<div class=\"wp-block-column is-style-full-bild-mask has-global-color-9-color has-text-color is-layout-flow wp-block-column-is-layout-flow\">\n<figure class=\"wp-block-image alignfull size-full is-style-default\"><img decoding=\"async\" width=\"1754\" height=\"941\" src=\"https:\/\/www.etrix.ch\/media\/2023\/02\/felo-fw06-etrix-elektroroller-panel.jpg\" alt=\"Felo Fw06 Etrix Pannello Scooter Elettrico\" class=\"wp-image-18921\" srcset=\"https:\/\/www.etrix.ch\/media\/2023\/02\/felo-fw06-etrix-elektroroller-panel.jpg 1754w, https:\/\/www.etrix.ch\/media\/2023\/02\/felo-fw06-etrix-elektroroller-panel-900x483.jpg 900w, https:\/\/www.etrix.ch\/media\/2023\/02\/felo-fw06-etrix-elektroroller-panel-300x161.jpg 300w, https:\/\/www.etrix.ch\/media\/2023\/02\/felo-fw06-etrix-elektroroller-panel-1024x549.jpg 1024w, https:\/\/www.etrix.ch\/media\/2023\/02\/felo-fw06-etrix-elektroroller-panel-768x412.jpg 768w, https:\/\/www.etrix.ch\/media\/2023\/02\/felo-fw06-etrix-elektroroller-panel-1536x824.jpg 1536w, https:\/\/www.etrix.ch\/media\/2023\/02\/felo-fw06-etrix-elektroroller-panel-1320x708.jpg 1320w\" sizes=\"(max-width: 1754px) 100vw, 1754px\"><\/figure>\n\n\n\n<div class=\"wp-block-group is-style-top-image-text-weiss\"><div class=\"wp-block-group__inner-container is-layout-flow wp-block-group-is-layout-flow\">\n<h2 class=\"wp-block-heading\" id=\"farbenfrohes-bildschirm\">Pannello LCD - Felo FW06<\/h2>\n\n\n\n<p class=\"is-style-default\">Nel chiaro display LCD, i dati del veicolo possono essere facilmente letti in tutte le condizioni di illuminazione. L\u2019autonomia rimanente \u00e8 stimata in modo intelligente per una corsa piacevole, senza ansia da autonomia.<\/p>\n\n\n\n<p class=\"is-style-default\"><a href=\"https:\/\/www.etrix.ch\/it\/giro-di-prova\/\">Prenota ora un test drive<\/a><\/p>\n<\/div><\/div>\n<\/div>\n<\/div>\n\n<div class=\"wp-block-columns alignfull is-style-spalten-bild-rechts is-layout-flex wp-container-core-columns-is-layout-9d6595d7 wp-block-columns-is-layout-flex\">\n<div class=\"wp-block-column is-style-bild-mask-3 is-layout-flow wp-block-column-is-layout-flow\">\n<figure class=\"wp-block-image size-full\"><img decoding=\"async\" width=\"600\" height=\"651\" src=\"https:\/\/www.etrix.ch\/media\/2021\/12\/ahorro_s01.png\" alt=\"\" class=\"wp-image-2366\" srcset=\"https:\/\/www.etrix.ch\/media\/2021\/12\/ahorro_s01.png 600w, https:\/\/www.etrix.ch\/media\/2021\/12\/ahorro_s01-276x300.png 276w\" sizes=\"(max-width: 600px) 100vw, 600px\"><\/figure>\n\n\n\n<figure class=\"wp-block-image size-large\"><img decoding=\"async\" width=\"1024\" height=\"640\" src=\"https:\/\/www.etrix.ch\/media\/2023\/02\/felo-fw06-etrix-elektroroller-bremsen-1024x640.jpg\" alt=\"Felo Fw06 Etrix Scooter Elettrico Freni\" class=\"wp-image-18936\" srcset=\"https:\/\/www.etrix.ch\/media\/2023\/02\/felo-fw06-etrix-elektroroller-bremsen-1024x640.jpg 1024w, https:\/\/www.etrix.ch\/media\/2023\/02\/felo-fw06-etrix-elektroroller-bremsen-900x563.jpg 900w, https:\/\/www.etrix.ch\/media\/2023\/02\/felo-fw06-etrix-elektroroller-bremsen-300x188.jpg 300w, https:\/\/www.etrix.ch\/media\/2023\/02\/felo-fw06-etrix-elektroroller-bremsen-768x480.jpg 768w, https:\/\/www.etrix.ch\/media\/2023\/02\/felo-fw06-etrix-elektroroller-bremsen-1536x960.jpg 1536w, https:\/\/www.etrix.ch\/media\/2023\/02\/felo-fw06-etrix-elektroroller-bremsen-1320x825.jpg 1320w, https:\/\/www.etrix.ch\/media\/2023\/02\/felo-fw06-etrix-elektroroller-bremsen.jpg 2000w\" sizes=\"(max-width: 1024px) 100vw, 1024px\"><\/figure>\n<\/div>\n\n\n\n<div class=\"wp-block-column is-layout-flow wp-block-column-is-layout-flow\">\n<p class=\"is-style-text-ber-titel\" style=\"text-transform:uppercase\">La sicurezza prima di tutto<\/p>\n\n\n\n<h2 class=\"wp-block-heading\" id=\"my-silence-app\">TCS: Sistema di controllo della trazione e ABS<\/h2>\n\n\n\n<p>Il Felo FW06 \u00e8 il primo della sua categoria a presentare ABS e TCS. Il sistema di controllo della trazione ti supporta in condizioni stradali difficili, controlla la trazione e la potenza e migliora cos\u00ec la stabilit\u00e0 di guida.<\/p>\n\n\n\n<p>Naturalmente, il Felo ha l\u2019ABS, che ottimizza le prestazioni di frenata dei freni a disco.<\/p>\n\n\n\n<p>Quando si tratta di sicurezza, non scendiamo a compromessi.<\/p>\n<\/div>\n<\/div>\n\n<div class=\"wp-block-columns alignfull is-style-spalten-bild-rechts is-layout-flex wp-container-core-columns-is-layout-9d6595d7 wp-block-columns-is-layout-flex\">\n<div class=\"wp-block-column is-style-bild-mask-1 is-layout-flow wp-block-column-is-layout-flow\">\n<figure class=\"wp-block-image size-large\"><img decoding=\"async\" width=\"1024\" height=\"724\" src=\"https:\/\/www.etrix.ch\/media\/2023\/02\/felo-fw06-etrix-elektroroller-motor-1024x724.jpg\" alt=\"Felo Fw06 Etrix Motore Scooter Elettrico\" class=\"wp-image-18939\" srcset=\"https:\/\/www.etrix.ch\/media\/2023\/02\/felo-fw06-etrix-elektroroller-motor-1024x724.jpg 1024w, https:\/\/www.etrix.ch\/media\/2023\/02\/felo-fw06-etrix-elektroroller-motor-900x636.jpg 900w, https:\/\/www.etrix.ch\/media\/2023\/02\/felo-fw06-etrix-elektroroller-motor-300x212.jpg 300w, https:\/\/www.etrix.ch\/media\/2023\/02\/felo-fw06-etrix-elektroroller-motor-768x543.jpg 768w, https:\/\/www.etrix.ch\/media\/2023\/02\/felo-fw06-etrix-elektroroller-motor-1536x1086.jpg 1536w, https:\/\/www.etrix.ch\/media\/2023\/02\/felo-fw06-etrix-elektroroller-motor-1320x933.jpg 1320w, https:\/\/www.etrix.ch\/media\/2023\/02\/felo-fw06-etrix-elektroroller-motor.jpg 1754w\" sizes=\"(max-width: 1024px) 100vw, 1024px\"><\/figure>\n<\/div>\n\n\n\n<div class=\"wp-block-column is-layout-flow wp-block-column-is-layout-flow\">\n<p class=\"is-style-text-ber-titel\" style=\"text-transform:uppercase\">* Controllo automatico della coppia<\/p>\n\n\n\n<h2 class=\"wp-block-heading\" id=\"lorem-ipsum-dolor-sit-amet\">Controllo ATS*<\/h2>\n\n\n\n<p>L\u2019esclusivo controllo automatico della coppia \u00abATS\u00bb consente le prestazioni impressionanti del motore con conseguente rapida accelerazione e velocit\u00e0 massima nella modalit\u00e0 di guida sportiva \u00abS\u00bb.<\/p>\n\n\n\n<ul class=\"wp-block-list\">\n<li>Accelerazione ottimale<\/li>\n\n\n\n<li>Velocit\u00e0 massima  <\/li>\n\n\n\n<li>Prestazioni istantanee, nessun ritardo  <\/li>\n<\/ul>\n\n\n\n<div style=\"height:10px\" aria-hidden=\"true\" class=\"wp-block-spacer\"><\/div>\n\n\n\n<p>ATS, il controllo automatico della coppia per un controllo ottimale dei 336Nm  <\/p>\n\n\n\n<p>Il sistema ATS aumenta l\u2019efficienza energetica del 9%.  <\/p>\n<\/div>\n<\/div>\n\n<div class=\"wp-block-columns alignfull is-style-spalten-bild-rechts is-layout-flex wp-container-core-columns-is-layout-9d6595d7 wp-block-columns-is-layout-flex\">\n<div class=\"wp-block-column is-style-bild-mask-2 is-layout-flow wp-block-column-is-layout-flow\">\n<figure class=\"wp-block-image size-full\"><img decoding=\"async\" width=\"544\" height=\"370\" src=\"https:\/\/www.etrix.ch\/media\/2021\/12\/Bildschirmfoto-2021-12-10-um-10.34.03.png\" alt=\"\" class=\"wp-image-2426\" srcset=\"https:\/\/www.etrix.ch\/media\/2021\/12\/Bildschirmfoto-2021-12-10-um-10.34.03.png 544w, https:\/\/www.etrix.ch\/media\/2021\/12\/Bildschirmfoto-2021-12-10-um-10.34.03-300x204.png 300w\" sizes=\"(max-width: 544px) 100vw, 544px\"><\/figure>\n\n\n\n<figure class=\"wp-block-image size-large is-style-bild-center\"><img decoding=\"async\" width=\"1024\" height=\"613\" src=\"https:\/\/www.etrix.ch\/media\/2023\/02\/felo-fw06-etrix-elektroroller-steuergeraet-1024x613.jpg\" alt=\"Felo Fw06 Etrix Unit\u00e0 di controllo scooter elettrico\" class=\"wp-image-18945\" srcset=\"https:\/\/www.etrix.ch\/media\/2023\/02\/felo-fw06-etrix-elektroroller-steuergeraet-1024x613.jpg 1024w, https:\/\/www.etrix.ch\/media\/2023\/02\/felo-fw06-etrix-elektroroller-steuergeraet-900x539.jpg 900w, https:\/\/www.etrix.ch\/media\/2023\/02\/felo-fw06-etrix-elektroroller-steuergeraet-300x180.jpg 300w, https:\/\/www.etrix.ch\/media\/2023\/02\/felo-fw06-etrix-elektroroller-steuergeraet-768x460.jpg 768w, https:\/\/www.etrix.ch\/media\/2023\/02\/felo-fw06-etrix-elektroroller-steuergeraet-1536x920.jpg 1536w, https:\/\/www.etrix.ch\/media\/2023\/02\/felo-fw06-etrix-elektroroller-steuergeraet-1320x791.jpg 1320w, https:\/\/www.etrix.ch\/media\/2023\/02\/felo-fw06-etrix-elektroroller-steuergeraet.jpg 2000w\" sizes=\"(max-width: 1024px) 100vw, 1024px\"><\/figure>\n<\/div>\n\n\n\n<div class=\"wp-block-column is-layout-flow wp-block-column-is-layout-flow\">\n<p class=\"is-style-text-ber-titel\" style=\"text-transform:uppercase\">* UNIT\u00c0 DI CONTROLLO DEL VEICOLO  <\/p>\n\n\n\n<h2 class=\"wp-block-heading\" id=\"my-silence-app\">VCU \u2013 un\u2019unit\u00e0 di controllo intelligente  <\/h2>\n\n\n\n<p>Una centralina intelligente garantisce una maggiore sicurezza di guida.<\/p>\n\n\n\n<p>La VCU per la FW06 controlla con precisione tutti i livelli di elettronica.<\/p>\n\n\n\n<p>Comunicazione Canbus isolata in tutto il veicolo, porta OBD, controllo vettoriale FOC, cruise control, OTA UPTADE e molte altre funzioni.<\/p>\n\n\n\n<p>Coordina la potenza del motore, rendendo l\u2019accelerazione pi\u00f9 veloce e pi\u00f9 forte.<\/p>\n<\/div>\n<\/div>\n\n<div class=\"wp-block-columns alignfull is-style-spalten-bild-rechts is-layout-flex wp-container-core-columns-is-layout-9d6595d7 wp-block-columns-is-layout-flex\">\n<div class=\"wp-block-column is-style-bild-mask-3 is-layout-flow wp-block-column-is-layout-flow\">\n<figure class=\"wp-block-image size-large\"><img decoding=\"async\" width=\"1024\" height=\"683\" src=\"https:\/\/www.etrix.ch\/media\/2021\/12\/marcha-atras-1024x683.jpg\" alt=\"\" class=\"wp-image-2362\" srcset=\"https:\/\/www.etrix.ch\/media\/2021\/12\/marcha-atras-1024x683.jpg 1024w, https:\/\/www.etrix.ch\/media\/2021\/12\/marcha-atras-900x600.jpg 900w, https:\/\/www.etrix.ch\/media\/2021\/12\/marcha-atras-300x200.jpg 300w, https:\/\/www.etrix.ch\/media\/2021\/12\/marcha-atras-768x512.jpg 768w, https:\/\/www.etrix.ch\/media\/2021\/12\/marcha-atras-1536x1024.jpg 1536w, https:\/\/www.etrix.ch\/media\/2021\/12\/marcha-atras.jpg 1920w\" sizes=\"(max-width: 1024px) 100vw, 1024px\"><\/figure>\n\n\n\n<figure class=\"wp-block-image size-large is-style-bild-center\"><img decoding=\"async\" width=\"1024\" height=\"724\" src=\"https:\/\/www.etrix.ch\/media\/2023\/02\/felo-fw06-etrix-elektroroller-keyless-app-1024x724.jpg\" alt=\"Felo Fw06 Etrix Scooter elettrico Keyless App\" class=\"wp-image-18950\" srcset=\"https:\/\/www.etrix.ch\/media\/2023\/02\/felo-fw06-etrix-elektroroller-keyless-app-1024x724.jpg 1024w, https:\/\/www.etrix.ch\/media\/2023\/02\/felo-fw06-etrix-elektroroller-keyless-app-900x636.jpg 900w, https:\/\/www.etrix.ch\/media\/2023\/02\/felo-fw06-etrix-elektroroller-keyless-app-300x212.jpg 300w, https:\/\/www.etrix.ch\/media\/2023\/02\/felo-fw06-etrix-elektroroller-keyless-app-768x543.jpg 768w, https:\/\/www.etrix.ch\/media\/2023\/02\/felo-fw06-etrix-elektroroller-keyless-app-1536x1086.jpg 1536w, https:\/\/www.etrix.ch\/media\/2023\/02\/felo-fw06-etrix-elektroroller-keyless-app-1320x933.jpg 1320w, https:\/\/www.etrix.ch\/media\/2023\/02\/felo-fw06-etrix-elektroroller-keyless-app.jpg 1754w\" sizes=\"(max-width: 1024px) 100vw, 1024px\"><\/figure>\n<\/div>\n\n\n\n<div class=\"wp-block-column is-layout-flow wp-block-column-is-layout-flow\">\n<p class=\"is-style-text-ber-titel\" style=\"text-transform:uppercase\">Soluzione intelligente<\/p>\n\n\n\n<h2 class=\"wp-block-heading\" id=\"my-silence-app\">Sistema senza chiave<\/h2>\n\n\n\n<p>L\u2019FW06 \u00e8 dotato di un sistema senza chiave, senza chiave. Un rapido clic e via.  <\/p>\n\n\n\n<h2 class=\"wp-block-heading\">Smart Felo App<\/h2>\n\n\n\n<p>Controlla le condizioni del veicolo in tempo reale dal tuo smartphone collegato al data center e mantieni in sicurezza il pieno controllo.  <\/p>\n<\/div>\n<\/div>\n\n<div class=\"wp-block-columns alignfull is-style-spalte-full-bild-2 is-layout-flex wp-container-core-columns-is-layout-9d6595d7 wp-block-columns-is-layout-flex\">\n<div class=\"wp-block-column is-style-full-bild-mask-2 has-accent-color has-text-color is-layout-flow wp-block-column-is-layout-flow\">\n<figure class=\"wp-block-image alignfull size-large\"><img decoding=\"async\" width=\"1024\" height=\"601\" src=\"https:\/\/www.etrix.ch\/media\/2023\/02\/felo-fw06-etrix-elektroroller-etrix-1024x601.jpg\" alt=\"Felo Fw06 Etrix Scooter elettrico Etrix\" class=\"wp-image-18953\" srcset=\"https:\/\/www.etrix.ch\/media\/2023\/02\/felo-fw06-etrix-elektroroller-etrix-1024x601.jpg 1024w, https:\/\/www.etrix.ch\/media\/2023\/02\/felo-fw06-etrix-elektroroller-etrix-900x528.jpg 900w, https:\/\/www.etrix.ch\/media\/2023\/02\/felo-fw06-etrix-elektroroller-etrix-300x176.jpg 300w, https:\/\/www.etrix.ch\/media\/2023\/02\/felo-fw06-etrix-elektroroller-etrix-768x451.jpg 768w, https:\/\/www.etrix.ch\/media\/2023\/02\/felo-fw06-etrix-elektroroller-etrix-1536x902.jpg 1536w, https:\/\/www.etrix.ch\/media\/2023\/02\/felo-fw06-etrix-elektroroller-etrix-1320x775.jpg 1320w, https:\/\/www.etrix.ch\/media\/2023\/02\/felo-fw06-etrix-elektroroller-etrix.jpg 2000w\" sizes=\"(max-width: 1024px) 100vw, 1024px\"><\/figure>\n\n\n\n<div class=\"wp-block-group is-style-top-image-text-weiss-mitte\"><div class=\"wp-block-group__inner-container is-layout-flow wp-block-group-is-layout-flow\">\n<h3 class=\"wp-block-heading\" id=\"vergleich-ecooter-e2-max-und-e5\"><span class=\"gb-headline-text\">Felo FW06<\/span> Dati chiave<\/h3>\n\n\n\n<figure class=\"wp-block-table is-style-stripes\"><table class=\"has-background\" style=\"background:linear-gradient(135deg,rgb(238,238,238) 0%,rgba(203,208,216,0.76) 100%)\"><tbody><tr><td><\/td><td class=\"has-text-align-center\" data-align=\"center\">FW06<\/td><\/tr><tr><td>Velocit\u00e0 massima.<\/td><td class=\"has-text-align-center\" data-align=\"center\"><span class=\"gb-headline-text\"><strong> 125 km\/ora<\/strong><\/span><\/td><\/tr><tr><td>Raggiungere<\/td><td class=\"has-text-align-center\" data-align=\"center\"><strong>120 km<\/strong><\/td><\/tr><tr><td>Patente di guida<\/td><td class=\"has-text-align-center\" data-align=\"center\"><strong>A1<\/strong><\/td><\/tr><tr><td>Et\u00e0<\/td><td class=\"has-text-align-center\" data-align=\"center\"><strong>16 anni<\/strong><\/td><\/tr><tr><td>Motore<\/td><td class=\"has-text-align-center\" data-align=\"center\"><strong>5 kW \/ <strong><strong>11 kw (picco)<\/strong><\/strong><\/strong><\/td><\/tr><tr><td>Peso<\/td><td class=\"has-text-align-center\" data-align=\"center\"> <span class=\"gb-headline-text\"><strong><strong><strong><strong>125 kg<\/strong><\/strong><\/strong><\/strong><\/span><\/td><\/tr><tr><td>Prezzo <br>IVA inclusa. <\/td><td class=\"has-text-align-center\" data-align=\"center\"><span class=\"gb-headline-text\"><strong><span class=\"gb-headline-text\"><strong>CHF 4\u2019940.-<\/strong><\/span><\/strong><\/span><\/td><\/tr><\/tbody><\/table><\/figure>\n\n\n\n<div class=\"wp-block-buttons is-layout-flex wp-block-buttons-is-layout-flex\">\n<div class=\"wp-block-button is-style-button-red\"><a class=\"wp-block-button__link wp-element-button\" href=\"https:\/\/www.etrix.ch\/it\/prodotto\/felo-fw06-configure\/\">Configurare Felo FW06<\/a><\/div>\n<\/div>\n\n\n\n<div style=\"height:48px\" aria-hidden=\"true\" class=\"wp-block-spacer\"><\/div>\n<\/div><\/div>\n<\/div>\n<\/div>\n<div id=\"tech-details\" class=\"wc-block-grid  technische-daten-inline  protechnic\"><table class=\"woocommerce-product-attributes shop_attributes\"><tr class=\"woocommerce-product-attributes-item woocommerce-product-attributes-item--weight\">\n\t\t\t\t<th class=\"woocommerce-product-attributes-item__label\">Peso<\/th>\n\t\t\t\t<td class=\"woocommerce-product-attributes-item__value\">125 kg<\/td>\n\t\t<\/tr><tr class=\"woocommerce-product-attributes-item woocommerce-product-attributes-item--dimensions\">\n\t\t\t\t<th class=\"woocommerce-product-attributes-item__label\">Dimensioni<\/th>\n\t\t\t\t<td class=\"woocommerce-product-attributes-item__value\">195.0 \u00d7 78.5 \u00d7 107.0 cm<\/td>\n\t\t<\/tr><tr class=\"woocommerce-product-attributes-item woocommerce-product-attributes-item--attribute_pa_marke\">\n\t\t\t\t<th class=\"woocommerce-product-attributes-item__label\">Marchio<\/th>\n\t\t\t\t<td class=\"woocommerce-product-attributes-item__value\"><p>Felo<\/p>\n<\/td>\n\t\t<\/tr><tr class=\"woocommerce-product-attributes-item woocommerce-product-attributes-item--attribute_pa_modell\">\n\t\t\t\t<th class=\"woocommerce-product-attributes-item__label\">Modello<\/th>\n\t\t\t\t<td class=\"woocommerce-product-attributes-item__value\"><p>FW06<\/p>\n<\/td>\n\t\t<\/tr><tr class=\"woocommerce-product-attributes-item woocommerce-product-attributes-item--attribute_pa_beschleunigung\">\n\t\t\t\t<th class=\"woocommerce-product-attributes-item__label\">Accelerazione 0 - 50 km\/h<\/th>\n\t\t\t\t<td class=\"woocommerce-product-attributes-item__value\"><p>1.7 sec.<\/p>\n<\/td>\n\t\t<\/tr><tr class=\"woocommerce-product-attributes-item woocommerce-product-attributes-item--attribute_pa_geschwindigkeit\">\n\t\t\t\t<th class=\"woocommerce-product-attributes-item__label\">Velocita<\/th>\n\t\t\t\t<td class=\"woocommerce-product-attributes-item__value\"><p>125 km\/h<\/p>\n<\/td>\n\t\t<\/tr><tr class=\"woocommerce-product-attributes-item woocommerce-product-attributes-item--attribute_pa_leistung\">\n\t\t\t\t<th class=\"woocommerce-product-attributes-item__label\">Prestazioni<\/th>\n\t\t\t\t<td class=\"woocommerce-product-attributes-item__value\"><p>5 kW \/ 10 kW (picco)<\/p>\n<\/td>\n\t\t<\/tr><tr class=\"woocommerce-product-attributes-item woocommerce-product-attributes-item--attribute_pa_motortyp\">\n\t\t\t\t<th class=\"woocommerce-product-attributes-item__label\">Tipo di motore<\/th>\n\t\t\t\t<td class=\"woocommerce-product-attributes-item__value\"><p>Motore centrale<\/p>\n<\/td>\n\t\t<\/tr><tr class=\"woocommerce-product-attributes-item woocommerce-product-attributes-item--attribute_pa_reichweite\">\n\t\t\t\t<th class=\"woocommerce-product-attributes-item__label\">Raggiungere<\/th>\n\t\t\t\t<td class=\"woocommerce-product-attributes-item__value\"><p>94 km (secondo WMTC)<\/p>\n<\/td>\n\t\t<\/tr><tr class=\"woocommerce-product-attributes-item woocommerce-product-attributes-item--attribute_pa_reichweite-kachel\">\n\t\t\t\t<th class=\"woocommerce-product-attributes-item__label\">Reichweite Kachel<\/th>\n\t\t\t\t<td class=\"woocommerce-product-attributes-item__value\"><p>94 km (secondo WMTC)<\/p>\n<\/td>\n\t\t<\/tr><tr class=\"woocommerce-product-attributes-item woocommerce-product-attributes-item--attribute_pa_lackierung\">\n\t\t\t\t<th class=\"woocommerce-product-attributes-item__label\">Verniciatura<\/th>\n\t\t\t\t<td class=\"woocommerce-product-attributes-item__value\"><p>Sci-Fi Verde<span class=\"trenners\">|<\/span> Graffiti Grigio Siderale<span class=\"trenners\">|<\/span> Nero<\/p>\n<\/td>\n\t\t<\/tr><tr class=\"woocommerce-product-attributes-item woocommerce-product-attributes-item--attribute_pa_fahrstufen\">\n\t\t\t\t<th class=\"woocommerce-product-attributes-item__label\">Livelli di velocita<\/th>\n\t\t\t\t<td class=\"woocommerce-product-attributes-item__value\"><p>2 livelli di velocit\u00e0<\/p>\n<\/td>\n\t\t<\/tr><tr class=\"woocommerce-product-attributes-item woocommerce-product-attributes-item--attribute_pa_smart-connectivity\">\n\t\t\t\t<th class=\"woocommerce-product-attributes-item__label\">Connettivit\u00e0 intelligente<\/th>\n\t\t\t\t<td class=\"woocommerce-product-attributes-item__value\"><p>Felo App<\/p>\n<\/td>\n\t\t<\/tr><tr class=\"woocommerce-product-attributes-item woocommerce-product-attributes-item--attribute_pa_tempomat\">\n\t\t\t\t<th class=\"woocommerce-product-attributes-item__label\">Tempomat<\/th>\n\t\t\t\t<td class=\"woocommerce-product-attributes-item__value\"><p>No<\/p>\n<\/td>\n\t\t<\/tr><tr class=\"woocommerce-product-attributes-item woocommerce-product-attributes-item--attribute_pa_rueckwaertsgang\">\n\t\t\t\t<th class=\"woocommerce-product-attributes-item__label\">Retromarcia<\/th>\n\t\t\t\t<td class=\"woocommerce-product-attributes-item__value\"><p>No<\/p>\n<\/td>\n\t\t<\/tr><tr class=\"woocommerce-product-attributes-item woocommerce-product-attributes-item--attribute_pa_beleuchtung\">\n\t\t\t\t<th class=\"woocommerce-product-attributes-item__label\">Beleuchtung<\/th>\n\t\t\t\t<td class=\"woocommerce-product-attributes-item__value\"><p>LED<\/p>\n<\/td>\n\t\t<\/tr><tr class=\"woocommerce-product-attributes-item woocommerce-product-attributes-item--attribute_pa_plaetze\">\n\t\t\t\t<th class=\"woocommerce-product-attributes-item__label\">Piatti<\/th>\n\t\t\t\t<td class=\"woocommerce-product-attributes-item__value\"><p>2<\/p>\n<\/td>\n\t\t<\/tr><tr class=\"woocommerce-product-attributes-item woocommerce-product-attributes-item--attribute_pa_fuehrerausweiskategorie\">\n\t\t\t\t<th class=\"woocommerce-product-attributes-item__label\">Categoria della patente di guida<\/th>\n\t\t\t\t<td class=\"woocommerce-product-attributes-item__value\"><p>A1<\/p>\n<\/td>\n\t\t<\/tr><tr class=\"woocommerce-product-attributes-item woocommerce-product-attributes-item--attribute_pa_mindestalter\">\n\t\t\t\t<th class=\"woocommerce-product-attributes-item__label\">Et\u00e0 minima<\/th>\n\t\t\t\t<td class=\"woocommerce-product-attributes-item__value\"><p>16<\/p>\n<\/td>\n\t\t<\/tr><tr class=\"woocommerce-product-attributes-item woocommerce-product-attributes-item--attribute_pa_batterie\">\n\t\t\t\t<th class=\"woocommerce-product-attributes-item__label\">Batterie<\/th>\n\t\t\t\t<td class=\"woocommerce-product-attributes-item__value\"><p>Ioni di litio<\/p>\n<\/td>\n\t\t<\/tr><tr class=\"woocommerce-product-attributes-item woocommerce-product-attributes-item--attribute_pa_akku\">\n\t\t\t\t<th class=\"woocommerce-product-attributes-item__label\">Akku<\/th>\n\t\t\t\t<td class=\"woocommerce-product-attributes-item__value\"><p>96 V - 58 Ah<\/p>\n<\/td>\n\t\t<\/tr><tr class=\"woocommerce-product-attributes-item woocommerce-product-attributes-item--attribute_pa_ladedauer-80\">\n\t\t\t\t<th class=\"woocommerce-product-attributes-item__label\">Tempo di ricarica (80%)<\/th>\n\t\t\t\t<td class=\"woocommerce-product-attributes-item__value\"><p>5 ore<\/p>\n<\/td>\n\t\t<\/tr><tr class=\"woocommerce-product-attributes-item woocommerce-product-attributes-item--attribute_pa_ladezyklen\">\n\t\t\t\t<th class=\"woocommerce-product-attributes-item__label\">Cicli di carica<\/th>\n\t\t\t\t<td class=\"woocommerce-product-attributes-item__value\"><p>1000<\/p>\n<\/td>\n\t\t<\/tr><tr class=\"woocommerce-product-attributes-item woocommerce-product-attributes-item--attribute_pa_wechselakkusystem\">\n\t\t\t\t<th class=\"woocommerce-product-attributes-item__label\">Controllo di crociera<\/th>\n\t\t\t\t<td class=\"woocommerce-product-attributes-item__value\"><p>No<\/p>\n<\/td>\n\t\t<\/tr><tr class=\"woocommerce-product-attributes-item woocommerce-product-attributes-item--attribute_pa_bremsen-v-h\">\n\t\t\t\t<th class=\"woocommerce-product-attributes-item__label\">Freni (anteriori\/posteriori)<\/th>\n\t\t\t\t<td class=\"woocommerce-product-attributes-item__value\"><p>Disco \/ Disco ABS<\/p>\n<\/td>\n\t\t<\/tr><tr class=\"woocommerce-product-attributes-item woocommerce-product-attributes-item--attribute_sicherheit\">\n\t\t\t\t<th class=\"woocommerce-product-attributes-item__label\">Sicherheit<\/th>\n\t\t\t\t<td class=\"woocommerce-product-attributes-item__value\"><p>TMC (Traction Control System)<\/p>\n<\/td>\n\t\t<\/tr><tr class=\"woocommerce-product-attributes-item woocommerce-product-attributes-item--attribute_pa_fahrwerk\">\n\t\t\t\t<th class=\"woocommerce-product-attributes-item__label\">Telaio<\/th>\n\t\t\t\t<td class=\"woocommerce-product-attributes-item__value\"><p>Ammortizzatori idraulici (regolabili)<\/p>\n<\/td>\n\t\t<\/tr><tr class=\"woocommerce-product-attributes-item woocommerce-product-attributes-item--attribute_pa_reifendimensionen\">\n\t\t\t\t<th class=\"woocommerce-product-attributes-item__label\">Dimensioni del pneumatico<\/th>\n\t\t\t\t<td class=\"woocommerce-product-attributes-item__value\"><p>110\/80-14 \/ 140\/70-14<\/p>\n<\/td>\n\t\t<\/tr><tr class=\"woocommerce-product-attributes-item woocommerce-product-attributes-item--attribute_pa_laenge\">\n\t\t\t\t<th class=\"woocommerce-product-attributes-item__label\">Lunghezza<\/th>\n\t\t\t\t<td class=\"woocommerce-product-attributes-item__value\"><p>1950 millimetri<\/p>\n<\/td>\n\t\t<\/tr><tr class=\"woocommerce-product-attributes-item woocommerce-product-attributes-item--attribute_pa_breite\">\n\t\t\t\t<th class=\"woocommerce-product-attributes-item__label\">Larghezza<\/th>\n\t\t\t\t<td class=\"woocommerce-product-attributes-item__value\"><p>785 millimetri<\/p>\n<\/td>\n\t\t<\/tr><tr class=\"woocommerce-product-attributes-item woocommerce-product-attributes-item--attribute_pa_hoehe\">\n\t\t\t\t<th class=\"woocommerce-product-attributes-item__label\">Altezza<\/th>\n\t\t\t\t<td class=\"woocommerce-product-attributes-item__value\"><p>1070 millimetri<\/p>\n<\/td>\n\t\t<\/tr><tr class=\"woocommerce-product-attributes-item woocommerce-product-attributes-item--attribute_pa_sitzhoehe\">\n\t\t\t\t<th class=\"woocommerce-product-attributes-item__label\">Altezza del sedile<\/th>\n\t\t\t\t<td class=\"woocommerce-product-attributes-item__value\"><p>800 millimetri<\/p>\n<\/td>\n\t\t<\/tr><tr class=\"woocommerce-product-attributes-item woocommerce-product-attributes-item--attribute_pa_leergewicht\">\n\t\t\t\t<th class=\"woocommerce-product-attributes-item__label\">Peso massimo (senza Akku e Fahrer)<\/th>\n\t\t\t\t<td class=\"woocommerce-product-attributes-item__value\"><p>125 kg<\/p>\n<\/td>\n\t\t<\/tr><tr class=\"woocommerce-product-attributes-item woocommerce-product-attributes-item--attribute_pa_batteriegewicht\">\n\t\t\t\t<th class=\"woocommerce-product-attributes-item__label\">Batterie<\/th>\n\t\t\t\t<td class=\"woocommerce-product-attributes-item__value\"><p>30 kg<\/p>\n<\/td>\n\t\t<\/tr><tr class=\"woocommerce-product-attributes-item woocommerce-product-attributes-item--attribute_pa_max-zuladung\">\n\t\t\t\t<th class=\"woocommerce-product-attributes-item__label\">Carico utile max.<\/th>\n\t\t\t\t<td class=\"woocommerce-product-attributes-item__value\"><p>181 kg<\/p>\n<\/td>\n\t\t<\/tr><tr class=\"woocommerce-product-attributes-item woocommerce-product-attributes-item--attribute_pa_lieferumfang\">\n\t\t\t\t<th class=\"woocommerce-product-attributes-item__label\">Ambito di consegna<\/th>\n\t\t\t\t<td class=\"woocommerce-product-attributes-item__value\"><p>Incl. Caricabatterie e batteria standard<\/p>\n<\/td>\n\t\t<\/tr><\/table><\/div>\n<p><\/p>\n","protected":false},"excerpt":{"rendered":"<p>Felo FW06 125 km\/h Velocit\u00e0 &#8230; <a title=\"Felo FW06\" class=\"read-more\" href=\"https:\/\/www.etrix.ch\/it\/monopattino-elettrico\/felo-fw06\/\" aria-label=\"Per saperne di pi\u00f9 su Felo FW06\">&gt;  Leggi di pi\u00f9<\/a><\/p>\n","protected":false},"author":1,"featured_media":22789,"parent":22469,"menu_order":124,"comment_status":"closed","ping_status":"closed","template":"","meta":{"_acf_changed":false,"footnotes":""},"class_list":["post-21983","page","type-page","status-publish","has-post-thumbnail"],"acf":[],"yoast_head":"<!-- This site is optimized with the Yoast SEO Premium plugin v26.9 (Yoast SEO v27.4) - https:\/\/yoast.com\/product\/yoast-seo-premium-wordpress\/ -->\n<title>Felo FW06 - Monopattino elettrico con ABS | Max. Velocit\u00e0 125 km\/h | 120 chilometri<\/title>\n<meta name=\"description\" content=\"Felo FW06 \u00e8 uno scooter elettrico di nove generazioni con ABS. La simbiosi tra scooter elettrico e moto, potente, leggero e intelligente.\" \/>\n<meta name=\"robots\" content=\"index, follow, max-snippet:-1, max-image-preview:large, max-video-preview:-1\" \/>\n<link rel=\"canonical\" href=\"https:\/\/www.etrix.ch\/it\/monopattino-elettrico\/felo-fw06\/\" \/>\n<meta property=\"og:locale\" content=\"it_IT\" \/>\n<meta property=\"og:type\" content=\"article\" \/>\n<meta property=\"og:title\" content=\"Felo FW06\" \/>\n<meta property=\"og:description\" content=\"Felo FW06 \u00e8 uno scooter elettrico di nove generazioni con ABS. La simbiosi tra scooter elettrico e moto, potente, leggero e intelligente.\" \/>\n<meta property=\"og:url\" content=\"https:\/\/www.etrix.ch\/it\/monopattino-elettrico\/felo-fw06\/\" \/>\n<meta property=\"og:site_name\" content=\"ETRIX Elektroroller\" \/>\n<meta property=\"article:publisher\" content=\"https:\/\/m.facebook.com\/etrix.emotos\/\" \/>\n<meta property=\"article:modified_time\" content=\"2026-03-12T16:37:30+00:00\" \/>\n<meta property=\"og:image\" content=\"https:\/\/www.etrix.ch\/media\/2023\/02\/felo-fw06-etrix-elektroroller.jpg\" \/>\n\t<meta property=\"og:image:width\" content=\"2000\" \/>\n\t<meta property=\"og:image:height\" content=\"1333\" \/>\n\t<meta property=\"og:image:type\" content=\"image\/jpeg\" \/>\n<meta name=\"twitter:card\" content=\"summary_large_image\" \/>\n<meta name=\"twitter:site\" content=\"@etrixag\" \/>\n<script type=\"application\/ld+json\" class=\"yoast-schema-graph\">{\"@context\":\"https:\\\/\\\/schema.org\",\"@graph\":[{\"@type\":\"WebPage\",\"@id\":\"https:\\\/\\\/www.etrix.ch\\\/it\\\/monopattino-elettrico\\\/felo-fw06\\\/\",\"url\":\"https:\\\/\\\/www.etrix.ch\\\/it\\\/monopattino-elettrico\\\/felo-fw06\\\/\",\"name\":\"Felo FW06 - Monopattino elettrico con ABS | Max. Velocit\u00e0 125 km\\\/h | 120 chilometri\",\"isPartOf\":{\"@id\":\"https:\\\/\\\/www.etrix.ch\\\/it\\\/#website\"},\"primaryImageOfPage\":{\"@id\":\"https:\\\/\\\/www.etrix.ch\\\/it\\\/monopattino-elettrico\\\/felo-fw06\\\/#primaryimage\"},\"image\":{\"@id\":\"https:\\\/\\\/www.etrix.ch\\\/it\\\/monopattino-elettrico\\\/felo-fw06\\\/#primaryimage\"},\"thumbnailUrl\":\"https:\\\/\\\/www.etrix.ch\\\/media\\\/2023\\\/02\\\/felo-fw06-etrix-elektroroller.jpg\",\"datePublished\":\"2023-02-16T13:12:06+00:00\",\"dateModified\":\"2026-03-12T16:37:30+00:00\",\"description\":\"Felo FW06 \u00e8 uno scooter elettrico di nove generazioni con ABS. La simbiosi tra scooter elettrico e moto, potente, leggero e intelligente.\",\"breadcrumb\":{\"@id\":\"https:\\\/\\\/www.etrix.ch\\\/it\\\/monopattino-elettrico\\\/felo-fw06\\\/#breadcrumb\"},\"inLanguage\":\"it-IT\",\"potentialAction\":[{\"@type\":\"ReadAction\",\"target\":[\"https:\\\/\\\/www.etrix.ch\\\/it\\\/monopattino-elettrico\\\/felo-fw06\\\/\"]}]},{\"@type\":\"ImageObject\",\"inLanguage\":\"it-IT\",\"@id\":\"https:\\\/\\\/www.etrix.ch\\\/it\\\/monopattino-elettrico\\\/felo-fw06\\\/#primaryimage\",\"url\":\"https:\\\/\\\/www.etrix.ch\\\/media\\\/2023\\\/02\\\/felo-fw06-etrix-elektroroller.jpg\",\"contentUrl\":\"https:\\\/\\\/www.etrix.ch\\\/media\\\/2023\\\/02\\\/felo-fw06-etrix-elektroroller.jpg\",\"width\":2000,\"height\":1333,\"caption\":\"Felo Fw06 Etrix Scooter elettrico\"},{\"@type\":\"BreadcrumbList\",\"@id\":\"https:\\\/\\\/www.etrix.ch\\\/it\\\/monopattino-elettrico\\\/felo-fw06\\\/#breadcrumb\",\"itemListElement\":[{\"@type\":\"ListItem\",\"position\":1,\"name\":\"Casa\",\"item\":\"https:\\\/\\\/www.etrix.ch\\\/it\\\/\"},{\"@type\":\"ListItem\",\"position\":2,\"name\":\"Scooter elettrico\",\"item\":\"https:\\\/\\\/www.etrix.ch\\\/it\\\/monopattino-elettrico\\\/\"},{\"@type\":\"ListItem\",\"position\":3,\"name\":\"Felo FW06\"}]},{\"@type\":\"WebSite\",\"@id\":\"https:\\\/\\\/www.etrix.ch\\\/it\\\/#website\",\"url\":\"https:\\\/\\\/www.etrix.ch\\\/it\\\/\",\"name\":\"ETRIX Elektroroller\",\"description\":\"E-Motos\",\"publisher\":{\"@id\":\"https:\\\/\\\/www.etrix.ch\\\/it\\\/#organization\"},\"potentialAction\":[{\"@type\":\"SearchAction\",\"target\":{\"@type\":\"EntryPoint\",\"urlTemplate\":\"https:\\\/\\\/www.etrix.ch\\\/it\\\/?s={search_term_string}\"},\"query-input\":{\"@type\":\"PropertyValueSpecification\",\"valueRequired\":true,\"valueName\":\"search_term_string\"}}],\"inLanguage\":\"it-IT\"},{\"@type\":[\"Organization\",\"Place\",\"MotorcycleDealer\"],\"@id\":\"https:\\\/\\\/www.etrix.ch\\\/it\\\/#organization\",\"name\":\"ETRIX E-Motos\",\"url\":\"https:\\\/\\\/www.etrix.ch\\\/it\\\/\",\"logo\":{\"@id\":\"https:\\\/\\\/www.etrix.ch\\\/it\\\/monopattino-elettrico\\\/felo-fw06\\\/#local-main-organization-logo\"},\"image\":{\"@id\":\"https:\\\/\\\/www.etrix.ch\\\/it\\\/monopattino-elettrico\\\/felo-fw06\\\/#local-main-organization-logo\"},\"sameAs\":[\"https:\\\/\\\/m.facebook.com\\\/etrix.emotos\\\/\",\"https:\\\/\\\/x.com\\\/etrixag\",\"https:\\\/\\\/www.instagram.com\\\/etrix_emotos\\\/p\\\/BtVW6bXHtNv\\\/\",\"https:\\\/\\\/www.linkedin.com\\\/company\\\/etrix-ag\",\"https:\\\/\\\/www.youtube.com\\\/channel\\\/UCSd-hJdu5u8xPUEY60jexOw\"],\"address\":{\"@id\":\"https:\\\/\\\/www.etrix.ch\\\/it\\\/monopattino-elettrico\\\/felo-fw06\\\/#local-main-place-address\"},\"geo\":{\"@type\":\"GeoCoordinates\",\"latitude\":\"47.43839497999372\",\"longitude\":\"8.465227605227366\"},\"telephone\":[\"043 931 00 45\"],\"openingHoursSpecification\":[{\"@type\":\"OpeningHoursSpecification\",\"dayOfWeek\":[\"Monday\",\"Sunday\"],\"opens\":\"00:00\",\"closes\":\"00:00\"},{\"@type\":\"OpeningHoursSpecification\",\"dayOfWeek\":[\"Tuesday\",\"Wednesday\",\"Thursday\",\"Friday\"],\"opens\":\"10:00\",\"closes\":\"18:00\"},{\"@type\":\"OpeningHoursSpecification\",\"dayOfWeek\":[\"Saturday\"],\"opens\":\"10:00\",\"closes\":\"15:00\"}]},{\"@type\":\"PostalAddress\",\"@id\":\"https:\\\/\\\/www.etrix.ch\\\/it\\\/monopattino-elettrico\\\/felo-fw06\\\/#local-main-place-address\",\"streetAddress\":\"Riedthofstrasse 122\",\"addressLocality\":\"Regensdorf\",\"postalCode\":\"8105\",\"addressRegion\":\"Z\u00fcrich\",\"addressCountry\":\"CH\"},{\"@type\":\"ImageObject\",\"inLanguage\":\"it-IT\",\"@id\":\"https:\\\/\\\/www.etrix.ch\\\/it\\\/monopattino-elettrico\\\/felo-fw06\\\/#local-main-organization-logo\",\"url\":\"https:\\\/\\\/www.etrix.ch\\\/media\\\/2021\\\/05\\\/ETRIX-logo.png\",\"contentUrl\":\"https:\\\/\\\/www.etrix.ch\\\/media\\\/2021\\\/05\\\/ETRIX-logo.png\",\"width\":470,\"height\":85,\"caption\":\"ETRIX E-Motos\"}]}<\/script>\n<meta name=\"geo.placename\" content=\"Regensdorf\" \/>\n<meta name=\"geo.position\" content=\"47.43839497999372;8.465227605227366\" \/>\n<meta name=\"geo.region\" content=\"Svizzera\" \/>\n<!-- \/ Yoast SEO Premium plugin. -->","yoast_head_json":{"title":"Felo FW06 - Monopattino elettrico con ABS | Max. Velocit\u00e0 125 km\/h | 120 chilometri","description":"Felo FW06 \u00e8 uno scooter elettrico di nove generazioni con ABS. La simbiosi tra scooter elettrico e moto, potente, leggero e intelligente.","robots":{"index":"index","follow":"follow","max-snippet":"max-snippet:-1","max-image-preview":"max-image-preview:large","max-video-preview":"max-video-preview:-1"},"canonical":"https:\/\/www.etrix.ch\/it\/monopattino-elettrico\/felo-fw06\/","og_locale":"it_IT","og_type":"article","og_title":"Felo FW06","og_description":"Felo FW06 \u00e8 uno scooter elettrico di nove generazioni con ABS. La simbiosi tra scooter elettrico e moto, potente, leggero e intelligente.","og_url":"https:\/\/www.etrix.ch\/it\/monopattino-elettrico\/felo-fw06\/","og_site_name":"ETRIX Elektroroller","article_publisher":"https:\/\/m.facebook.com\/etrix.emotos\/","article_modified_time":"2026-03-12T16:37:30+00:00","og_image":[{"width":2000,"height":1333,"url":"https:\/\/www.etrix.ch\/media\/2023\/02\/felo-fw06-etrix-elektroroller.jpg","type":"image\/jpeg"}],"twitter_card":"summary_large_image","twitter_site":"@etrixag","schema":{"@context":"https:\/\/schema.org","@graph":[{"@type":"WebPage","@id":"https:\/\/www.etrix.ch\/it\/monopattino-elettrico\/felo-fw06\/","url":"https:\/\/www.etrix.ch\/it\/monopattino-elettrico\/felo-fw06\/","name":"Felo FW06 - Monopattino elettrico con ABS | Max. Velocit\u00e0 125 km\/h | 120 chilometri","isPartOf":{"@id":"https:\/\/www.etrix.ch\/it\/#website"},"primaryImageOfPage":{"@id":"https:\/\/www.etrix.ch\/it\/monopattino-elettrico\/felo-fw06\/#primaryimage"},"image":{"@id":"https:\/\/www.etrix.ch\/it\/monopattino-elettrico\/felo-fw06\/#primaryimage"},"thumbnailUrl":"https:\/\/www.etrix.ch\/media\/2023\/02\/felo-fw06-etrix-elektroroller.jpg","datePublished":"2023-02-16T13:12:06+00:00","dateModified":"2026-03-12T16:37:30+00:00","description":"Felo FW06 \u00e8 uno scooter elettrico di nove generazioni con ABS. La simbiosi tra scooter elettrico e moto, potente, leggero e intelligente.","breadcrumb":{"@id":"https:\/\/www.etrix.ch\/it\/monopattino-elettrico\/felo-fw06\/#breadcrumb"},"inLanguage":"it-IT","potentialAction":[{"@type":"ReadAction","target":["https:\/\/www.etrix.ch\/it\/monopattino-elettrico\/felo-fw06\/"]}]},{"@type":"ImageObject","inLanguage":"it-IT","@id":"https:\/\/www.etrix.ch\/it\/monopattino-elettrico\/felo-fw06\/#primaryimage","url":"https:\/\/www.etrix.ch\/media\/2023\/02\/felo-fw06-etrix-elektroroller.jpg","contentUrl":"https:\/\/www.etrix.ch\/media\/2023\/02\/felo-fw06-etrix-elektroroller.jpg","width":2000,"height":1333,"caption":"Felo Fw06 Etrix Scooter elettrico"},{"@type":"BreadcrumbList","@id":"https:\/\/www.etrix.ch\/it\/monopattino-elettrico\/felo-fw06\/#breadcrumb","itemListElement":[{"@type":"ListItem","position":1,"name":"Casa","item":"https:\/\/www.etrix.ch\/it\/"},{"@type":"ListItem","position":2,"name":"Scooter elettrico","item":"https:\/\/www.etrix.ch\/it\/monopattino-elettrico\/"},{"@type":"ListItem","position":3,"name":"Felo FW06"}]},{"@type":"WebSite","@id":"https:\/\/www.etrix.ch\/it\/#website","url":"https:\/\/www.etrix.ch\/it\/","name":"ETRIX Elektroroller","description":"E-Motos","publisher":{"@id":"https:\/\/www.etrix.ch\/it\/#organization"},"potentialAction":[{"@type":"SearchAction","target":{"@type":"EntryPoint","urlTemplate":"https:\/\/www.etrix.ch\/it\/?s={search_term_string}"},"query-input":{"@type":"PropertyValueSpecification","valueRequired":true,"valueName":"search_term_string"}}],"inLanguage":"it-IT"},{"@type":["Organization","Place","MotorcycleDealer"],"@id":"https:\/\/www.etrix.ch\/it\/#organization","name":"ETRIX E-Motos","url":"https:\/\/www.etrix.ch\/it\/","logo":{"@id":"https:\/\/www.etrix.ch\/it\/monopattino-elettrico\/felo-fw06\/#local-main-organization-logo"},"image":{"@id":"https:\/\/www.etrix.ch\/it\/monopattino-elettrico\/felo-fw06\/#local-main-organization-logo"},"sameAs":["https:\/\/m.facebook.com\/etrix.emotos\/","https:\/\/x.com\/etrixag","https:\/\/www.instagram.com\/etrix_emotos\/p\/BtVW6bXHtNv\/","https:\/\/www.linkedin.com\/company\/etrix-ag","https:\/\/www.youtube.com\/channel\/UCSd-hJdu5u8xPUEY60jexOw"],"address":{"@id":"https:\/\/www.etrix.ch\/it\/monopattino-elettrico\/felo-fw06\/#local-main-place-address"},"geo":{"@type":"GeoCoordinates","latitude":"47.43839497999372","longitude":"8.465227605227366"},"telephone":["043 931 00 45"],"openingHoursSpecification":[{"@type":"OpeningHoursSpecification","dayOfWeek":["Monday","Sunday"],"opens":"00:00","closes":"00:00"},{"@type":"OpeningHoursSpecification","dayOfWeek":["Tuesday","Wednesday","Thursday","Friday"],"opens":"10:00","closes":"18:00"},{"@type":"OpeningHoursSpecification","dayOfWeek":["Saturday"],"opens":"10:00","closes":"15:00"}]},{"@type":"PostalAddress","@id":"https:\/\/www.etrix.ch\/it\/monopattino-elettrico\/felo-fw06\/#local-main-place-address","streetAddress":"Riedthofstrasse 122","addressLocality":"Regensdorf","postalCode":"8105","addressRegion":"Z\u00fcrich","addressCountry":"CH"},{"@type":"ImageObject","inLanguage":"it-IT","@id":"https:\/\/www.etrix.ch\/it\/monopattino-elettrico\/felo-fw06\/#local-main-organization-logo","url":"https:\/\/www.etrix.ch\/media\/2021\/05\/ETRIX-logo.png","contentUrl":"https:\/\/www.etrix.ch\/media\/2021\/05\/ETRIX-logo.png","width":470,"height":85,"caption":"ETRIX E-Motos"}]},"geo.placename":"Regensdorf","geo.position":{"lat":"47.43839497999372","long":"8.465227605227366"},"geo.region":"Svizzera"},"_links":{"self":[{"href":"https:\/\/www.etrix.ch\/it\/wp-json\/wp\/v2\/pages\/21983","targetHints":{"allow":["GET"]}}],"collection":[{"href":"https:\/\/www.etrix.ch\/it\/wp-json\/wp\/v2\/pages"}],"about":[{"href":"https:\/\/www.etrix.ch\/it\/wp-json\/wp\/v2\/types\/page"}],"author":[{"embeddable":true,"href":"https:\/\/www.etrix.ch\/it\/wp-json\/wp\/v2\/users\/1"}],"replies":[{"embeddable":true,"href":"https:\/\/www.etrix.ch\/it\/wp-json\/wp\/v2\/comments?post=21983"}],"version-history":[{"count":5,"href":"https:\/\/www.etrix.ch\/it\/wp-json\/wp\/v2\/pages\/21983\/revisions"}],"predecessor-version":[{"id":38801,"href":"https:\/\/www.etrix.ch\/it\/wp-json\/wp\/v2\/pages\/21983\/revisions\/38801"}],"up":[{"embeddable":true,"href":"https:\/\/www.etrix.ch\/it\/wp-json\/wp\/v2\/pages\/22469"}],"wp:featuredmedia":[{"embeddable":true,"href":"https:\/\/www.etrix.ch\/it\/wp-json\/wp\/v2\/media\/22789"}],"wp:attachment":[{"href":"https:\/\/www.etrix.ch\/it\/wp-json\/wp\/v2\/media?parent=21983"}],"curies":[{"name":"wp","href":"https:\/\/api.w.org\/{rel}","templated":true}]}}