{"id":34402,"date":"2025-04-08T10:09:13","date_gmt":"2025-04-08T08:09:13","guid":{"rendered":"https:\/\/www.etrix.ch\/?post_type=product&#038;p=34402"},"modified":"2026-04-28T10:04:09","modified_gmt":"2026-04-28T08:04:09","slug":"configurer-ecooter-e2-urban","status":"publish","type":"product","link":"https:\/\/www.etrix.ch\/fr\/produit\/configurer-ecooter-e2-urban\/","title":{"rendered":"Configurer l&rsquo;Ecooter E2 Urban"},"content":{"rendered":"\n<div class=\"wp-block-columns alignfull is-style-spalten-bild-links is-layout-flex wp-container-core-columns-is-layout-9d6595d7 wp-block-columns-is-layout-flex\">\n<div class=\"wp-block-column is-style-bild-mask-2 is-layout-flow wp-block-column-is-layout-flow\">\n<figure class=\"wp-block-image size-full is-style-bild-center\"><img decoding=\"async\" width=\"2000\" height=\"1500\" src=\"https:\/\/www.etrix.ch\/media\/2025\/04\/ecooter-e2-urban-licht-min.jpg\" alt=\"Ecooter E2 Urban Lumi\u00e8re Min\" class=\"wp-image-34023\" srcset=\"https:\/\/www.etrix.ch\/media\/2025\/04\/ecooter-e2-urban-licht-min.jpg 2000w, https:\/\/www.etrix.ch\/media\/2025\/04\/ecooter-e2-urban-licht-min-300x225.jpg 300w, https:\/\/www.etrix.ch\/media\/2025\/04\/ecooter-e2-urban-licht-min-1024x768.jpg 1024w, https:\/\/www.etrix.ch\/media\/2025\/04\/ecooter-e2-urban-licht-min-768x576.jpg 768w, https:\/\/www.etrix.ch\/media\/2025\/04\/ecooter-e2-urban-licht-min-1536x1152.jpg 1536w, https:\/\/www.etrix.ch\/media\/2025\/04\/ecooter-e2-urban-licht-min-1320x990.jpg 1320w, https:\/\/www.etrix.ch\/media\/2025\/04\/ecooter-e2-urban-licht-min-900x675.jpg 900w\" sizes=\"(max-width: 2000px) 100vw, 2000px\"><\/figure>\n<\/div>\n\n\n\n<div class=\"wp-block-column is-layout-flow wp-block-column-is-layout-flow\">\n<p class=\"is-style-text-ber-titel\" style=\"text-transform:uppercase\">S\u00c9CURIT\u00c9 ET VISIBILIT\u00c9<\/p>\n\n\n\n<h2 class=\"wp-block-heading\" id=\"my-silence-app\">Ecooter E2 Urban<br>Syst\u00e8me d\u2019\u00e9clairage efficace<\/h2>\n\n\n\n<p>S\u00e9curit\u00e9 accrue gr\u00e2ce au syst\u00e8me d\u2019\u00e9clairage LED \u00e9conomique et puissant avec un \u00e9clairage extra large de la route. S\u00e9curit\u00e9 \u00e9lev\u00e9e gr\u00e2ce \u00e0 l\u2019\u00e9clairage LED arri\u00e8re large et puissant. <\/p>\n<\/div>\n<\/div>\n\n<div class=\"wp-block-columns alignfull is-style-spalten-bild-links is-layout-flex wp-container-core-columns-is-layout-9d6595d7 wp-block-columns-is-layout-flex\">\n<div class=\"wp-block-column is-style-bild-mask-3 is-layout-flow wp-block-column-is-layout-flow\">\n<figure class=\"wp-block-image size-large is-style-bild-25\"><img decoding=\"async\" width=\"1024\" height=\"768\" src=\"https:\/\/www.etrix.ch\/media\/2025\/04\/ecooter-e2-urban-seitlich-min-1024x768.jpg\" alt=\"Ecooter E2 Urban Lat\u00e9ral Min\" class=\"wp-image-33975\" srcset=\"https:\/\/www.etrix.ch\/media\/2025\/04\/ecooter-e2-urban-seitlich-min-1024x768.jpg 1024w, https:\/\/www.etrix.ch\/media\/2025\/04\/ecooter-e2-urban-seitlich-min-300x225.jpg 300w, https:\/\/www.etrix.ch\/media\/2025\/04\/ecooter-e2-urban-seitlich-min-768x576.jpg 768w, https:\/\/www.etrix.ch\/media\/2025\/04\/ecooter-e2-urban-seitlich-min-1536x1152.jpg 1536w, https:\/\/www.etrix.ch\/media\/2025\/04\/ecooter-e2-urban-seitlich-min-1320x990.jpg 1320w, https:\/\/www.etrix.ch\/media\/2025\/04\/ecooter-e2-urban-seitlich-min-900x675.jpg 900w, https:\/\/www.etrix.ch\/media\/2025\/04\/ecooter-e2-urban-seitlich-min.jpg 2000w\" sizes=\"(max-width: 1024px) 100vw, 1024px\"><\/figure>\n<\/div>\n\n\n\n<div class=\"wp-block-column is-layout-flow wp-block-column-is-layout-flow\">\n<p class=\"is-style-text-ber-titel\">S\u00c9CURIT\u00c9<\/p>\n\n\n\n<h2 class=\"wp-block-heading\" id=\"hochfester-rahmen\">Cadre tr\u00e8s r\u00e9sistant<\/h2>\n\n\n\n<p>Le cadre en forme de U en acier alli\u00e9 \u00e0 haute teneur en carbone a une rigidit\u00e9 sup\u00e9rieure \u00e0 la moyenne et conf\u00e8re au scooter \u00e9lectrique E2 Urban une stabilit\u00e9 de conduite exceptionnelle.<\/p>\n\n\n\n<div class=\"wp-block-buttons is-layout-flex wp-block-buttons-is-layout-flex\">\n<div class=\"wp-block-button is-style-button-default\"><a class=\"wp-block-button__link wp-element-button\" href=\"https:\/\/www.etrix.ch\/fr\/produit\/configurer-ecooter-e2-urban\/\">Configurer l\u2019Ecooter E2 Urban<\/a><\/div>\n<\/div>\n<\/div>\n<\/div>\n\n<div class=\"wp-block-columns alignfull is-style-spalte-full-bild is-layout-flex wp-container-core-columns-is-layout-9d6595d7 wp-block-columns-is-layout-flex\">\n<div class=\"wp-block-column is-style-full-bild-mask has-global-color-9-color has-text-color is-layout-flow wp-block-column-is-layout-flow\">\n<figure class=\"wp-block-image alignfull size-large\"><img decoding=\"async\" width=\"1024\" height=\"768\" src=\"https:\/\/www.etrix.ch\/media\/2025\/04\/ecooter-e2-urban-Ablage-min-1024x768.jpg\" alt=\"Ecooter E2 Urban Rangement Min\" class=\"wp-image-33943\" srcset=\"https:\/\/www.etrix.ch\/media\/2025\/04\/ecooter-e2-urban-Ablage-min-1024x768.jpg 1024w, https:\/\/www.etrix.ch\/media\/2025\/04\/ecooter-e2-urban-Ablage-min-300x225.jpg 300w, https:\/\/www.etrix.ch\/media\/2025\/04\/ecooter-e2-urban-Ablage-min-768x576.jpg 768w, https:\/\/www.etrix.ch\/media\/2025\/04\/ecooter-e2-urban-Ablage-min-1536x1152.jpg 1536w, https:\/\/www.etrix.ch\/media\/2025\/04\/ecooter-e2-urban-Ablage-min-1320x990.jpg 1320w, https:\/\/www.etrix.ch\/media\/2025\/04\/ecooter-e2-urban-Ablage-min-900x675.jpg 900w, https:\/\/www.etrix.ch\/media\/2025\/04\/ecooter-e2-urban-Ablage-min.jpg 2000w\" sizes=\"(max-width: 1024px) 100vw, 1024px\"><\/figure>\n\n\n\n<div class=\"wp-block-group is-style-top-image-text-weiss\"><div class=\"wp-block-group__inner-container is-layout-flow wp-block-group-is-layout-flow\">\n<h2 class=\"wp-block-heading\" id=\"viel-platz\">Beaucoup d\u2019espace<\/h2>\n\n\n\n<p class=\"is-style-default\">L\u2019espace de rangement sous la selle est bien suffisant pour accueillir les courses quotidiennes, le casque ou une sacoche ou, en option, la deuxi\u00e8me batterie.<\/p>\n\n\n<div data-model-id=\"6142\" class=\"at-modal-btn at-btn-\">Probefahrt Online buchen<\/div><\/div><\/div>\n<\/div>\n<\/div>\n\n<div class=\"wp-block-columns alignfull is-style-spalten-bild-rechts is-layout-flex wp-container-core-columns-is-layout-9d6595d7 wp-block-columns-is-layout-flex\">\n<div class=\"wp-block-column is-style-bild-mask-3 is-layout-flow wp-block-column-is-layout-flow\">\n<figure class=\"wp-block-image size-large\"><img decoding=\"async\" width=\"1024\" height=\"588\" src=\"https:\/\/www.etrix.ch\/media\/2026\/04\/E2U_2Akkus-1024x588.jpg\" alt=\"E2u 2accumulateurs\" class=\"wp-image-38977\" srcset=\"https:\/\/www.etrix.ch\/media\/2026\/04\/E2U_2Akkus-1024x588.jpg 1024w, https:\/\/www.etrix.ch\/media\/2026\/04\/E2U_2Akkus-300x172.jpg 300w, https:\/\/www.etrix.ch\/media\/2026\/04\/E2U_2Akkus-768x441.jpg 768w, https:\/\/www.etrix.ch\/media\/2026\/04\/E2U_2Akkus-1536x882.jpg 1536w, https:\/\/www.etrix.ch\/media\/2026\/04\/E2U_2Akkus-1320x758.jpg 1320w, https:\/\/www.etrix.ch\/media\/2026\/04\/E2U_2Akkus-900x517.jpg 900w, https:\/\/www.etrix.ch\/media\/2026\/04\/E2U_2Akkus.jpg 2000w\" sizes=\"(max-width: 1024px) 100vw, 1024px\"><\/figure>\n<\/div>\n\n\n\n<div class=\"wp-block-column is-layout-flow wp-block-column-is-layout-flow\">\n<p class=\"is-style-text-ber-titel\">AUTONOMIE JUSQU\u2019\u00c0 130 KM  <\/p>\n\n\n\n<h2 class=\"wp-block-heading\" id=\"my-silence-app\">Syst\u00e8me de batterie au lithium<\/h2>\n\n\n\n<p>Avec la batterie au lithium de 2kWh et une conduite \u00e9conomique, il est possible d\u2019atteindre une autonomie de 130km, et jusqu\u2019\u00e0 260km avec la deuxi\u00e8me batterie.<\/p>\n\n\n\n<p>Ce syst\u00e8me de batterie portable peut \u00eatre recharg\u00e9 n\u2019importe o\u00f9 sur n\u2019importe quelle prise de courant classique avec le chargeur correspondant.<\/p>\n\n\n\n<div class=\"wp-block-columns is-layout-flex wp-container-core-columns-is-layout-9d6595d7 wp-block-columns-is-layout-flex\">\n<div class=\"wp-block-column is-layout-flow wp-block-column-is-layout-flow\"><\/div>\n\n\n\n<div class=\"wp-block-column is-layout-flow wp-block-column-is-layout-flow\"><\/div>\n\n\n\n<div class=\"wp-block-column is-layout-flow wp-block-column-is-layout-flow\"><\/div>\n<\/div>\n<\/div>\n<\/div>\n\n<div class=\"wp-block-columns alignfull is-style-spalten-bild-rechts is-layout-flex wp-container-core-columns-is-layout-9d6595d7 wp-block-columns-is-layout-flex\">\n<div class=\"wp-block-column is-style-bild-mask-2 is-layout-flow wp-block-column-is-layout-flow\">\n<figure class=\"wp-block-image size-large\"><img decoding=\"async\" width=\"1024\" height=\"768\" src=\"https:\/\/www.etrix.ch\/media\/2025\/04\/ecooter-e2-urban-karten-schluessel-2-min-1024x768.jpg\" alt=\"Ecooter E2 Urban Cartes Cl\u00e9s 2 Min\" class=\"wp-image-33959\" srcset=\"https:\/\/www.etrix.ch\/media\/2025\/04\/ecooter-e2-urban-karten-schluessel-2-min-1024x768.jpg 1024w, https:\/\/www.etrix.ch\/media\/2025\/04\/ecooter-e2-urban-karten-schluessel-2-min-300x225.jpg 300w, https:\/\/www.etrix.ch\/media\/2025\/04\/ecooter-e2-urban-karten-schluessel-2-min-768x576.jpg 768w, https:\/\/www.etrix.ch\/media\/2025\/04\/ecooter-e2-urban-karten-schluessel-2-min-1536x1152.jpg 1536w, https:\/\/www.etrix.ch\/media\/2025\/04\/ecooter-e2-urban-karten-schluessel-2-min-1320x990.jpg 1320w, https:\/\/www.etrix.ch\/media\/2025\/04\/ecooter-e2-urban-karten-schluessel-2-min-900x675.jpg 900w, https:\/\/www.etrix.ch\/media\/2025\/04\/ecooter-e2-urban-karten-schluessel-2-min.jpg 2000w\" sizes=\"(max-width: 1024px) 100vw, 1024px\"><\/figure>\n<\/div>\n\n\n\n<div class=\"wp-block-column is-layout-flow wp-block-column-is-layout-flow\">\n<p class=\"is-style-text-ber-titel\" style=\"text-transform:uppercase\">smart &amp; easy<\/p>\n\n\n\n<h2 class=\"wp-block-heading\" id=\"wireless-start\">Ecooter E2 Urban avec d\u00e9marrage sans fil<\/h2>\n\n\n\n<p>\u00c9quip\u00e9 d\u2019une cl\u00e9 intelligente, il permet de commander le scooter, d\u2019ouvrir le compartiment de la selle et de contr\u00f4ler le syst\u00e8me d\u2019alarme.<\/p>\n\n\n\n<p>L\u2019antipatinage vous maintient toujours stable sur la route et la marche arri\u00e8re vous sort proprement si vous vous \u00eates tromp\u00e9.<\/p>\n<\/div>\n<\/div>\n","protected":false},"excerpt":{"rendered":"<h3>Le nouveau scooter intelligent.<\/h3>\n<div class=\"page\" title=\"Page 2\">\n<div class=\"section\">\n<div class=\"layoutArea\">\n<div class=\"column\">\n<p>Le scooter \u00e9lectrique aux performances convaincantes et au syst\u00e8me de batteries interchangeables \u00e9volutif<\/p>\n<\/div>\n<\/div>\n<\/div>\n<\/div>\n","protected":false},"featured_media":33836,"template":"","meta":{"_acf_changed":false},"product_brand":[],"product_cat":[555,489,619],"product_tag":[1982],"class_list":{"0":"post-34402","1":"product","2":"type-product","3":"status-publish","4":"has-post-thumbnail","6":"product_cat-ecooter-fr","7":"product_cat-e-scooter","8":"product_cat-scooter-electrique-ecooter","9":"product_tag-marche-des-scooters-electriques","10":"product_shipping_class-expedition-de-scooters-1","11":"pa_geschwindigkeit-25-km-h-fr","12":"pa_geschwindigkeit-45-km-h-fr","13":"pa_marke-ecooter-fr","14":"sales-flash-overlay","15":"woocommerce-text-align-left","16":"woocommerce-image-align-center","17":"do-quantity-buttons","19":"first","20":"instock","21":"taxable","22":"shipping-taxable","23":"purchasable","24":"product-type-variable"},"acf":[],"yoast_head":"<!-- This site is optimized with the Yoast SEO Premium plugin v26.9 (Yoast SEO v27.4) - https:\/\/yoast.com\/product\/yoast-seo-premium-wordpress\/ -->\n<title>Configurer l&#039;Ecooter E2 Urban - ETRIX Elektroroller<\/title>\n<meta name=\"robots\" content=\"index, follow, max-snippet:-1, max-image-preview:large, max-video-preview:-1\" \/>\n<link rel=\"canonical\" href=\"https:\/\/www.etrix.ch\/fr\/produit\/configurer-ecooter-e2-urban\/\" \/>\n<meta property=\"og:locale\" content=\"fr_FR\" \/>\n<meta property=\"og:type\" content=\"article\" \/>\n<meta property=\"og:title\" content=\"Configurer l&#039;Ecooter E2 Urban\" \/>\n<meta property=\"og:description\" content=\"Le nouveau scooter intelligent.   Le scooter \u00e9lectrique aux performances convaincantes et au syst\u00e8me de batteries interchangeables \u00e9volutif\" \/>\n<meta property=\"og:url\" content=\"https:\/\/www.etrix.ch\/fr\/produit\/configurer-ecooter-e2-urban\/\" \/>\n<meta property=\"og:site_name\" content=\"ETRIX Elektroroller\" \/>\n<meta property=\"article:publisher\" content=\"https:\/\/m.facebook.com\/etrix.emotos\/\" \/>\n<meta property=\"article:modified_time\" content=\"2026-04-28T08:04:09+00:00\" \/>\n<meta property=\"og:image\" content=\"https:\/\/www.etrix.ch\/media\/2021\/03\/elektroroller-ecooter-e2-urban-black.jpg\" \/>\n\t<meta property=\"og:image:width\" content=\"1500\" \/>\n\t<meta property=\"og:image:height\" content=\"1200\" \/>\n\t<meta property=\"og:image:type\" content=\"image\/jpeg\" \/>\n<meta name=\"twitter:card\" content=\"summary_large_image\" \/>\n<meta name=\"twitter:site\" content=\"@etrixag\" \/>\n<meta name=\"twitter:label1\" content=\"Disponibilit\u00e9\" \/>\n\t<meta name=\"twitter:data1\" content=\"En stock\" \/>\n<script type=\"application\/ld+json\" class=\"yoast-schema-graph\">{\"@context\":\"https:\\\/\\\/schema.org\",\"@graph\":[{\"@type\":\"WebPage\",\"@id\":\"https:\\\/\\\/www.etrix.ch\\\/fr\\\/produit\\\/configurer-ecooter-e2-urban\\\/\",\"url\":\"https:\\\/\\\/www.etrix.ch\\\/fr\\\/produit\\\/configurer-ecooter-e2-urban\\\/\",\"name\":\"Configurer l'Ecooter E2 Urban - ETRIX Elektroroller\",\"isPartOf\":{\"@id\":\"https:\\\/\\\/www.etrix.ch\\\/fr\\\/#website\"},\"primaryImageOfPage\":{\"@id\":\"https:\\\/\\\/www.etrix.ch\\\/fr\\\/produit\\\/configurer-ecooter-e2-urban\\\/#primaryimage\"},\"image\":{\"@id\":\"https:\\\/\\\/www.etrix.ch\\\/fr\\\/produit\\\/configurer-ecooter-e2-urban\\\/#primaryimage\"},\"thumbnailUrl\":\"https:\\\/\\\/www.etrix.ch\\\/media\\\/2021\\\/03\\\/elektroroller-ecooter-e2-urban-black.jpg\",\"datePublished\":\"2025-04-08T08:09:13+00:00\",\"dateModified\":\"2026-04-28T08:04:09+00:00\",\"breadcrumb\":{\"@id\":\"https:\\\/\\\/www.etrix.ch\\\/fr\\\/produit\\\/configurer-ecooter-e2-urban\\\/#breadcrumb\"},\"inLanguage\":\"fr-FR\",\"potentialAction\":[{\"@type\":\"ReadAction\",\"target\":[\"https:\\\/\\\/www.etrix.ch\\\/fr\\\/produit\\\/configurer-ecooter-e2-urban\\\/\"]}]},{\"@type\":\"ImageObject\",\"inLanguage\":\"fr-FR\",\"@id\":\"https:\\\/\\\/www.etrix.ch\\\/fr\\\/produit\\\/configurer-ecooter-e2-urban\\\/#primaryimage\",\"url\":\"https:\\\/\\\/www.etrix.ch\\\/media\\\/2021\\\/03\\\/elektroroller-ecooter-e2-urban-black.jpg\",\"contentUrl\":\"https:\\\/\\\/www.etrix.ch\\\/media\\\/2021\\\/03\\\/elektroroller-ecooter-e2-urban-black.jpg\",\"width\":1500,\"height\":1200,\"caption\":\"Scooter \u00e9lectrique Ecooter E2 Urban Black\"},{\"@type\":\"BreadcrumbList\",\"@id\":\"https:\\\/\\\/www.etrix.ch\\\/fr\\\/produit\\\/configurer-ecooter-e2-urban\\\/#breadcrumb\",\"itemListElement\":[{\"@type\":\"ListItem\",\"position\":1,\"name\":\"Accueil\",\"item\":\"https:\\\/\\\/www.etrix.ch\\\/fr\\\/\"},{\"@type\":\"ListItem\",\"position\":2,\"name\":\"Boutique\",\"item\":\"https:\\\/\\\/www.etrix.ch\\\/fr\\\/boutique\\\/\"},{\"@type\":\"ListItem\",\"position\":3,\"name\":\"Configurer l'Ecooter E2 Urban\"}]},{\"@type\":\"WebSite\",\"@id\":\"https:\\\/\\\/www.etrix.ch\\\/fr\\\/#website\",\"url\":\"https:\\\/\\\/www.etrix.ch\\\/fr\\\/\",\"name\":\"ETRIX Elektroroller\",\"description\":\"E-Motos\",\"publisher\":{\"@id\":\"https:\\\/\\\/www.etrix.ch\\\/fr\\\/#organization\"},\"potentialAction\":[{\"@type\":\"SearchAction\",\"target\":{\"@type\":\"EntryPoint\",\"urlTemplate\":\"https:\\\/\\\/www.etrix.ch\\\/fr\\\/?s={search_term_string}\"},\"query-input\":{\"@type\":\"PropertyValueSpecification\",\"valueRequired\":true,\"valueName\":\"search_term_string\"}}],\"inLanguage\":\"fr-FR\"},{\"@type\":[\"Organization\",\"Place\",\"MotorcycleDealer\"],\"@id\":\"https:\\\/\\\/www.etrix.ch\\\/fr\\\/#organization\",\"name\":\"ETRIX E-Motos\",\"url\":\"https:\\\/\\\/www.etrix.ch\\\/fr\\\/\",\"logo\":{\"@id\":\"https:\\\/\\\/www.etrix.ch\\\/fr\\\/produit\\\/configurer-ecooter-e2-urban\\\/#local-main-organization-logo\"},\"image\":{\"@id\":\"https:\\\/\\\/www.etrix.ch\\\/fr\\\/produit\\\/configurer-ecooter-e2-urban\\\/#local-main-organization-logo\"},\"sameAs\":[\"https:\\\/\\\/m.facebook.com\\\/etrix.emotos\\\/\",\"https:\\\/\\\/x.com\\\/etrixag\",\"https:\\\/\\\/www.instagram.com\\\/etrix_emotos\\\/p\\\/BtVW6bXHtNv\\\/\",\"https:\\\/\\\/www.linkedin.com\\\/company\\\/etrix-ag\",\"https:\\\/\\\/www.youtube.com\\\/channel\\\/UCSd-hJdu5u8xPUEY60jexOw\"],\"address\":{\"@id\":\"https:\\\/\\\/www.etrix.ch\\\/fr\\\/produit\\\/configurer-ecooter-e2-urban\\\/#local-main-place-address\"},\"geo\":{\"@type\":\"GeoCoordinates\",\"latitude\":\"47.43839497999372\",\"longitude\":\"8.465227605227366\"},\"telephone\":[\"043 931 00 45\"],\"openingHoursSpecification\":[{\"@type\":\"OpeningHoursSpecification\",\"dayOfWeek\":[\"Monday\",\"Sunday\"],\"opens\":\"00:00\",\"closes\":\"00:00\"},{\"@type\":\"OpeningHoursSpecification\",\"dayOfWeek\":[\"Tuesday\",\"Wednesday\",\"Thursday\",\"Friday\"],\"opens\":\"10:00\",\"closes\":\"18:00\"},{\"@type\":\"OpeningHoursSpecification\",\"dayOfWeek\":[\"Saturday\"],\"opens\":\"10:00\",\"closes\":\"15:00\"}]},{\"@type\":\"PostalAddress\",\"@id\":\"https:\\\/\\\/www.etrix.ch\\\/fr\\\/produit\\\/configurer-ecooter-e2-urban\\\/#local-main-place-address\",\"streetAddress\":\"Riedthofstrasse 122\",\"addressLocality\":\"Regensdorf\",\"postalCode\":\"8105\",\"addressRegion\":\"Z\u00fcrich\",\"addressCountry\":\"CH\"},{\"@type\":\"ImageObject\",\"inLanguage\":\"fr-FR\",\"@id\":\"https:\\\/\\\/www.etrix.ch\\\/fr\\\/produit\\\/configurer-ecooter-e2-urban\\\/#local-main-organization-logo\",\"url\":\"https:\\\/\\\/www.etrix.ch\\\/media\\\/2021\\\/05\\\/ETRIX-logo.png\",\"contentUrl\":\"https:\\\/\\\/www.etrix.ch\\\/media\\\/2021\\\/05\\\/ETRIX-logo.png\",\"width\":470,\"height\":85,\"caption\":\"ETRIX E-Motos\"}]}<\/script>\n<meta property=\"product:brand\" content=\"Ecooter\" \/>\n<meta property=\"og:availability\" content=\"instock\" \/>\n<meta property=\"product:availability\" content=\"instock\" \/>\n<meta property=\"product:condition\" content=\"new\" \/>\n<meta name=\"geo.placename\" content=\"Regensdorf\" \/>\n<meta name=\"geo.position\" content=\"47.43839497999372;8.465227605227366\" \/>\n<meta name=\"geo.region\" content=\"Suisse\" \/>\n<!-- \/ Yoast SEO Premium plugin. -->","yoast_head_json":{"title":"Configurer l'Ecooter E2 Urban - ETRIX Elektroroller","robots":{"index":"index","follow":"follow","max-snippet":"max-snippet:-1","max-image-preview":"max-image-preview:large","max-video-preview":"max-video-preview:-1"},"canonical":"https:\/\/www.etrix.ch\/fr\/produit\/configurer-ecooter-e2-urban\/","og_locale":"fr_FR","og_type":"article","og_title":"Configurer l'Ecooter E2 Urban","og_description":"Le nouveau scooter intelligent.   Le scooter \u00e9lectrique aux performances convaincantes et au syst\u00e8me de batteries interchangeables \u00e9volutif","og_url":"https:\/\/www.etrix.ch\/fr\/produit\/configurer-ecooter-e2-urban\/","og_site_name":"ETRIX Elektroroller","article_publisher":"https:\/\/m.facebook.com\/etrix.emotos\/","article_modified_time":"2026-04-28T08:04:09+00:00","og_image":[{"width":1500,"height":1200,"url":"https:\/\/www.etrix.ch\/media\/2021\/03\/elektroroller-ecooter-e2-urban-black.jpg","type":"image\/jpeg"}],"twitter_card":"summary_large_image","twitter_site":"@etrixag","twitter_misc":{"Disponibilit\u00e9":"En stock"},"schema":{"@context":"https:\/\/schema.org","@graph":[{"@type":"WebPage","@id":"https:\/\/www.etrix.ch\/fr\/produit\/configurer-ecooter-e2-urban\/","url":"https:\/\/www.etrix.ch\/fr\/produit\/configurer-ecooter-e2-urban\/","name":"Configurer l'Ecooter E2 Urban - ETRIX Elektroroller","isPartOf":{"@id":"https:\/\/www.etrix.ch\/fr\/#website"},"primaryImageOfPage":{"@id":"https:\/\/www.etrix.ch\/fr\/produit\/configurer-ecooter-e2-urban\/#primaryimage"},"image":{"@id":"https:\/\/www.etrix.ch\/fr\/produit\/configurer-ecooter-e2-urban\/#primaryimage"},"thumbnailUrl":"https:\/\/www.etrix.ch\/media\/2021\/03\/elektroroller-ecooter-e2-urban-black.jpg","datePublished":"2025-04-08T08:09:13+00:00","dateModified":"2026-04-28T08:04:09+00:00","breadcrumb":{"@id":"https:\/\/www.etrix.ch\/fr\/produit\/configurer-ecooter-e2-urban\/#breadcrumb"},"inLanguage":"fr-FR","potentialAction":[{"@type":"ReadAction","target":["https:\/\/www.etrix.ch\/fr\/produit\/configurer-ecooter-e2-urban\/"]}]},{"@type":"ImageObject","inLanguage":"fr-FR","@id":"https:\/\/www.etrix.ch\/fr\/produit\/configurer-ecooter-e2-urban\/#primaryimage","url":"https:\/\/www.etrix.ch\/media\/2021\/03\/elektroroller-ecooter-e2-urban-black.jpg","contentUrl":"https:\/\/www.etrix.ch\/media\/2021\/03\/elektroroller-ecooter-e2-urban-black.jpg","width":1500,"height":1200,"caption":"Scooter \u00e9lectrique Ecooter E2 Urban Black"},{"@type":"BreadcrumbList","@id":"https:\/\/www.etrix.ch\/fr\/produit\/configurer-ecooter-e2-urban\/#breadcrumb","itemListElement":[{"@type":"ListItem","position":1,"name":"Accueil","item":"https:\/\/www.etrix.ch\/fr\/"},{"@type":"ListItem","position":2,"name":"Boutique","item":"https:\/\/www.etrix.ch\/fr\/boutique\/"},{"@type":"ListItem","position":3,"name":"Configurer l'Ecooter E2 Urban"}]},{"@type":"WebSite","@id":"https:\/\/www.etrix.ch\/fr\/#website","url":"https:\/\/www.etrix.ch\/fr\/","name":"ETRIX Elektroroller","description":"E-Motos","publisher":{"@id":"https:\/\/www.etrix.ch\/fr\/#organization"},"potentialAction":[{"@type":"SearchAction","target":{"@type":"EntryPoint","urlTemplate":"https:\/\/www.etrix.ch\/fr\/?s={search_term_string}"},"query-input":{"@type":"PropertyValueSpecification","valueRequired":true,"valueName":"search_term_string"}}],"inLanguage":"fr-FR"},{"@type":["Organization","Place","MotorcycleDealer"],"@id":"https:\/\/www.etrix.ch\/fr\/#organization","name":"ETRIX E-Motos","url":"https:\/\/www.etrix.ch\/fr\/","logo":{"@id":"https:\/\/www.etrix.ch\/fr\/produit\/configurer-ecooter-e2-urban\/#local-main-organization-logo"},"image":{"@id":"https:\/\/www.etrix.ch\/fr\/produit\/configurer-ecooter-e2-urban\/#local-main-organization-logo"},"sameAs":["https:\/\/m.facebook.com\/etrix.emotos\/","https:\/\/x.com\/etrixag","https:\/\/www.instagram.com\/etrix_emotos\/p\/BtVW6bXHtNv\/","https:\/\/www.linkedin.com\/company\/etrix-ag","https:\/\/www.youtube.com\/channel\/UCSd-hJdu5u8xPUEY60jexOw"],"address":{"@id":"https:\/\/www.etrix.ch\/fr\/produit\/configurer-ecooter-e2-urban\/#local-main-place-address"},"geo":{"@type":"GeoCoordinates","latitude":"47.43839497999372","longitude":"8.465227605227366"},"telephone":["043 931 00 45"],"openingHoursSpecification":[{"@type":"OpeningHoursSpecification","dayOfWeek":["Monday","Sunday"],"opens":"00:00","closes":"00:00"},{"@type":"OpeningHoursSpecification","dayOfWeek":["Tuesday","Wednesday","Thursday","Friday"],"opens":"10:00","closes":"18:00"},{"@type":"OpeningHoursSpecification","dayOfWeek":["Saturday"],"opens":"10:00","closes":"15:00"}]},{"@type":"PostalAddress","@id":"https:\/\/www.etrix.ch\/fr\/produit\/configurer-ecooter-e2-urban\/#local-main-place-address","streetAddress":"Riedthofstrasse 122","addressLocality":"Regensdorf","postalCode":"8105","addressRegion":"Z\u00fcrich","addressCountry":"CH"},{"@type":"ImageObject","inLanguage":"fr-FR","@id":"https:\/\/www.etrix.ch\/fr\/produit\/configurer-ecooter-e2-urban\/#local-main-organization-logo","url":"https:\/\/www.etrix.ch\/media\/2021\/05\/ETRIX-logo.png","contentUrl":"https:\/\/www.etrix.ch\/media\/2021\/05\/ETRIX-logo.png","width":470,"height":85,"caption":"ETRIX E-Motos"}]},"product_brand":"Ecooter","og_availability":"instock","product_availability":"instock","product_condition":"new","geo.placename":"Regensdorf","geo.position":{"lat":"47.43839497999372","long":"8.465227605227366"},"geo.region":"Suisse"},"_links":{"self":[{"href":"https:\/\/www.etrix.ch\/fr\/wp-json\/wp\/v2\/product\/34402","targetHints":{"allow":["GET"]}}],"collection":[{"href":"https:\/\/www.etrix.ch\/fr\/wp-json\/wp\/v2\/product"}],"about":[{"href":"https:\/\/www.etrix.ch\/fr\/wp-json\/wp\/v2\/types\/product"}],"wp:featuredmedia":[{"embeddable":true,"href":"https:\/\/www.etrix.ch\/fr\/wp-json\/wp\/v2\/media\/33836"}],"wp:attachment":[{"href":"https:\/\/www.etrix.ch\/fr\/wp-json\/wp\/v2\/media?parent=34402"}],"wp:term":[{"taxonomy":"product_brand","embeddable":true,"href":"https:\/\/www.etrix.ch\/fr\/wp-json\/wp\/v2\/product_brand?post=34402"},{"taxonomy":"product_cat","embeddable":true,"href":"https:\/\/www.etrix.ch\/fr\/wp-json\/wp\/v2\/product_cat?post=34402"},{"taxonomy":"product_tag","embeddable":true,"href":"https:\/\/www.etrix.ch\/fr\/wp-json\/wp\/v2\/product_tag?post=34402"}],"curies":[{"name":"wp","href":"https:\/\/api.w.org\/{rel}","templated":true}]}}