{"id":28327,"date":"2024-05-27T00:46:59","date_gmt":"2024-05-26T22:46:59","guid":{"rendered":"https:\/\/www.etrix.ch\/produkt\/accessoires-pour-le-stand-de-taille-moyenne-zero\/"},"modified":"2024-11-21T10:14:27","modified_gmt":"2024-11-21T09:14:27","slug":"accessoires-pour-le-stand-de-taille-moyenne-zero","status":"publish","type":"product","link":"https:\/\/www.etrix.ch\/fr\/produit\/accessoires-pour-le-stand-de-taille-moyenne-zero\/","title":{"rendered":"Accessoires pour le stand de taille moyenne - Zero"},"content":{"rendered":"<p>Fabriqu\u00e9e en acier thermolaqu\u00e9 noir, cette b\u00e9quille centrale est robuste et offre une stabilit\u00e9 suppl\u00e9mentaire lors du stationnement d\u2019un Zero charg\u00e9. Il offre \u00e9galement une hauteur suppl\u00e9mentaire pour faciliter l\u2019entretien et am\u00e9liore la protection des pneus lorsque le v\u00e9hicule est stationn\u00e9 pendant de longues p\u00e9riodes.<\/p>\n","protected":false},"excerpt":{"rendered":"<p>Fabriqu\u00e9e en acier thermolaqu\u00e9 noir, &#8230; <a title=\"Accessoires pour le stand de taille moyenne - Zero\" class=\"read-more\" href=\"https:\/\/www.etrix.ch\/fr\/produit\/accessoires-pour-le-stand-de-taille-moyenne-zero\/\" aria-label=\"En savoir plus sur Accessoires pour le stand de taille moyenne - Zero\">&gt;  En savoir plus<\/a><\/p>\n","protected":false},"featured_media":27469,"template":"","meta":{"_acf_changed":false},"product_brand":[],"product_cat":[582,2162,2258,2161],"product_tag":[],"class_list":{"0":"post-28327","1":"product","2":"type-product","3":"status-publish","4":"has-post-thumbnail","6":"product_cat-accessoires","7":"product_cat-accessoires-pour-motos-electriques","8":"product_cat-confort","9":"product_cat-moto-electrique","10":"product_shipping_class-expedition-zero","11":"pa_marke-zero-fr","12":"sales-flash-overlay","13":"woocommerce-text-align-left","14":"woocommerce-image-align-center","15":"do-quantity-buttons","17":"first","18":"instock","19":"taxable","20":"shipping-taxable","21":"purchasable","22":"product-type-simple"},"acf":[],"yoast_head":"<!-- This site is optimized with the Yoast SEO Premium plugin v26.9 (Yoast SEO v27.4) - https:\/\/yoast.com\/product\/yoast-seo-premium-wordpress\/ -->\n<title>Accessoires pour le stand de taille moyenne - Zero - ETRIX Elektroroller<\/title>\n<meta name=\"robots\" content=\"index, follow, max-snippet:-1, max-image-preview:large, max-video-preview:-1\" \/>\n<link rel=\"canonical\" href=\"https:\/\/www.etrix.ch\/fr\/produit\/accessoires-pour-le-stand-de-taille-moyenne-zero\/\" \/>\n<meta property=\"og:locale\" content=\"fr_FR\" \/>\n<meta property=\"og:type\" content=\"article\" \/>\n<meta property=\"og:title\" content=\"Accessoires pour le stand de taille moyenne - Zero\" \/>\n<meta property=\"og:description\" content=\"Fabriqu\u00e9e en acier thermolaqu\u00e9 noir, ... &gt; En savoir plus\" \/>\n<meta property=\"og:url\" content=\"https:\/\/www.etrix.ch\/fr\/produit\/accessoires-pour-le-stand-de-taille-moyenne-zero\/\" \/>\n<meta property=\"og:site_name\" content=\"ETRIX Elektroroller\" \/>\n<meta property=\"article:publisher\" content=\"https:\/\/m.facebook.com\/etrix.emotos\/\" \/>\n<meta property=\"article:modified_time\" content=\"2024-11-21T09:14:27+00:00\" \/>\n<meta property=\"og:image\" content=\"https:\/\/www.etrix.ch\/media\/2024\/05\/10-08279_SRS_SRF_SR_2022__Centerstand_0588_CM_1024x1024.png\" \/>\n\t<meta property=\"og:image:width\" content=\"1024\" \/>\n\t<meta property=\"og:image:height\" content=\"819\" \/>\n\t<meta property=\"og:image:type\" content=\"image\/png\" \/>\n<meta name=\"twitter:card\" content=\"summary_large_image\" \/>\n<meta name=\"twitter:site\" content=\"@etrixag\" \/>\n<meta name=\"twitter:label1\" content=\"Prix\" \/>\n\t<meta name=\"twitter:data1\" content=\"&#067;&#072;&#070;&nbsp;215.00 inkl. MwSt.\" \/>\n\t<meta name=\"twitter:label2\" content=\"Disponibilit\u00e9\" \/>\n\t<meta name=\"twitter:data2\" content=\"En stock\" \/>\n<script type=\"application\/ld+json\" class=\"yoast-schema-graph\">{\"@context\":\"https:\\\/\\\/schema.org\",\"@graph\":[{\"@type\":\"WebPage\",\"@id\":\"https:\\\/\\\/www.etrix.ch\\\/fr\\\/produit\\\/accessoires-pour-le-stand-de-taille-moyenne-zero\\\/\",\"url\":\"https:\\\/\\\/www.etrix.ch\\\/fr\\\/produit\\\/accessoires-pour-le-stand-de-taille-moyenne-zero\\\/\",\"name\":\"Accessoires pour le stand de taille moyenne - Zero - ETRIX Elektroroller\",\"isPartOf\":{\"@id\":\"https:\\\/\\\/www.etrix.ch\\\/fr\\\/#website\"},\"primaryImageOfPage\":{\"@id\":\"https:\\\/\\\/www.etrix.ch\\\/fr\\\/produit\\\/accessoires-pour-le-stand-de-taille-moyenne-zero\\\/#primaryimage\"},\"image\":{\"@id\":\"https:\\\/\\\/www.etrix.ch\\\/fr\\\/produit\\\/accessoires-pour-le-stand-de-taille-moyenne-zero\\\/#primaryimage\"},\"thumbnailUrl\":\"https:\\\/\\\/www.etrix.ch\\\/media\\\/2024\\\/05\\\/10-08279_SRS_SRF_SR_2022__Centerstand_0588_CM_1024x1024.png\",\"datePublished\":\"2024-05-26T22:46:59+00:00\",\"dateModified\":\"2024-11-21T09:14:27+00:00\",\"breadcrumb\":{\"@id\":\"https:\\\/\\\/www.etrix.ch\\\/fr\\\/produit\\\/accessoires-pour-le-stand-de-taille-moyenne-zero\\\/#breadcrumb\"},\"inLanguage\":\"fr-FR\",\"potentialAction\":[{\"@type\":\"ReadAction\",\"target\":[\"https:\\\/\\\/www.etrix.ch\\\/fr\\\/produit\\\/accessoires-pour-le-stand-de-taille-moyenne-zero\\\/\"]}]},{\"@type\":\"ImageObject\",\"inLanguage\":\"fr-FR\",\"@id\":\"https:\\\/\\\/www.etrix.ch\\\/fr\\\/produit\\\/accessoires-pour-le-stand-de-taille-moyenne-zero\\\/#primaryimage\",\"url\":\"https:\\\/\\\/www.etrix.ch\\\/media\\\/2024\\\/05\\\/10-08279_SRS_SRF_SR_2022__Centerstand_0588_CM_1024x1024.png\",\"contentUrl\":\"https:\\\/\\\/www.etrix.ch\\\/media\\\/2024\\\/05\\\/10-08279_SRS_SRF_SR_2022__Centerstand_0588_CM_1024x1024.png\",\"width\":1024,\"height\":819},{\"@type\":\"BreadcrumbList\",\"@id\":\"https:\\\/\\\/www.etrix.ch\\\/fr\\\/produit\\\/accessoires-pour-le-stand-de-taille-moyenne-zero\\\/#breadcrumb\",\"itemListElement\":[{\"@type\":\"ListItem\",\"position\":1,\"name\":\"Accueil\",\"item\":\"https:\\\/\\\/www.etrix.ch\\\/fr\\\/\"},{\"@type\":\"ListItem\",\"position\":2,\"name\":\"Boutique\",\"item\":\"https:\\\/\\\/www.etrix.ch\\\/fr\\\/boutique\\\/\"},{\"@type\":\"ListItem\",\"position\":3,\"name\":\"Accessoires pour le stand de taille moyenne &#8211; Zero\"}]},{\"@type\":\"WebSite\",\"@id\":\"https:\\\/\\\/www.etrix.ch\\\/fr\\\/#website\",\"url\":\"https:\\\/\\\/www.etrix.ch\\\/fr\\\/\",\"name\":\"ETRIX Elektroroller\",\"description\":\"E-Motos\",\"publisher\":{\"@id\":\"https:\\\/\\\/www.etrix.ch\\\/fr\\\/#organization\"},\"potentialAction\":[{\"@type\":\"SearchAction\",\"target\":{\"@type\":\"EntryPoint\",\"urlTemplate\":\"https:\\\/\\\/www.etrix.ch\\\/fr\\\/?s={search_term_string}\"},\"query-input\":{\"@type\":\"PropertyValueSpecification\",\"valueRequired\":true,\"valueName\":\"search_term_string\"}}],\"inLanguage\":\"fr-FR\"},{\"@type\":[\"Organization\",\"Place\",\"MotorcycleDealer\"],\"@id\":\"https:\\\/\\\/www.etrix.ch\\\/fr\\\/#organization\",\"name\":\"ETRIX E-Motos\",\"url\":\"https:\\\/\\\/www.etrix.ch\\\/fr\\\/\",\"logo\":{\"@id\":\"https:\\\/\\\/www.etrix.ch\\\/fr\\\/produit\\\/accessoires-pour-le-stand-de-taille-moyenne-zero\\\/#local-main-organization-logo\"},\"image\":{\"@id\":\"https:\\\/\\\/www.etrix.ch\\\/fr\\\/produit\\\/accessoires-pour-le-stand-de-taille-moyenne-zero\\\/#local-main-organization-logo\"},\"sameAs\":[\"https:\\\/\\\/m.facebook.com\\\/etrix.emotos\\\/\",\"https:\\\/\\\/x.com\\\/etrixag\",\"https:\\\/\\\/www.instagram.com\\\/etrix_emotos\\\/p\\\/BtVW6bXHtNv\\\/\",\"https:\\\/\\\/www.linkedin.com\\\/company\\\/etrix-ag\",\"https:\\\/\\\/www.youtube.com\\\/channel\\\/UCSd-hJdu5u8xPUEY60jexOw\"],\"address\":{\"@id\":\"https:\\\/\\\/www.etrix.ch\\\/fr\\\/produit\\\/accessoires-pour-le-stand-de-taille-moyenne-zero\\\/#local-main-place-address\"},\"geo\":{\"@type\":\"GeoCoordinates\",\"latitude\":\"47.43839497999372\",\"longitude\":\"8.465227605227366\"},\"telephone\":[\"043 931 00 45\"],\"openingHoursSpecification\":[{\"@type\":\"OpeningHoursSpecification\",\"dayOfWeek\":[\"Monday\",\"Sunday\"],\"opens\":\"00:00\",\"closes\":\"00:00\"},{\"@type\":\"OpeningHoursSpecification\",\"dayOfWeek\":[\"Tuesday\",\"Wednesday\",\"Thursday\",\"Friday\"],\"opens\":\"10:00\",\"closes\":\"18:00\"},{\"@type\":\"OpeningHoursSpecification\",\"dayOfWeek\":[\"Saturday\"],\"opens\":\"10:00\",\"closes\":\"15:00\"}]},{\"@type\":\"PostalAddress\",\"@id\":\"https:\\\/\\\/www.etrix.ch\\\/fr\\\/produit\\\/accessoires-pour-le-stand-de-taille-moyenne-zero\\\/#local-main-place-address\",\"streetAddress\":\"Riedthofstrasse 122\",\"addressLocality\":\"Regensdorf\",\"postalCode\":\"8105\",\"addressRegion\":\"Z\u00fcrich\",\"addressCountry\":\"CH\"},{\"@type\":\"ImageObject\",\"inLanguage\":\"fr-FR\",\"@id\":\"https:\\\/\\\/www.etrix.ch\\\/fr\\\/produit\\\/accessoires-pour-le-stand-de-taille-moyenne-zero\\\/#local-main-organization-logo\",\"url\":\"https:\\\/\\\/www.etrix.ch\\\/media\\\/2021\\\/05\\\/ETRIX-logo.png\",\"contentUrl\":\"https:\\\/\\\/www.etrix.ch\\\/media\\\/2021\\\/05\\\/ETRIX-logo.png\",\"width\":470,\"height\":85,\"caption\":\"ETRIX E-Motos\"}]}<\/script>\n<meta property=\"product:brand\" content=\"Z\u00e9ro\" \/>\n<meta property=\"product:price:amount\" content=\"215.00\" \/>\n<meta property=\"product:price:currency\" content=\"CHF\" \/>\n<meta property=\"og:availability\" content=\"instock\" \/>\n<meta property=\"product:availability\" content=\"instock\" \/>\n<meta property=\"product:retailer_item_id\" content=\"10-08217\" \/>\n<meta property=\"product:condition\" content=\"new\" \/>\n<meta name=\"geo.placename\" content=\"Regensdorf\" \/>\n<meta name=\"geo.position\" content=\"47.43839497999372;8.465227605227366\" \/>\n<meta name=\"geo.region\" content=\"Suisse\" \/>\n<!-- \/ Yoast SEO Premium plugin. -->","yoast_head_json":{"title":"Accessoires pour le stand de taille moyenne - Zero - ETRIX Elektroroller","robots":{"index":"index","follow":"follow","max-snippet":"max-snippet:-1","max-image-preview":"max-image-preview:large","max-video-preview":"max-video-preview:-1"},"canonical":"https:\/\/www.etrix.ch\/fr\/produit\/accessoires-pour-le-stand-de-taille-moyenne-zero\/","og_locale":"fr_FR","og_type":"article","og_title":"Accessoires pour le stand de taille moyenne - Zero","og_description":"Fabriqu\u00e9e en acier thermolaqu\u00e9 noir, ... &gt; En savoir plus","og_url":"https:\/\/www.etrix.ch\/fr\/produit\/accessoires-pour-le-stand-de-taille-moyenne-zero\/","og_site_name":"ETRIX Elektroroller","article_publisher":"https:\/\/m.facebook.com\/etrix.emotos\/","article_modified_time":"2024-11-21T09:14:27+00:00","og_image":[{"width":1024,"height":819,"url":"https:\/\/www.etrix.ch\/media\/2024\/05\/10-08279_SRS_SRF_SR_2022__Centerstand_0588_CM_1024x1024.png","type":"image\/png"}],"twitter_card":"summary_large_image","twitter_site":"@etrixag","twitter_misc":{"Prix":"&#67;&#72;&#70;&nbsp;215.00 inkl. MwSt.","Disponibilit\u00e9":"En stock"},"schema":{"@context":"https:\/\/schema.org","@graph":[{"@type":"WebPage","@id":"https:\/\/www.etrix.ch\/fr\/produit\/accessoires-pour-le-stand-de-taille-moyenne-zero\/","url":"https:\/\/www.etrix.ch\/fr\/produit\/accessoires-pour-le-stand-de-taille-moyenne-zero\/","name":"Accessoires pour le stand de taille moyenne - Zero - ETRIX Elektroroller","isPartOf":{"@id":"https:\/\/www.etrix.ch\/fr\/#website"},"primaryImageOfPage":{"@id":"https:\/\/www.etrix.ch\/fr\/produit\/accessoires-pour-le-stand-de-taille-moyenne-zero\/#primaryimage"},"image":{"@id":"https:\/\/www.etrix.ch\/fr\/produit\/accessoires-pour-le-stand-de-taille-moyenne-zero\/#primaryimage"},"thumbnailUrl":"https:\/\/www.etrix.ch\/media\/2024\/05\/10-08279_SRS_SRF_SR_2022__Centerstand_0588_CM_1024x1024.png","datePublished":"2024-05-26T22:46:59+00:00","dateModified":"2024-11-21T09:14:27+00:00","breadcrumb":{"@id":"https:\/\/www.etrix.ch\/fr\/produit\/accessoires-pour-le-stand-de-taille-moyenne-zero\/#breadcrumb"},"inLanguage":"fr-FR","potentialAction":[{"@type":"ReadAction","target":["https:\/\/www.etrix.ch\/fr\/produit\/accessoires-pour-le-stand-de-taille-moyenne-zero\/"]}]},{"@type":"ImageObject","inLanguage":"fr-FR","@id":"https:\/\/www.etrix.ch\/fr\/produit\/accessoires-pour-le-stand-de-taille-moyenne-zero\/#primaryimage","url":"https:\/\/www.etrix.ch\/media\/2024\/05\/10-08279_SRS_SRF_SR_2022__Centerstand_0588_CM_1024x1024.png","contentUrl":"https:\/\/www.etrix.ch\/media\/2024\/05\/10-08279_SRS_SRF_SR_2022__Centerstand_0588_CM_1024x1024.png","width":1024,"height":819},{"@type":"BreadcrumbList","@id":"https:\/\/www.etrix.ch\/fr\/produit\/accessoires-pour-le-stand-de-taille-moyenne-zero\/#breadcrumb","itemListElement":[{"@type":"ListItem","position":1,"name":"Accueil","item":"https:\/\/www.etrix.ch\/fr\/"},{"@type":"ListItem","position":2,"name":"Boutique","item":"https:\/\/www.etrix.ch\/fr\/boutique\/"},{"@type":"ListItem","position":3,"name":"Accessoires pour le stand de taille moyenne &#8211; Zero"}]},{"@type":"WebSite","@id":"https:\/\/www.etrix.ch\/fr\/#website","url":"https:\/\/www.etrix.ch\/fr\/","name":"ETRIX Elektroroller","description":"E-Motos","publisher":{"@id":"https:\/\/www.etrix.ch\/fr\/#organization"},"potentialAction":[{"@type":"SearchAction","target":{"@type":"EntryPoint","urlTemplate":"https:\/\/www.etrix.ch\/fr\/?s={search_term_string}"},"query-input":{"@type":"PropertyValueSpecification","valueRequired":true,"valueName":"search_term_string"}}],"inLanguage":"fr-FR"},{"@type":["Organization","Place","MotorcycleDealer"],"@id":"https:\/\/www.etrix.ch\/fr\/#organization","name":"ETRIX E-Motos","url":"https:\/\/www.etrix.ch\/fr\/","logo":{"@id":"https:\/\/www.etrix.ch\/fr\/produit\/accessoires-pour-le-stand-de-taille-moyenne-zero\/#local-main-organization-logo"},"image":{"@id":"https:\/\/www.etrix.ch\/fr\/produit\/accessoires-pour-le-stand-de-taille-moyenne-zero\/#local-main-organization-logo"},"sameAs":["https:\/\/m.facebook.com\/etrix.emotos\/","https:\/\/x.com\/etrixag","https:\/\/www.instagram.com\/etrix_emotos\/p\/BtVW6bXHtNv\/","https:\/\/www.linkedin.com\/company\/etrix-ag","https:\/\/www.youtube.com\/channel\/UCSd-hJdu5u8xPUEY60jexOw"],"address":{"@id":"https:\/\/www.etrix.ch\/fr\/produit\/accessoires-pour-le-stand-de-taille-moyenne-zero\/#local-main-place-address"},"geo":{"@type":"GeoCoordinates","latitude":"47.43839497999372","longitude":"8.465227605227366"},"telephone":["043 931 00 45"],"openingHoursSpecification":[{"@type":"OpeningHoursSpecification","dayOfWeek":["Monday","Sunday"],"opens":"00:00","closes":"00:00"},{"@type":"OpeningHoursSpecification","dayOfWeek":["Tuesday","Wednesday","Thursday","Friday"],"opens":"10:00","closes":"18:00"},{"@type":"OpeningHoursSpecification","dayOfWeek":["Saturday"],"opens":"10:00","closes":"15:00"}]},{"@type":"PostalAddress","@id":"https:\/\/www.etrix.ch\/fr\/produit\/accessoires-pour-le-stand-de-taille-moyenne-zero\/#local-main-place-address","streetAddress":"Riedthofstrasse 122","addressLocality":"Regensdorf","postalCode":"8105","addressRegion":"Z\u00fcrich","addressCountry":"CH"},{"@type":"ImageObject","inLanguage":"fr-FR","@id":"https:\/\/www.etrix.ch\/fr\/produit\/accessoires-pour-le-stand-de-taille-moyenne-zero\/#local-main-organization-logo","url":"https:\/\/www.etrix.ch\/media\/2021\/05\/ETRIX-logo.png","contentUrl":"https:\/\/www.etrix.ch\/media\/2021\/05\/ETRIX-logo.png","width":470,"height":85,"caption":"ETRIX E-Motos"}]},"product_brand":"Z\u00e9ro","product_price_amount":"215.00","product_price_currency":"CHF","og_availability":"instock","product_availability":"instock","product_retailer_item_id":"10-08217","product_condition":"new","geo.placename":"Regensdorf","geo.position":{"lat":"47.43839497999372","long":"8.465227605227366"},"geo.region":"Suisse"},"_links":{"self":[{"href":"https:\/\/www.etrix.ch\/fr\/wp-json\/wp\/v2\/product\/28327","targetHints":{"allow":["GET"]}}],"collection":[{"href":"https:\/\/www.etrix.ch\/fr\/wp-json\/wp\/v2\/product"}],"about":[{"href":"https:\/\/www.etrix.ch\/fr\/wp-json\/wp\/v2\/types\/product"}],"wp:featuredmedia":[{"embeddable":true,"href":"https:\/\/www.etrix.ch\/fr\/wp-json\/wp\/v2\/media\/27469"}],"wp:attachment":[{"href":"https:\/\/www.etrix.ch\/fr\/wp-json\/wp\/v2\/media?parent=28327"}],"wp:term":[{"taxonomy":"product_brand","embeddable":true,"href":"https:\/\/www.etrix.ch\/fr\/wp-json\/wp\/v2\/product_brand?post=28327"},{"taxonomy":"product_cat","embeddable":true,"href":"https:\/\/www.etrix.ch\/fr\/wp-json\/wp\/v2\/product_cat?post=28327"},{"taxonomy":"product_tag","embeddable":true,"href":"https:\/\/www.etrix.ch\/fr\/wp-json\/wp\/v2\/product_tag?post=28327"}],"curies":[{"name":"wp","href":"https:\/\/api.w.org\/{rel}","templated":true}]}}