{"id":10338,"date":"2022-02-03T10:38:43","date_gmt":"2022-02-03T09:38:43","guid":{"rendered":"https:\/\/www.etrix.ch\/ecooter-e5\/"},"modified":"2026-04-27T08:10:15","modified_gmt":"2026-04-27T06:10:15","slug":"ecooter-e5","status":"publish","type":"product","link":"https:\/\/www.etrix.ch\/fr\/produit\/ecooter-e5\/","title":{"rendered":"Configurer Ecooter E5"},"content":{"rendered":"\n<div class=\"wp-block-columns alignfull is-style-spalten-bild-links is-layout-flex wp-container-core-columns-is-layout-9d6595d7 wp-block-columns-is-layout-flex\">\n<div class=\"wp-block-column is-style-bild-mask-2 is-layout-flow wp-block-column-is-layout-flow\">\n<figure class=\"wp-block-image size-large is-style-bild-75\"><img decoding=\"async\" width=\"1024\" height=\"762\" src=\"https:\/\/www.etrix.ch\/media\/2024\/07\/E5_ABS-1-1024x762.jpg\" alt=\"E5 para 1\" class=\"wp-image-29457\" srcset=\"https:\/\/www.etrix.ch\/media\/2024\/07\/E5_ABS-1-1024x762.jpg 1024w, https:\/\/www.etrix.ch\/media\/2024\/07\/E5_ABS-1-300x223.jpg 300w, https:\/\/www.etrix.ch\/media\/2024\/07\/E5_ABS-1-768x571.jpg 768w, https:\/\/www.etrix.ch\/media\/2024\/07\/E5_ABS-1-1320x982.jpg 1320w, https:\/\/www.etrix.ch\/media\/2024\/07\/E5_ABS-1-900x669.jpg 900w, https:\/\/www.etrix.ch\/media\/2024\/07\/E5_ABS-1.jpg 1452w\" sizes=\"(max-width: 1024px) 100vw, 1024px\"><\/figure>\n<\/div>\n\n\n\n<div class=\"wp-block-column is-layout-flow wp-block-column-is-layout-flow\">\n<p class=\"is-style-text-ber-titel\">FREINS HYDRAULIQUES<\/p>\n\n\n\n<h2 class=\"wp-block-heading\" id=\"my-silence-app\">Ecooter E5 avec ABS double canal<\/h2>\n\n\n\n<p>Le scooter \u00e9lectrique E5 est \u00e9quip\u00e9 d\u2019un ABS \u00e0 deux canaux et de freins hydrauliques \u00e0 l\u2019avant et \u00e0 l\u2019arri\u00e8re.  <\/p>\n\n\n\n<p>Cela augmente ta s\u00e9curit\u00e9 en g\u00e9n\u00e9ral, mais surtout sur les routes mouill\u00e9es et en hiver.<\/p>\n<\/div>\n<\/div>\n\n<div class=\"wp-block-columns alignfull is-style-spalten-bild-links is-layout-flex wp-container-core-columns-is-layout-9d6595d7 wp-block-columns-is-layout-flex\">\n<div class=\"wp-block-column is-style-bild-mask-3 is-layout-flow wp-block-column-is-layout-flow\">\n<figure class=\"wp-block-image size-large is-style-bild-25\"><img decoding=\"async\" width=\"1024\" height=\"684\" src=\"https:\/\/www.etrix.ch\/media\/2024\/07\/E5_Battery_new-1024x684.jpg\" alt=\"Batterie E5 neuve\" class=\"wp-image-29392\" srcset=\"https:\/\/www.etrix.ch\/media\/2024\/07\/E5_Battery_new-1024x684.jpg 1024w, https:\/\/www.etrix.ch\/media\/2024\/07\/E5_Battery_new-300x200.jpg 300w, https:\/\/www.etrix.ch\/media\/2024\/07\/E5_Battery_new-768x513.jpg 768w, https:\/\/www.etrix.ch\/media\/2024\/07\/E5_Battery_new-1536x1026.jpg 1536w, https:\/\/www.etrix.ch\/media\/2024\/07\/E5_Battery_new-1320x882.jpg 1320w, https:\/\/www.etrix.ch\/media\/2024\/07\/E5_Battery_new-900x601.jpg 900w, https:\/\/www.etrix.ch\/media\/2024\/07\/E5_Battery_new.jpg 1920w\" sizes=\"(max-width: 1024px) 100vw, 1024px\"><\/figure>\n<\/div>\n\n\n\n<div class=\"wp-block-column is-layout-flow wp-block-column-is-layout-flow\">\n<p class=\"is-style-text-ber-titel\">DUO BATTERY PACK<\/p>\n\n\n\n<h2 class=\"wp-block-heading\" id=\"my-silence-app\">Grand espace de rangement et deux batteries<\/h2>\n\n\n\n<p>Propuls\u00e9 par deux batteries (2x 64 V \/ 45 Ah), le scooter \u00e9lectrique a une capacit\u00e9 imposante de 5,8 kWh, ce qui lui donne une autonomie de plus de 100 km. De plus, il y a suffisamment de place pour le casque \u00e9galement.<\/p>\n<\/div>\n<\/div>\n\n<div class=\"wp-block-columns alignfull is-style-spalten-bild-links is-layout-flex wp-container-core-columns-is-layout-9d6595d7 wp-block-columns-is-layout-flex\">\n<div class=\"wp-block-column is-style-bild-mask-2 is-layout-flow wp-block-column-is-layout-flow\">\n<figure class=\"wp-block-image size-large is-style-bild-center\"><img decoding=\"async\" width=\"1024\" height=\"576\" src=\"https:\/\/www.etrix.ch\/media\/2024\/07\/Battery_grossklein-1024x576.jpg\" alt=\"Batterie Grossklein\" class=\"wp-image-29401\" srcset=\"https:\/\/www.etrix.ch\/media\/2024\/07\/Battery_grossklein-1024x576.jpg 1024w, https:\/\/www.etrix.ch\/media\/2024\/07\/Battery_grossklein-300x169.jpg 300w, https:\/\/www.etrix.ch\/media\/2024\/07\/Battery_grossklein-768x432.jpg 768w, https:\/\/www.etrix.ch\/media\/2024\/07\/Battery_grossklein-1536x864.jpg 1536w, https:\/\/www.etrix.ch\/media\/2024\/07\/Battery_grossklein-1320x743.jpg 1320w, https:\/\/www.etrix.ch\/media\/2024\/07\/Battery_grossklein-900x506.jpg 900w, https:\/\/www.etrix.ch\/media\/2024\/07\/Battery_grossklein.jpg 1900w\" sizes=\"(max-width: 1024px) 100vw, 1024px\"><\/figure>\n<\/div>\n\n\n\n<div class=\"wp-block-column is-layout-flow wp-block-column-is-layout-flow\">\n<p class=\"is-style-text-ber-titel\" style=\"text-transform:uppercase\">3 heures de charge possible<\/p>\n\n\n\n<h2 class=\"wp-block-heading\" id=\"my-silence-app\">Puissant et pourtant mobile<\/h2>\n\n\n\n<p>Les deux batteries portables \u00e9quip\u00e9es de <strong>cellules Samsung<\/strong> ont une capacit\u00e9 combin\u00e9e de 5,8 kWh. Ils peuvent \u00eatre recharg\u00e9s dans le v\u00e9hicule, mais aussi \u00e0 l\u2019ext\u00e9rieur, avec le chargeur fourni, sur n\u2019importe quelle prise classique de 230 V ou, avec le c\u00e2ble en option, \u00e9galement sur une station de recharge de type 2. Avec un chargeur suppl\u00e9mentaire, le temps de charge standard de 6 heures peut \u00eatre r\u00e9duit \u00e0 environ 3 heures.<\/p>\n\n\n\n<div class=\"wp-block-columns is-layout-flex wp-container-core-columns-is-layout-9d6595d7 wp-block-columns-is-layout-flex\">\n<div class=\"wp-block-column is-layout-flow wp-block-column-is-layout-flow\">\n<figure class=\"wp-block-image size-full\"><img decoding=\"async\" src=\"https:\/\/www.etrix.ch\/media\/2022\/03\/samsung_500.jpg\" alt=\"Batterie cellulaire Samsung\" class=\"wp-image-4826\"><\/figure>\n<\/div>\n\n\n\n<div class=\"wp-block-column is-layout-flow wp-block-column-is-layout-flow\"><\/div>\n\n\n\n<div class=\"wp-block-column is-layout-flow wp-block-column-is-layout-flow\"><\/div>\n<\/div>\n<\/div>\n<\/div>\n\n<div class=\"wp-block-columns alignfull is-style-spalte-full-bild is-layout-flex wp-container-core-columns-is-layout-9d6595d7 wp-block-columns-is-layout-flex\">\n<div class=\"wp-block-column is-style-full-bild-mask has-global-color-9-color has-text-color is-layout-flow wp-block-column-is-layout-flow\">\n<figure class=\"wp-block-image alignfull size-large\"><img decoding=\"async\" width=\"1024\" height=\"475\" src=\"https:\/\/www.etrix.ch\/media\/2022\/01\/E5_10-1-1024x475.jpg\" alt=\"Panneau multifonction Ecooter E5\" class=\"wp-image-3244\" srcset=\"https:\/\/www.etrix.ch\/media\/2022\/01\/E5_10-1-1024x475.jpg 1024w, https:\/\/www.etrix.ch\/media\/2022\/01\/E5_10-1-scaled-900x418.jpg 900w, https:\/\/www.etrix.ch\/media\/2022\/01\/E5_10-1-300x139.jpg 300w, https:\/\/www.etrix.ch\/media\/2022\/01\/E5_10-1-768x357.jpg 768w, https:\/\/www.etrix.ch\/media\/2022\/01\/E5_10-1-1536x713.jpg 1536w, https:\/\/www.etrix.ch\/media\/2022\/01\/E5_10-1-scaled.jpg 2048w\" sizes=\"(max-width: 1024px) 100vw, 1024px\"><\/figure>\n\n\n\n<div class=\"wp-block-group is-style-top-image-text-weiss\"><div class=\"wp-block-group__inner-container is-layout-flow wp-block-group-is-layout-flow\">\n<h2 class=\"wp-block-heading\" id=\"farbenfrohes-bildschirm\">Panneau multifonction - Ecooter E5<\/h2>\n\n\n\n<p class=\"is-style-default\">Encore plus impressionnant : le grand \u00e9cran couleur LCD IPS de 7 pouces qui fait office de tableau de bord du scooter \u00e9lectrique mais qui peut aussi refl\u00e9ter la navigation et d\u2019autres fonctions de votre smartphone. Il s\u2019adapte aux conditions ambiantes pour garantir une bonne lisibilit\u00e9 \u00e0 tout moment.<\/p>\n\n\n\n<p class=\"is-style-default\"><a href=\"https:\/\/www.etrix.ch\/fr\/faire-un-essai\/\">R\u00e9server un essai maintenant<\/a><\/p>\n<\/div><\/div>\n<\/div>\n<\/div>\n\n<div class=\"wp-block-columns alignfull is-style-spalten-bild-rechts is-layout-flex wp-container-core-columns-is-layout-9d6595d7 wp-block-columns-is-layout-flex\">\n<div class=\"wp-block-column is-style-bild-mask-3 is-layout-flow wp-block-column-is-layout-flow\">\n<figure class=\"wp-block-image size-full\"><img decoding=\"async\" width=\"600\" height=\"651\" src=\"https:\/\/www.etrix.ch\/media\/2021\/12\/ahorro_s01.png\" alt=\"\" class=\"wp-image-2366\" srcset=\"https:\/\/www.etrix.ch\/media\/2021\/12\/ahorro_s01.png 600w, https:\/\/www.etrix.ch\/media\/2021\/12\/ahorro_s01-276x300.png 276w\" sizes=\"(max-width: 600px) 100vw, 600px\"><\/figure>\n\n\n\n<figure class=\"wp-block-image size-large\"><img decoding=\"async\" width=\"1024\" height=\"576\" src=\"https:\/\/www.etrix.ch\/media\/2022\/01\/E5_12-1024x576.jpg\" alt=\"La console de l\u2019E5 vous permet de poser votre t\u00e9l\u00e9phone\" class=\"wp-image-3552\" srcset=\"https:\/\/www.etrix.ch\/media\/2022\/01\/E5_12-1024x576.jpg 1024w, https:\/\/www.etrix.ch\/media\/2022\/01\/E5_12-scaled-900x506.jpg 900w, https:\/\/www.etrix.ch\/media\/2022\/01\/E5_12-300x169.jpg 300w, https:\/\/www.etrix.ch\/media\/2022\/01\/E5_12-768x432.jpg 768w, https:\/\/www.etrix.ch\/media\/2022\/01\/E5_12-1536x864.jpg 1536w, https:\/\/www.etrix.ch\/media\/2022\/01\/E5_12-scaled.jpg 2048w\" sizes=\"(max-width: 1024px) 100vw, 1024px\"><\/figure>\n<\/div>\n\n\n\n<div class=\"wp-block-column is-layout-flow wp-block-column-is-layout-flow\">\n<p class=\"is-style-text-ber-titel\">PROFITE DES D\u00c9TAILS<\/p>\n\n\n\n<h2 class=\"wp-block-heading\" id=\"my-silence-app\">Console d\u2019information unique en son genre<\/h2>\n\n\n\n<p>La console du E5 te permet de poser ton t\u00e9l\u00e9phone portable et de communiquer directement via ton scooter \u00e9lectrique.  <\/p>\n\n\n\n<p>Il est possible de s\u00e9lectionner diff\u00e9rents modes de conduite qui s\u2019adaptent aux conditions de la route et augmentent la s\u00e9curit\u00e9 de conduite.<\/p>\n\n\n\n<p>Les donn\u00e9es importantes pour la s\u00e9curit\u00e9, comme la pression des pneus ou l\u2019ABS, s\u2019affichent directement sur l\u2019\u00e9cran.  <\/p>\n<\/div>\n<\/div>\n\n<div class=\"wp-block-columns alignfull is-style-spalten-bild-rechts is-layout-flex wp-container-core-columns-is-layout-9d6595d7 wp-block-columns-is-layout-flex\">\n<div class=\"wp-block-column is-style-bild-mask-1 is-layout-flow wp-block-column-is-layout-flow\">\n<figure class=\"wp-block-image size-large\"><img decoding=\"async\" src=\"https:\/\/www.etrix.ch\/media\/2022\/01\/E5_11-scaled-e1642155079384-1024x438.jpg\" alt=\"Bouton rotatif multim\u00e9dia\" class=\"wp-image-3263\"><\/figure>\n<\/div>\n\n\n\n<div class=\"wp-block-column is-layout-flow wp-block-column-is-layout-flow\">\n<p class=\"is-style-text-ber-titel\" style=\"text-transform:uppercase\">Une utilisation g\u00e9niale<\/p>\n\n\n\n<h2 class=\"wp-block-heading\" id=\"lorem-ipsum-dolor-sit-amet\">Bouton rotatif multim\u00e9dia<\/h2>\n\n\n\n<p>La console est command\u00e9e par un bouton rotatif multim\u00e9dia situ\u00e9 sous le guidon.<\/p>\n\n\n\n<p>Tous les r\u00e9glages peuvent \u00eatre effectu\u00e9s \u00e0 l\u2019aide de ce bouton rotatif ainsi que via l\u2019APP Smartphone Ecooter.<\/p>\n<\/div>\n<\/div>\n\n<div class=\"wp-block-columns alignfull is-style-spalten-bild-rechts is-layout-flex wp-container-core-columns-is-layout-9d6595d7 wp-block-columns-is-layout-flex\">\n<div class=\"wp-block-column is-style-bild-mask-2 is-layout-flow wp-block-column-is-layout-flow\">\n<figure class=\"wp-block-image size-full\"><img decoding=\"async\" width=\"544\" height=\"370\" src=\"https:\/\/www.etrix.ch\/media\/2021\/12\/Bildschirmfoto-2021-12-10-um-10.34.03.png\" alt=\"\" class=\"wp-image-2426\" srcset=\"https:\/\/www.etrix.ch\/media\/2021\/12\/Bildschirmfoto-2021-12-10-um-10.34.03.png 544w, https:\/\/www.etrix.ch\/media\/2021\/12\/Bildschirmfoto-2021-12-10-um-10.34.03-300x204.png 300w\" sizes=\"(max-width: 544px) 100vw, 544px\"><\/figure>\n\n\n\n<figure class=\"wp-block-image size-large\"><img decoding=\"async\" src=\"https:\/\/www.etrix.ch\/media\/2022\/01\/E5_8-scaled-e1642154475303-1024x530.jpg\" alt=\"Amortisseurs hydrauliques Ecooter\" class=\"wp-image-3049\"><\/figure>\n<\/div>\n\n\n\n<div class=\"wp-block-column is-layout-flow wp-block-column-is-layout-flow\">\n<p class=\"is-style-text-ber-titel\">SUSPENSION ARRI\u00c8RE EN ALUMINIUM<\/p>\n\n\n\n<h2 class=\"wp-block-heading\" id=\"my-silence-app\">Amortisseurs hydrauliques<\/h2>\n\n\n\n<p>Gr\u00e2ce aux amortisseurs hydrauliques \u00e0 l\u2019avant et \u00e0 l\u2019arri\u00e8re, \u00e0 la suspension arri\u00e8re en aluminium forg\u00e9 et au r\u00e9glage pr\u00e9cis de l\u2019amortissement, ton scooter \u00e9lectrique te procure plus de stabilit\u00e9 et de confort sur la route.<\/p>\n<\/div>\n<\/div>\n\n<div class=\"wp-block-columns alignfull is-style-spalten-bild-rechts is-layout-flex wp-container-core-columns-is-layout-9d6595d7 wp-block-columns-is-layout-flex\">\n<div class=\"wp-block-column is-style-bild-mask-3 is-layout-flow wp-block-column-is-layout-flow\">\n<figure class=\"wp-block-image size-large\"><img decoding=\"async\" width=\"1024\" height=\"683\" src=\"https:\/\/www.etrix.ch\/media\/2021\/12\/marcha-atras-1024x683.jpg\" alt=\"\" class=\"wp-image-2362\" srcset=\"https:\/\/www.etrix.ch\/media\/2021\/12\/marcha-atras-1024x683.jpg 1024w, https:\/\/www.etrix.ch\/media\/2021\/12\/marcha-atras-900x600.jpg 900w, https:\/\/www.etrix.ch\/media\/2021\/12\/marcha-atras-300x200.jpg 300w, https:\/\/www.etrix.ch\/media\/2021\/12\/marcha-atras-768x512.jpg 768w, https:\/\/www.etrix.ch\/media\/2021\/12\/marcha-atras-1536x1024.jpg 1536w, https:\/\/www.etrix.ch\/media\/2021\/12\/marcha-atras.jpg 1920w\" sizes=\"(max-width: 1024px) 100vw, 1024px\"><\/figure>\n\n\n\n<figure class=\"wp-block-image size-large is-style-bild-25\"><img decoding=\"async\" width=\"1024\" height=\"647\" src=\"https:\/\/www.etrix.ch\/media\/2022\/01\/E5_3-1-1024x647.jpg\" alt=\"Bo\u00eete de vitesses \u00e0 2 \u00e9tages sans entretien\" class=\"wp-image-3252\" srcset=\"https:\/\/www.etrix.ch\/media\/2022\/01\/E5_3-1-1024x647.jpg 1024w, https:\/\/www.etrix.ch\/media\/2022\/01\/E5_3-1-900x569.jpg 900w, https:\/\/www.etrix.ch\/media\/2022\/01\/E5_3-1-300x190.jpg 300w, https:\/\/www.etrix.ch\/media\/2022\/01\/E5_3-1-768x486.jpg 768w, https:\/\/www.etrix.ch\/media\/2022\/01\/E5_3-1-1536x971.jpg 1536w, https:\/\/www.etrix.ch\/media\/2022\/01\/E5_3-1.jpg 1702w\" sizes=\"(max-width: 1024px) 100vw, 1024px\"><\/figure>\n<\/div>\n\n\n\n<div class=\"wp-block-column is-layout-flow wp-block-column-is-layout-flow\">\n<p class=\"is-style-text-ber-titel\">PERFORMANCE EXTR\u00caME<\/p>\n\n\n\n<h2 class=\"wp-block-heading\" id=\"my-silence-app\">Transmission sans entretien<\/h2>\n\n\n\n<p>La transmission \u00e0 deux vitesses permet un r\u00e9gime plus \u00e9lev\u00e9 du moteur \u00e9lectrique et augmente l\u2019efficacit\u00e9.  <\/p>\n\n\n\n<p>Avec sa puissance de 7kW, le E5 est comparable \u00e0 un scooter \u00e0 essence de 200cc, mais peut toujours \u00eatre conduit avec un permis de conduire de 125cc (A1).<\/p>\n<\/div>\n<\/div>\n","protected":false},"excerpt":{"rendered":"<p>Sp\u00e9cial TCS<strong><br \/>\nSwiss-Edition<\/strong><br \/>\nLe E5 Swiss Edition est livr\u00e9 avec un pare-brise et un top case pour encore plus de confort de conduite, de s\u00e9curit\u00e9 et d&rsquo;espace de rangement.<\/p>\n","protected":false},"featured_media":36871,"template":"","meta":{"_acf_changed":false},"product_brand":[],"product_cat":[555,489,619],"product_tag":[1982],"class_list":{"0":"post-10338","1":"product","2":"type-product","3":"status-publish","4":"has-post-thumbnail","6":"product_cat-ecooter-fr","7":"product_cat-e-scooter","8":"product_cat-scooter-electrique-ecooter","9":"product_tag-marche-des-scooters-electriques","10":"product_shipping_class-expedition-de-scooters-1","11":"pa_geschwindigkeit-103-km-h-fr","12":"pa_marke-ecooter-fr","13":"sales-flash-overlay","14":"woocommerce-text-align-left","15":"woocommerce-image-align-center","16":"do-quantity-buttons","18":"first","19":"outofstock","20":"sale","21":"taxable","22":"shipping-taxable","23":"purchasable","24":"product-type-variable","25":"has-default-attributes"},"acf":[],"yoast_head":"<!-- This site is optimized with the Yoast SEO Premium plugin v26.9 (Yoast SEO v27.4) - https:\/\/yoast.com\/product\/yoast-seo-premium-wordpress\/ -->\n<title>Configurer Ecooter E5 - ETRIX Elektroroller<\/title>\n<meta name=\"description\" content=\"Scooter \u00e9lectrique Ecooter E5 \u2713 8kW \u2713 103km\/h \u2713 Le nouveau speedster est amusant et a une puissance \u00e9norme \u2713 Il a une autonomie allant jusqu\u2019\u00e0 200 km.\" \/>\n<meta name=\"robots\" content=\"index, follow, max-snippet:-1, max-image-preview:large, max-video-preview:-1\" \/>\n<link rel=\"canonical\" href=\"https:\/\/www.etrix.ch\/fr\/produit\/ecooter-e5\/\" \/>\n<meta property=\"og:locale\" content=\"fr_FR\" \/>\n<meta property=\"og:type\" content=\"article\" \/>\n<meta property=\"og:title\" content=\"Configurer Ecooter E5\" \/>\n<meta property=\"og:description\" content=\"Scooter \u00e9lectrique Ecooter E5 \u2713 8kW \u2713 103km\/h \u2713 Le nouveau speedster est amusant et a une puissance \u00e9norme \u2713 Il a une autonomie allant jusqu\u2019\u00e0 200 km.\" \/>\n<meta property=\"og:url\" content=\"https:\/\/www.etrix.ch\/fr\/produit\/ecooter-e5\/\" \/>\n<meta property=\"og:site_name\" content=\"ETRIX Elektroroller\" \/>\n<meta property=\"article:publisher\" content=\"https:\/\/m.facebook.com\/etrix.emotos\/\" \/>\n<meta property=\"article:modified_time\" content=\"2026-04-27T06:10:15+00:00\" \/>\n<meta property=\"og:image\" content=\"https:\/\/www.etrix.ch\/media\/2022\/02\/E5_mattSilver_WinterSpecial-min.png\" \/>\n\t<meta property=\"og:image:width\" content=\"1500\" \/>\n\t<meta property=\"og:image:height\" content=\"1200\" \/>\n\t<meta property=\"og:image:type\" content=\"image\/png\" \/>\n<meta name=\"twitter:card\" content=\"summary_large_image\" \/>\n<meta name=\"twitter:site\" content=\"@etrixag\" \/>\n<meta name=\"twitter:label1\" content=\"Disponibilit\u00e9\" \/>\n\t<meta name=\"twitter:data1\" content=\"Rupture de stock\" \/>\n<script type=\"application\/ld+json\" class=\"yoast-schema-graph\">{\"@context\":\"https:\\\/\\\/schema.org\",\"@graph\":[{\"@type\":\"WebPage\",\"@id\":\"https:\\\/\\\/www.etrix.ch\\\/fr\\\/produit\\\/ecooter-e5\\\/\",\"url\":\"https:\\\/\\\/www.etrix.ch\\\/fr\\\/produit\\\/ecooter-e5\\\/\",\"name\":\"Configurer Ecooter E5 - ETRIX Elektroroller\",\"isPartOf\":{\"@id\":\"https:\\\/\\\/www.etrix.ch\\\/fr\\\/#website\"},\"primaryImageOfPage\":{\"@id\":\"https:\\\/\\\/www.etrix.ch\\\/fr\\\/produit\\\/ecooter-e5\\\/#primaryimage\"},\"image\":{\"@id\":\"https:\\\/\\\/www.etrix.ch\\\/fr\\\/produit\\\/ecooter-e5\\\/#primaryimage\"},\"thumbnailUrl\":\"https:\\\/\\\/www.etrix.ch\\\/media\\\/2022\\\/02\\\/E5_mattSilver_WinterSpecial-min.png\",\"datePublished\":\"2022-02-03T09:38:43+00:00\",\"dateModified\":\"2026-04-27T06:10:15+00:00\",\"description\":\"Scooter \u00e9lectrique Ecooter E5 \u2713 8kW \u2713 103km\\\/h \u2713 Le nouveau speedster est amusant et a une puissance \u00e9norme \u2713 Il a une autonomie allant jusqu\u2019\u00e0 200 km.\",\"breadcrumb\":{\"@id\":\"https:\\\/\\\/www.etrix.ch\\\/fr\\\/produit\\\/ecooter-e5\\\/#breadcrumb\"},\"inLanguage\":\"fr-FR\",\"potentialAction\":[{\"@type\":\"ReadAction\",\"target\":[\"https:\\\/\\\/www.etrix.ch\\\/fr\\\/produit\\\/ecooter-e5\\\/\"]}]},{\"@type\":\"ImageObject\",\"inLanguage\":\"fr-FR\",\"@id\":\"https:\\\/\\\/www.etrix.ch\\\/fr\\\/produit\\\/ecooter-e5\\\/#primaryimage\",\"url\":\"https:\\\/\\\/www.etrix.ch\\\/media\\\/2022\\\/02\\\/E5_mattSilver_WinterSpecial-min.png\",\"contentUrl\":\"https:\\\/\\\/www.etrix.ch\\\/media\\\/2022\\\/02\\\/E5_mattSilver_WinterSpecial-min.png\",\"width\":1500,\"height\":1200,\"caption\":\"E5 Mattsilver Sp\u00e9cial hiver Min\"},{\"@type\":\"BreadcrumbList\",\"@id\":\"https:\\\/\\\/www.etrix.ch\\\/fr\\\/produit\\\/ecooter-e5\\\/#breadcrumb\",\"itemListElement\":[{\"@type\":\"ListItem\",\"position\":1,\"name\":\"Accueil\",\"item\":\"https:\\\/\\\/www.etrix.ch\\\/fr\\\/\"},{\"@type\":\"ListItem\",\"position\":2,\"name\":\"Boutique\",\"item\":\"https:\\\/\\\/www.etrix.ch\\\/fr\\\/boutique\\\/\"},{\"@type\":\"ListItem\",\"position\":3,\"name\":\"Configurer Ecooter E5\"}]},{\"@type\":\"WebSite\",\"@id\":\"https:\\\/\\\/www.etrix.ch\\\/fr\\\/#website\",\"url\":\"https:\\\/\\\/www.etrix.ch\\\/fr\\\/\",\"name\":\"ETRIX Elektroroller\",\"description\":\"E-Motos\",\"publisher\":{\"@id\":\"https:\\\/\\\/www.etrix.ch\\\/fr\\\/#organization\"},\"potentialAction\":[{\"@type\":\"SearchAction\",\"target\":{\"@type\":\"EntryPoint\",\"urlTemplate\":\"https:\\\/\\\/www.etrix.ch\\\/fr\\\/?s={search_term_string}\"},\"query-input\":{\"@type\":\"PropertyValueSpecification\",\"valueRequired\":true,\"valueName\":\"search_term_string\"}}],\"inLanguage\":\"fr-FR\"},{\"@type\":[\"Organization\",\"Place\",\"MotorcycleDealer\"],\"@id\":\"https:\\\/\\\/www.etrix.ch\\\/fr\\\/#organization\",\"name\":\"ETRIX E-Motos\",\"url\":\"https:\\\/\\\/www.etrix.ch\\\/fr\\\/\",\"logo\":{\"@id\":\"https:\\\/\\\/www.etrix.ch\\\/fr\\\/produit\\\/ecooter-e5\\\/#local-main-organization-logo\"},\"image\":{\"@id\":\"https:\\\/\\\/www.etrix.ch\\\/fr\\\/produit\\\/ecooter-e5\\\/#local-main-organization-logo\"},\"sameAs\":[\"https:\\\/\\\/m.facebook.com\\\/etrix.emotos\\\/\",\"https:\\\/\\\/x.com\\\/etrixag\",\"https:\\\/\\\/www.instagram.com\\\/etrix_emotos\\\/p\\\/BtVW6bXHtNv\\\/\",\"https:\\\/\\\/www.linkedin.com\\\/company\\\/etrix-ag\",\"https:\\\/\\\/www.youtube.com\\\/channel\\\/UCSd-hJdu5u8xPUEY60jexOw\"],\"address\":{\"@id\":\"https:\\\/\\\/www.etrix.ch\\\/fr\\\/produit\\\/ecooter-e5\\\/#local-main-place-address\"},\"geo\":{\"@type\":\"GeoCoordinates\",\"latitude\":\"47.43839497999372\",\"longitude\":\"8.465227605227366\"},\"telephone\":[\"043 931 00 45\"],\"openingHoursSpecification\":[{\"@type\":\"OpeningHoursSpecification\",\"dayOfWeek\":[\"Monday\",\"Sunday\"],\"opens\":\"00:00\",\"closes\":\"00:00\"},{\"@type\":\"OpeningHoursSpecification\",\"dayOfWeek\":[\"Tuesday\",\"Wednesday\",\"Thursday\",\"Friday\"],\"opens\":\"10:00\",\"closes\":\"18:00\"},{\"@type\":\"OpeningHoursSpecification\",\"dayOfWeek\":[\"Saturday\"],\"opens\":\"10:00\",\"closes\":\"15:00\"}]},{\"@type\":\"PostalAddress\",\"@id\":\"https:\\\/\\\/www.etrix.ch\\\/fr\\\/produit\\\/ecooter-e5\\\/#local-main-place-address\",\"streetAddress\":\"Riedthofstrasse 122\",\"addressLocality\":\"Regensdorf\",\"postalCode\":\"8105\",\"addressRegion\":\"Z\u00fcrich\",\"addressCountry\":\"CH\"},{\"@type\":\"ImageObject\",\"inLanguage\":\"fr-FR\",\"@id\":\"https:\\\/\\\/www.etrix.ch\\\/fr\\\/produit\\\/ecooter-e5\\\/#local-main-organization-logo\",\"url\":\"https:\\\/\\\/www.etrix.ch\\\/media\\\/2021\\\/05\\\/ETRIX-logo.png\",\"contentUrl\":\"https:\\\/\\\/www.etrix.ch\\\/media\\\/2021\\\/05\\\/ETRIX-logo.png\",\"width\":470,\"height\":85,\"caption\":\"ETRIX E-Motos\"}]}<\/script>\n<meta property=\"product:brand\" content=\"Ecooter\" \/>\n<meta property=\"og:availability\" content=\"out of stock\" \/>\n<meta property=\"product:availability\" content=\"out of stock\" \/>\n<meta property=\"product:retailer_item_id\" content=\"2aded\" \/>\n<meta property=\"product:condition\" content=\"new\" \/>\n<meta name=\"geo.placename\" content=\"Regensdorf\" \/>\n<meta name=\"geo.position\" content=\"47.43839497999372;8.465227605227366\" \/>\n<meta name=\"geo.region\" content=\"Suisse\" \/>\n<!-- \/ Yoast SEO Premium plugin. -->","yoast_head_json":{"title":"Configurer Ecooter E5 - ETRIX Elektroroller","description":"Scooter \u00e9lectrique Ecooter E5 \u2713 8kW \u2713 103km\/h \u2713 Le nouveau speedster est amusant et a une puissance \u00e9norme \u2713 Il a une autonomie allant jusqu\u2019\u00e0 200 km.","robots":{"index":"index","follow":"follow","max-snippet":"max-snippet:-1","max-image-preview":"max-image-preview:large","max-video-preview":"max-video-preview:-1"},"canonical":"https:\/\/www.etrix.ch\/fr\/produit\/ecooter-e5\/","og_locale":"fr_FR","og_type":"article","og_title":"Configurer Ecooter E5","og_description":"Scooter \u00e9lectrique Ecooter E5 \u2713 8kW \u2713 103km\/h \u2713 Le nouveau speedster est amusant et a une puissance \u00e9norme \u2713 Il a une autonomie allant jusqu\u2019\u00e0 200 km.","og_url":"https:\/\/www.etrix.ch\/fr\/produit\/ecooter-e5\/","og_site_name":"ETRIX Elektroroller","article_publisher":"https:\/\/m.facebook.com\/etrix.emotos\/","article_modified_time":"2026-04-27T06:10:15+00:00","og_image":[{"width":1500,"height":1200,"url":"https:\/\/www.etrix.ch\/media\/2022\/02\/E5_mattSilver_WinterSpecial-min.png","type":"image\/png"}],"twitter_card":"summary_large_image","twitter_site":"@etrixag","twitter_misc":{"Disponibilit\u00e9":"Rupture de stock"},"schema":{"@context":"https:\/\/schema.org","@graph":[{"@type":"WebPage","@id":"https:\/\/www.etrix.ch\/fr\/produit\/ecooter-e5\/","url":"https:\/\/www.etrix.ch\/fr\/produit\/ecooter-e5\/","name":"Configurer Ecooter E5 - ETRIX Elektroroller","isPartOf":{"@id":"https:\/\/www.etrix.ch\/fr\/#website"},"primaryImageOfPage":{"@id":"https:\/\/www.etrix.ch\/fr\/produit\/ecooter-e5\/#primaryimage"},"image":{"@id":"https:\/\/www.etrix.ch\/fr\/produit\/ecooter-e5\/#primaryimage"},"thumbnailUrl":"https:\/\/www.etrix.ch\/media\/2022\/02\/E5_mattSilver_WinterSpecial-min.png","datePublished":"2022-02-03T09:38:43+00:00","dateModified":"2026-04-27T06:10:15+00:00","description":"Scooter \u00e9lectrique Ecooter E5 \u2713 8kW \u2713 103km\/h \u2713 Le nouveau speedster est amusant et a une puissance \u00e9norme \u2713 Il a une autonomie allant jusqu\u2019\u00e0 200 km.","breadcrumb":{"@id":"https:\/\/www.etrix.ch\/fr\/produit\/ecooter-e5\/#breadcrumb"},"inLanguage":"fr-FR","potentialAction":[{"@type":"ReadAction","target":["https:\/\/www.etrix.ch\/fr\/produit\/ecooter-e5\/"]}]},{"@type":"ImageObject","inLanguage":"fr-FR","@id":"https:\/\/www.etrix.ch\/fr\/produit\/ecooter-e5\/#primaryimage","url":"https:\/\/www.etrix.ch\/media\/2022\/02\/E5_mattSilver_WinterSpecial-min.png","contentUrl":"https:\/\/www.etrix.ch\/media\/2022\/02\/E5_mattSilver_WinterSpecial-min.png","width":1500,"height":1200,"caption":"E5 Mattsilver Sp\u00e9cial hiver Min"},{"@type":"BreadcrumbList","@id":"https:\/\/www.etrix.ch\/fr\/produit\/ecooter-e5\/#breadcrumb","itemListElement":[{"@type":"ListItem","position":1,"name":"Accueil","item":"https:\/\/www.etrix.ch\/fr\/"},{"@type":"ListItem","position":2,"name":"Boutique","item":"https:\/\/www.etrix.ch\/fr\/boutique\/"},{"@type":"ListItem","position":3,"name":"Configurer Ecooter E5"}]},{"@type":"WebSite","@id":"https:\/\/www.etrix.ch\/fr\/#website","url":"https:\/\/www.etrix.ch\/fr\/","name":"ETRIX Elektroroller","description":"E-Motos","publisher":{"@id":"https:\/\/www.etrix.ch\/fr\/#organization"},"potentialAction":[{"@type":"SearchAction","target":{"@type":"EntryPoint","urlTemplate":"https:\/\/www.etrix.ch\/fr\/?s={search_term_string}"},"query-input":{"@type":"PropertyValueSpecification","valueRequired":true,"valueName":"search_term_string"}}],"inLanguage":"fr-FR"},{"@type":["Organization","Place","MotorcycleDealer"],"@id":"https:\/\/www.etrix.ch\/fr\/#organization","name":"ETRIX E-Motos","url":"https:\/\/www.etrix.ch\/fr\/","logo":{"@id":"https:\/\/www.etrix.ch\/fr\/produit\/ecooter-e5\/#local-main-organization-logo"},"image":{"@id":"https:\/\/www.etrix.ch\/fr\/produit\/ecooter-e5\/#local-main-organization-logo"},"sameAs":["https:\/\/m.facebook.com\/etrix.emotos\/","https:\/\/x.com\/etrixag","https:\/\/www.instagram.com\/etrix_emotos\/p\/BtVW6bXHtNv\/","https:\/\/www.linkedin.com\/company\/etrix-ag","https:\/\/www.youtube.com\/channel\/UCSd-hJdu5u8xPUEY60jexOw"],"address":{"@id":"https:\/\/www.etrix.ch\/fr\/produit\/ecooter-e5\/#local-main-place-address"},"geo":{"@type":"GeoCoordinates","latitude":"47.43839497999372","longitude":"8.465227605227366"},"telephone":["043 931 00 45"],"openingHoursSpecification":[{"@type":"OpeningHoursSpecification","dayOfWeek":["Monday","Sunday"],"opens":"00:00","closes":"00:00"},{"@type":"OpeningHoursSpecification","dayOfWeek":["Tuesday","Wednesday","Thursday","Friday"],"opens":"10:00","closes":"18:00"},{"@type":"OpeningHoursSpecification","dayOfWeek":["Saturday"],"opens":"10:00","closes":"15:00"}]},{"@type":"PostalAddress","@id":"https:\/\/www.etrix.ch\/fr\/produit\/ecooter-e5\/#local-main-place-address","streetAddress":"Riedthofstrasse 122","addressLocality":"Regensdorf","postalCode":"8105","addressRegion":"Z\u00fcrich","addressCountry":"CH"},{"@type":"ImageObject","inLanguage":"fr-FR","@id":"https:\/\/www.etrix.ch\/fr\/produit\/ecooter-e5\/#local-main-organization-logo","url":"https:\/\/www.etrix.ch\/media\/2021\/05\/ETRIX-logo.png","contentUrl":"https:\/\/www.etrix.ch\/media\/2021\/05\/ETRIX-logo.png","width":470,"height":85,"caption":"ETRIX E-Motos"}]},"product_brand":"Ecooter","og_availability":"out of stock","product_availability":"out of stock","product_retailer_item_id":"2aded","product_condition":"new","geo.placename":"Regensdorf","geo.position":{"lat":"47.43839497999372","long":"8.465227605227366"},"geo.region":"Suisse"},"_links":{"self":[{"href":"https:\/\/www.etrix.ch\/fr\/wp-json\/wp\/v2\/product\/10338","targetHints":{"allow":["GET"]}}],"collection":[{"href":"https:\/\/www.etrix.ch\/fr\/wp-json\/wp\/v2\/product"}],"about":[{"href":"https:\/\/www.etrix.ch\/fr\/wp-json\/wp\/v2\/types\/product"}],"wp:featuredmedia":[{"embeddable":true,"href":"https:\/\/www.etrix.ch\/fr\/wp-json\/wp\/v2\/media\/36871"}],"wp:attachment":[{"href":"https:\/\/www.etrix.ch\/fr\/wp-json\/wp\/v2\/media?parent=10338"}],"wp:term":[{"taxonomy":"product_brand","embeddable":true,"href":"https:\/\/www.etrix.ch\/fr\/wp-json\/wp\/v2\/product_brand?post=10338"},{"taxonomy":"product_cat","embeddable":true,"href":"https:\/\/www.etrix.ch\/fr\/wp-json\/wp\/v2\/product_cat?post=10338"},{"taxonomy":"product_tag","embeddable":true,"href":"https:\/\/www.etrix.ch\/fr\/wp-json\/wp\/v2\/product_tag?post=10338"}],"curies":[{"name":"wp","href":"https:\/\/api.w.org\/{rel}","templated":true}]}}