{"id":33247,"date":"2025-02-14T11:36:39","date_gmt":"2025-02-14T10:36:39","guid":{"rendered":"https:\/\/www.etrix.ch\/e-cross\/zero-xe\/"},"modified":"2025-06-26T16:44:39","modified_gmt":"2025-06-26T14:44:39","slug":"zero-xe","status":"publish","type":"page","link":"https:\/\/www.etrix.ch\/fr\/e-cross\/zero-xe\/","title":{"rendered":"Z\u00c9RO XE"},"content":{"rendered":"\n<div class=\"wp-block-columns alignfull is-style-spalte-top-bild und-black mar0 is-layout-flex wp-container-core-columns-is-layout-9d6595d7 wp-block-columns-is-layout-flex\">\n<div class=\"wp-block-column is-style-top-bild-mask has-contrast-color has-text-color is-layout-flow wp-block-column-is-layout-flow\">\n<figure class=\"wp-block-image alignfull size-full\"><img decoding=\"async\" width=\"2000\" height=\"1334\" src=\"https:\/\/www.etrix.ch\/media\/2025\/02\/Zero-2025-XE-13.jpg\" alt=\"Z\u00e9ro 2025 Xe 13\" class=\"wp-image-33076\" srcset=\"https:\/\/www.etrix.ch\/media\/2025\/02\/Zero-2025-XE-13.jpg 2000w, https:\/\/www.etrix.ch\/media\/2025\/02\/Zero-2025-XE-13-300x200.jpg 300w, https:\/\/www.etrix.ch\/media\/2025\/02\/Zero-2025-XE-13-1024x683.jpg 1024w, https:\/\/www.etrix.ch\/media\/2025\/02\/Zero-2025-XE-13-768x512.jpg 768w, https:\/\/www.etrix.ch\/media\/2025\/02\/Zero-2025-XE-13-1536x1025.jpg 1536w, https:\/\/www.etrix.ch\/media\/2025\/02\/Zero-2025-XE-13-1320x880.jpg 1320w, https:\/\/www.etrix.ch\/media\/2025\/02\/Zero-2025-XE-13-900x600.jpg 900w\" sizes=\"(max-width: 2000px) 100vw, 2000px\"><\/figure>\n<\/div>\n<\/div>\n\n<div class=\"wp-block-group alignfull has-contrast-background-color has-background\"><div class=\"wp-block-group__inner-container is-layout-constrained wp-block-group-is-layout-constrained\"><div class=\"gb-container gb-container-43386b76\">\n\n<p class=\"gb-headline gb-headline-a0ff76e2 gb-headline-text font-os\">Z\u00c9RO XE<\/p>\n\n\n\n<div class=\"wp-block-columns neue-spalten has-base-3-color has-text-color has-link-color wp-elements-be67dc0bd7dc9f84a85a28933fb166ca is-layout-flex wp-container-core-columns-is-layout-9d6595d7 wp-block-columns-is-layout-flex\">\n<div class=\"wp-block-column line-right is-layout-flow wp-block-column-is-layout-flow\">\n<p class=\"font-os\" style=\"margin-top:0;margin-bottom:0;font-size:28px\"><strong>85 km\/h<\/strong><\/p>\n\n\n\n<p class=\"is-style-text-ber-titel2\" style=\"margin-top:0;margin-bottom:0\"><sup>Vitesse max.<\/sup><\/p>\n<\/div>\n\n\n\n<div class=\"wp-block-column line-right is-layout-flow wp-block-column-is-layout-flow\">\n<p class=\"font-os\" style=\"margin-top:0;margin-bottom:0;font-size:28px\"><strong>100 km<\/strong><\/p>\n\n\n\n<p class=\"is-style-text-ber-titel2\" style=\"margin-top:0;margin-bottom:0\"><sup>Atteindre <\/sup><br><sup>(\u00e0 50 km\/h)<\/sup><\/p>\n<\/div>\n\n\n\n<div class=\"wp-block-column line-right is-layout-flow wp-block-column-is-layout-flow\">\n<p class=\"font-os\" style=\"margin-top:0;margin-bottom:0;font-size:28px\"><strong>15,5 kW<\/strong><\/p>\n\n\n\n<p class=\"is-style-text-ber-titel2\" style=\"margin-top:0;margin-bottom:0\"><sup>Puissance<\/sup><\/p>\n<\/div>\n\n\n\n<div class=\"wp-block-column is-layout-flow wp-block-column-is-layout-flow\">\n<p class=\"font-os\" style=\"margin-top:0;margin-bottom:0;font-size:28px\"><strong>5\u2019820.\u2013  <\/strong><\/p>\n\n\n\n<p class=\"is-style-text-ber-titel2\" style=\"margin-top:0;margin-bottom:0\"><sup>Prix \u00e0 partir de CHF<\/sup><\/p>\n<\/div>\n<\/div>\n\n\n\n<p class=\"gb-headline gb-headline-422069ec\"><span class=\"gb-icon\"><svg xmlns=\"http:\/\/www.w3.org\/2000\/svg\" aria-hidden=\"true\" role=\"img\" height=\"1em\" width=\"1em\" viewbox=\"0 0 256 512\"><path fill=\"currentColor\" d=\"M224.3 273l-136 136c-9.4 9.4-24.6 9.4-33.9 0l-22.6-22.6c-9.4-9.4-9.4-24.6 0-33.9l96.4-96.4-96.4-96.4c-9.4-9.4-9.4-24.6 0-33.9L54.3 103c9.4-9.4 24.6-9.4 33.9 0l136 136c9.5 9.4 9.5 24.6.1 34z\"><\/path><\/svg><\/span><span class=\"gb-headline-text\"><a href=\"#tech-details\">tous les d\u00e9tails techniques<\/a><\/span><\/p>\n\n<\/div><\/div><\/div>\n\n<div style=\"height:50px\" aria-hidden=\"true\" class=\"wp-block-spacer\"><\/div>\n\n<div class=\"wp-block-columns alignfull are-vertically-aligned-center is-style-einstiegstext is-layout-flex wp-container-core-columns-is-layout-9d6595d7 wp-block-columns-is-layout-flex\" id=\"inhalt\">\n<div class=\"wp-block-column is-vertically-aligned-center is-layout-flow wp-block-column-is-layout-flow\"><h1 class=\"wp-block-post-title\">Z\u00c9RO XE<\/h1>\n\n\n<p><strong>La Zero XE offre une polyvalence maximale de s\u00e9rie.<\/strong><br>Avec un ch\u00e2ssis r\u00e9gl\u00e9 avec pr\u00e9cision en usine et un contr\u00f4le de traction d\u00e9sactivable, elle garantit une conduite parfaitement contr\u00f4lable \u00e0 tout moment, m\u00eame sur les terrains difficiles et accident\u00e9s. Qu\u2019il s\u2019agisse d\u2019une pente raide, d\u2019un terrain meuble ou d\u2019un virage serr\u00e9, la Zero XE reste stable, r\u00e9active et toujours souveraine. Ainsi, chaque aventure devient une exp\u00e9rience contr\u00f4l\u00e9e avec un maximum de plaisir de conduite.  <\/p>\n\n\n\n<div class=\"wp-block-buttons is-layout-flex wp-block-buttons-is-layout-flex\">\n<div class=\"wp-block-button is-style-button-default\"><a class=\"wp-block-button__link wp-element-button\" href=\"https:\/\/www.etrix.ch\/fr\/produit\/reserver-zero-xe\/\">Configurer ZERO XE<\/a><\/div>\n<\/div>\n<\/div>\n\n\n\n<div class=\"wp-block-column is-vertically-aligned-center is-layout-flow wp-block-column-is-layout-flow\" style=\"flex-basis:30px\"><\/div>\n\n\n\n<div class=\"wp-block-column is-vertically-aligned-center is-style-default is-layout-flow wp-block-column-is-layout-flow\">\n<figure class=\"wp-block-image size-large\"><img decoding=\"async\" width=\"1024\" height=\"578\" src=\"https:\/\/www.etrix.ch\/media\/2025\/02\/ZeroXE-EU-RH-1024x578.jpg\" alt=\"Z\u00e9ro xe Eu Rh\" class=\"wp-image-33092\" srcset=\"https:\/\/www.etrix.ch\/media\/2025\/02\/ZeroXE-EU-RH-1024x578.jpg 1024w, https:\/\/www.etrix.ch\/media\/2025\/02\/ZeroXE-EU-RH-300x169.jpg 300w, https:\/\/www.etrix.ch\/media\/2025\/02\/ZeroXE-EU-RH-768x434.jpg 768w, https:\/\/www.etrix.ch\/media\/2025\/02\/ZeroXE-EU-RH-1536x867.jpg 1536w, https:\/\/www.etrix.ch\/media\/2025\/02\/ZeroXE-EU-RH-1320x745.jpg 1320w, https:\/\/www.etrix.ch\/media\/2025\/02\/ZeroXE-EU-RH-900x508.jpg 900w, https:\/\/www.etrix.ch\/media\/2025\/02\/ZeroXE-EU-RH.jpg 2000w\" sizes=\"(max-width: 1024px) 100vw, 1024px\"><\/figure>\n<\/div>\n\n\n\n<div class=\"wp-block-column is-vertically-aligned-center is-layout-flow wp-block-column-is-layout-flow\" style=\"flex-basis:30px\"><\/div>\n<\/div>\n\n<div class=\"wp-block-columns alignfull is-style-spalten-bild-links is-layout-flex wp-container-core-columns-is-layout-9d6595d7 wp-block-columns-is-layout-flex\">\n<div class=\"wp-block-column is-style-bild-mask-2 is-layout-flow wp-block-column-is-layout-flow\">\n<figure class=\"wp-block-image size-full is-style-bild-center\"><img decoding=\"async\" width=\"2000\" height=\"1334\" src=\"https:\/\/www.etrix.ch\/media\/2025\/02\/Zero-2025-XE-12.jpg\" alt=\"Z\u00e9ro 2025 Xe 12\" class=\"wp-image-33072\" srcset=\"https:\/\/www.etrix.ch\/media\/2025\/02\/Zero-2025-XE-12.jpg 2000w, https:\/\/www.etrix.ch\/media\/2025\/02\/Zero-2025-XE-12-300x200.jpg 300w, https:\/\/www.etrix.ch\/media\/2025\/02\/Zero-2025-XE-12-1024x683.jpg 1024w, https:\/\/www.etrix.ch\/media\/2025\/02\/Zero-2025-XE-12-768x512.jpg 768w, https:\/\/www.etrix.ch\/media\/2025\/02\/Zero-2025-XE-12-1536x1025.jpg 1536w, https:\/\/www.etrix.ch\/media\/2025\/02\/Zero-2025-XE-12-1320x880.jpg 1320w, https:\/\/www.etrix.ch\/media\/2025\/02\/Zero-2025-XE-12-900x600.jpg 900w\" sizes=\"(max-width: 2000px) 100vw, 2000px\"><\/figure>\n<\/div>\n\n\n\n<div class=\"wp-block-column is-layout-flow wp-block-column-is-layout-flow\">\n<p class=\"is-style-text-ber-titel\" style=\"text-transform:uppercase\">Explosif<\/p>\n\n\n\n<h2 class=\"wp-block-heading\" id=\"my-silence-app\"><strong>POUVOIR. JEU <\/strong><\/h2>\n\n\n\n<p>La Zero XE est une v\u00e9ritable centrale \u00e9lectrique avec un rapport poids\/puissance imbattable. Qu\u2019il s\u2019agisse de terre, de boue ou d\u2019\u00e9boulis, il se fraye un chemin sans effort. Gr\u00e2ce au couple le plus \u00e9lev\u00e9 de sa cat\u00e9gorie \u00e0 la roue arri\u00e8re et au ch\u00e2ssis parfaitement r\u00e9gl\u00e9, c\u2019est un r\u00eave pour tous les fans de tout-terrain. Si vous \u00eates \u00e0 la recherche d\u2019une puissance explosive et d\u2019une acc\u00e9l\u00e9ration sans interruption, vous adorerez la Zero XE.   <\/p>\n<\/div>\n<\/div>\n\n<div class=\"wp-block-columns alignfull is-style-spalten-bild-links is-layout-flex wp-container-core-columns-is-layout-9d6595d7 wp-block-columns-is-layout-flex\">\n<div class=\"wp-block-column is-style-bild-mask-3 is-layout-flow wp-block-column-is-layout-flow\">\n<figure class=\"wp-block-image size-large is-style-bild-center\"><img decoding=\"async\" width=\"1024\" height=\"683\" src=\"https:\/\/www.etrix.ch\/media\/2025\/02\/ZeroXB-ZeroXE-1-1024x683.jpg\" alt=\"Zeroxb Zeroxe 1\" class=\"wp-image-33080\" srcset=\"https:\/\/www.etrix.ch\/media\/2025\/02\/ZeroXB-ZeroXE-1-1024x683.jpg 1024w, https:\/\/www.etrix.ch\/media\/2025\/02\/ZeroXB-ZeroXE-1-300x200.jpg 300w, https:\/\/www.etrix.ch\/media\/2025\/02\/ZeroXB-ZeroXE-1-768x512.jpg 768w, https:\/\/www.etrix.ch\/media\/2025\/02\/ZeroXB-ZeroXE-1-1536x1025.jpg 1536w, https:\/\/www.etrix.ch\/media\/2025\/02\/ZeroXB-ZeroXE-1-1320x880.jpg 1320w, https:\/\/www.etrix.ch\/media\/2025\/02\/ZeroXB-ZeroXE-1-900x600.jpg 900w, https:\/\/www.etrix.ch\/media\/2025\/02\/ZeroXB-ZeroXE-1.jpg 2000w\" sizes=\"(max-width: 1024px) 100vw, 1024px\"><\/figure>\n<\/div>\n\n\n\n<div class=\"wp-block-column is-layout-flow wp-block-column-is-layout-flow\">\n<p class=\"is-style-text-ber-titel\" style=\"text-transform:uppercase\">SUR TOUS LES TERRAINS<\/p>\n\n\n\n<h2 class=\"wp-block-heading\" id=\"my-silence-app\">PARFAITEMENT ASSORTI<\/h2>\n\n\n\n<p>La Zero XE est un ma\u00eetre de l\u2019adaptabilit\u00e9, offrant au cycliste un contr\u00f4le optimal dans toutes les situations. Que ce soit sur des pistes tout-terrain exigeantes ou dans la jungle urbaine, cette machine rel\u00e8ve tous les d\u00e9fis avec brio. <\/p>\n\n\n\n<p><strong>Polyvalence de s\u00e9rie<\/strong><\/p>\n\n\n\n<p>La XE est con\u00e7ue pour s\u2019adapter sans probl\u00e8me \u00e0 diff\u00e9rents environnements. Au c\u0153ur de cette polyvalence se trouve le ch\u00e2ssis r\u00e9gl\u00e9 en usine, d\u00e9velopp\u00e9 en collaboration avec des pilotes exp\u00e9riment\u00e9s. Il offre un \u00e9quilibre parfait entre confort et performance, pour que vous gardiez un contr\u00f4le total m\u00eame sur les pistes les plus difficiles.  <\/p>\n<\/div>\n<\/div>\n\n<div class=\"wp-block-columns alignfull is-style-spalten-bild-links is-layout-flex wp-container-core-columns-is-layout-9d6595d7 wp-block-columns-is-layout-flex\">\n<div class=\"wp-block-column is-style-bild-mask-2 is-layout-flow wp-block-column-is-layout-flow\">\n<figure class=\"wp-block-image size-large is-style-bild-center\"><img decoding=\"async\" width=\"1024\" height=\"683\" src=\"https:\/\/www.etrix.ch\/media\/2025\/02\/Zero-2025-XE-4-1024x683.jpg\" alt=\"Z\u00e9ro 2025 Xe 4\" class=\"wp-image-33044\" srcset=\"https:\/\/www.etrix.ch\/media\/2025\/02\/Zero-2025-XE-4-1024x683.jpg 1024w, https:\/\/www.etrix.ch\/media\/2025\/02\/Zero-2025-XE-4-300x200.jpg 300w, https:\/\/www.etrix.ch\/media\/2025\/02\/Zero-2025-XE-4-768x512.jpg 768w, https:\/\/www.etrix.ch\/media\/2025\/02\/Zero-2025-XE-4-1536x1025.jpg 1536w, https:\/\/www.etrix.ch\/media\/2025\/02\/Zero-2025-XE-4-1320x880.jpg 1320w, https:\/\/www.etrix.ch\/media\/2025\/02\/Zero-2025-XE-4-900x600.jpg 900w, https:\/\/www.etrix.ch\/media\/2025\/02\/Zero-2025-XE-4.jpg 2000w\" sizes=\"(max-width: 1024px) 100vw, 1024px\"><\/figure>\n<\/div>\n\n\n\n<div class=\"wp-block-column is-layout-flow wp-block-column-is-layout-flow\">\n<p class=\"is-style-text-ber-titel\" style=\"text-transform:uppercase\">Beaucoup de puissance<\/p>\n\n\n\n<h2 class=\"wp-block-heading\" id=\"my-silence-app\">CHARGEZ COMME UN PRO<\/h2>\n\n\n\n<p>La XE est aliment\u00e9e par une puissante batterie lithium-ion 74V 58Ah qui peut \u00eatre charg\u00e9e soit directement dans la moto, soit \u00e0 l\u2019ext\u00e9rieur. La batterie peut \u00eatre retir\u00e9e en quelques secondes, ce qui permet une charge pratique \u00e0 n\u2019importe quelle prise de courant. Avec une connexion standard de 220 V, la charge de 0 \u00e0 100 % ne prend que 5,5 heures pour la batterie de 4,3 kWh. Pour ceux qui ont besoin d\u2019une plus grande autonomie, la batterie peut \u00eatre remplac\u00e9e par une autre batterie pleine en un rien de temps.   <\/p>\n<\/div>\n<\/div>\n\n<div class=\"wp-block-columns alignfull is-style-spalte-full-bild is-layout-flex wp-container-core-columns-is-layout-9d6595d7 wp-block-columns-is-layout-flex\">\n<div class=\"wp-block-column is-style-full-bild-mask has-global-color-9-color has-text-color is-layout-flow wp-block-column-is-layout-flow\">\n<figure class=\"wp-block-image alignfull size-full is-style-default\"><img decoding=\"async\" width=\"2000\" height=\"1334\" src=\"https:\/\/www.etrix.ch\/media\/2025\/01\/Zero-xe-dashboard.jpeg\" alt=\"Tableau de bord Zero Xe\" class=\"wp-image-33099\" srcset=\"https:\/\/www.etrix.ch\/media\/2025\/01\/Zero-xe-dashboard.jpeg 2000w, https:\/\/www.etrix.ch\/media\/2025\/01\/Zero-xe-dashboard-300x200.jpeg 300w, https:\/\/www.etrix.ch\/media\/2025\/01\/Zero-xe-dashboard-1024x683.jpeg 1024w, https:\/\/www.etrix.ch\/media\/2025\/01\/Zero-xe-dashboard-768x512.jpeg 768w, https:\/\/www.etrix.ch\/media\/2025\/01\/Zero-xe-dashboard-1536x1025.jpeg 1536w, https:\/\/www.etrix.ch\/media\/2025\/01\/Zero-xe-dashboard-1320x880.jpeg 1320w, https:\/\/www.etrix.ch\/media\/2025\/01\/Zero-xe-dashboard-900x600.jpeg 900w\" sizes=\"(max-width: 2000px) 100vw, 2000px\"><\/figure>\n\n\n\n<div class=\"wp-block-group is-style-top-image-text-weiss\"><div class=\"wp-block-group__inner-container is-layout-flow wp-block-group-is-layout-flow\">\n<h2 class=\"wp-block-heading\" id=\"farbenfrohes-bildschirm\">TABLEAU DE BORD \u2013 Compact, intuitif, polyvalent<\/h2>\n\n\n\n<p class=\"is-style-default\">L\u2019\u00e9cran couleur TFT compact de 2,4 pouces de la Zero XE offre un affichage clair et une utilisation intuitive. Vous avez le choix entre trois modes de conduite : ECO, Standard et Sport. De plus, diverses fonctions telles que l\u2019assistance au d\u00e9marrage en c\u00f4te, le r\u00e9glage du taux de r\u00e9cup\u00e9ration, le capteur de carrossage, le r\u00e9gulateur de traction, le r\u00e9gulateur de vitesse et la marche arri\u00e8re peuvent \u00eatre s\u00e9lectionn\u00e9es et ajust\u00e9es \u00e0 partir du menu de l\u2019\u00e9cran.  <\/p>\n\n\n\n<p class=\"is-style-default\"><a href=\"https:\/\/www.etrix.ch\/fr\/produit\/reserver-zero-xe\/\">Configurer ZERO XE<\/a><\/p>\n<\/div><\/div>\n<\/div>\n<\/div>\n\n<div class=\"wp-block-columns alignfull is-style-spalten-bild-rechts is-layout-flex wp-container-core-columns-is-layout-9d6595d7 wp-block-columns-is-layout-flex\">\n<div class=\"wp-block-column is-style-bild-mask-3 is-layout-flow wp-block-column-is-layout-flow\">\n<figure class=\"wp-block-image size-full\"><img decoding=\"async\" width=\"600\" height=\"651\" src=\"https:\/\/www.etrix.ch\/media\/2021\/12\/ahorro_s01.png\" alt=\"\" class=\"wp-image-2366\" srcset=\"https:\/\/www.etrix.ch\/media\/2021\/12\/ahorro_s01.png 600w, https:\/\/www.etrix.ch\/media\/2021\/12\/ahorro_s01-276x300.png 276w\" sizes=\"(max-width: 600px) 100vw, 600px\"><\/figure>\n\n\n\n<figure class=\"wp-block-image size-large\"><img decoding=\"async\" width=\"1024\" height=\"683\" src=\"https:\/\/www.etrix.ch\/media\/2024\/12\/zero-xb-offroad-motor-min-1024x683.jpeg\" alt=\"Moteur tout-terrain z\u00e9ro xb min\" class=\"wp-image-32591\" srcset=\"https:\/\/www.etrix.ch\/media\/2024\/12\/zero-xb-offroad-motor-min-1024x683.jpeg 1024w, https:\/\/www.etrix.ch\/media\/2024\/12\/zero-xb-offroad-motor-min-300x200.jpeg 300w, https:\/\/www.etrix.ch\/media\/2024\/12\/zero-xb-offroad-motor-min-768x512.jpeg 768w, https:\/\/www.etrix.ch\/media\/2024\/12\/zero-xb-offroad-motor-min-1536x1025.jpeg 1536w, https:\/\/www.etrix.ch\/media\/2024\/12\/zero-xb-offroad-motor-min-1320x881.jpeg 1320w, https:\/\/www.etrix.ch\/media\/2024\/12\/zero-xb-offroad-motor-min-900x600.jpeg 900w, https:\/\/www.etrix.ch\/media\/2024\/12\/zero-xb-offroad-motor-min.jpeg 1920w\" sizes=\"(max-width: 1024px) 100vw, 1024px\"><\/figure>\n<\/div>\n\n\n\n<div class=\"wp-block-column is-layout-flow wp-block-column-is-layout-flow\">\n<p class=\"is-style-text-ber-titel\" style=\"text-transform:uppercase\">Puissant<\/p>\n\n\n\n<h2 class=\"wp-block-heading\" id=\"my-silence-app\">Moteur et entra\u00eenement<\/h2>\n\n\n\n<p><br><strong>MOTEUR<\/strong><br>Le moteur \u00e0 aimant permanent de 15,5 kW de la Zero XE est non seulement puissant, mais aussi efficace. Il est compl\u00e9t\u00e9 par un r\u00e9ducteur compact, sp\u00e9cialement con\u00e7u pour augmenter consid\u00e9rablement le couple au niveau de la roue arri\u00e8re. Avec un couple impressionnant de 635 Nm, la XE \u00e9tablit de nouvelles normes dans la cat\u00e9gorie tout-terrain. Cette combinaison d\u2019une technologie moteur de pointe et d\u2019une transmission de puissance sophistiqu\u00e9e assure une acc\u00e9l\u00e9ration explosive, un contr\u00f4le maximal et une exp\u00e9rience de conduite qui convainc m\u00eame dans des conditions extr\u00eames.   <\/p>\n<\/div>\n<\/div>\n\n<div class=\"wp-block-columns alignfull is-style-spalten-bild-rechts is-layout-flex wp-container-core-columns-is-layout-9d6595d7 wp-block-columns-is-layout-flex\">\n<div class=\"wp-block-column is-style-bild-mask-1 is-layout-flow wp-block-column-is-layout-flow\">\n<figure class=\"wp-block-image size-large\"><img decoding=\"async\" width=\"1024\" height=\"683\" src=\"https:\/\/www.etrix.ch\/media\/2025\/02\/Zero-2025-XE-5-1024x683.jpg\" alt=\"Z\u00e9ro 2025 Xe 5\" class=\"wp-image-33048\" srcset=\"https:\/\/www.etrix.ch\/media\/2025\/02\/Zero-2025-XE-5-1024x683.jpg 1024w, https:\/\/www.etrix.ch\/media\/2025\/02\/Zero-2025-XE-5-300x200.jpg 300w, https:\/\/www.etrix.ch\/media\/2025\/02\/Zero-2025-XE-5-768x512.jpg 768w, https:\/\/www.etrix.ch\/media\/2025\/02\/Zero-2025-XE-5-1536x1025.jpg 1536w, https:\/\/www.etrix.ch\/media\/2025\/02\/Zero-2025-XE-5-1320x880.jpg 1320w, https:\/\/www.etrix.ch\/media\/2025\/02\/Zero-2025-XE-5-900x600.jpg 900w, https:\/\/www.etrix.ch\/media\/2025\/02\/Zero-2025-XE-5.jpg 2000w\" sizes=\"(max-width: 1024px) 100vw, 1024px\"><\/figure>\n<\/div>\n\n\n\n<div class=\"wp-block-column is-layout-flow wp-block-column-is-layout-flow\">\n<p class=\"is-style-text-ber-titel\" style=\"text-transform:uppercase\">Une exp\u00e9rience de conduite optimale<\/p>\n\n\n\n<h2 class=\"wp-block-heading\" id=\"lorem-ipsum-dolor-sit-amet\">SUSPENSION &amp; FREINS<\/h2>\n\n\n\n<p>La suspension enti\u00e8rement r\u00e9glable de la Zero XE a \u00e9t\u00e9 sp\u00e9cialement r\u00e9gl\u00e9e en usine pour r\u00e9pondre aux exigences des styles de conduite nord-am\u00e9ricains et europ\u00e9ens ainsi qu\u2019aux diff\u00e9rents profils de terrain. Il offre un confort et un contr\u00f4le de premi\u00e8re classe \u00e0 l\u2019avant et \u00e0 l\u2019arri\u00e8re, quel que soit l\u2019attrait du terrain. <\/p>\n\n\n\n<p>Le frein arri\u00e8re de la Zero XE est commod\u00e9ment contr\u00f4l\u00e9 par la main gauche, ce qui permet un contr\u00f4le pr\u00e9cis du bout des doigts. Les \u00e9triers \u00e0 deux pistons, \u00e9quip\u00e9s d\u2019un disque de 220 mm \u00e0 l\u2019avant et d\u2019un disque de 203 mm \u00e0 l\u2019arri\u00e8re, fonctionnent avec des freins hydrauliques de moto DOT. Ceux-ci garantissent un haut degr\u00e9 de s\u00e9curit\u00e9 et de contr\u00f4le, m\u00eame dans des situations de conduite difficiles.  <\/p>\n<\/div>\n<\/div>\n\n<div class=\"wp-block-columns alignfull is-style-spalten-bild-rechts is-layout-flex wp-container-core-columns-is-layout-9d6595d7 wp-block-columns-is-layout-flex\">\n<div class=\"wp-block-column is-style-bild-mask-2 is-layout-flow wp-block-column-is-layout-flow\">\n<figure class=\"wp-block-image size-full\"><img decoding=\"async\" width=\"544\" height=\"370\" src=\"https:\/\/www.etrix.ch\/media\/2021\/12\/Bildschirmfoto-2021-12-10-um-10.34.03.png\" alt=\"\" class=\"wp-image-2426\" srcset=\"https:\/\/www.etrix.ch\/media\/2021\/12\/Bildschirmfoto-2021-12-10-um-10.34.03.png 544w, https:\/\/www.etrix.ch\/media\/2021\/12\/Bildschirmfoto-2021-12-10-um-10.34.03-300x204.png 300w\" sizes=\"(max-width: 544px) 100vw, 544px\"><\/figure>\n\n\n\n<figure class=\"wp-block-image size-large is-style-bild-center\"><img decoding=\"async\" width=\"1024\" height=\"683\" src=\"https:\/\/www.etrix.ch\/media\/2025\/02\/Zero-2025-XE-3-1024x683.jpg\" alt=\"Z\u00e9ro 2025 Xe 3\" class=\"wp-image-33040\" srcset=\"https:\/\/www.etrix.ch\/media\/2025\/02\/Zero-2025-XE-3-1024x683.jpg 1024w, https:\/\/www.etrix.ch\/media\/2025\/02\/Zero-2025-XE-3-300x200.jpg 300w, https:\/\/www.etrix.ch\/media\/2025\/02\/Zero-2025-XE-3-768x512.jpg 768w, https:\/\/www.etrix.ch\/media\/2025\/02\/Zero-2025-XE-3-1536x1025.jpg 1536w, https:\/\/www.etrix.ch\/media\/2025\/02\/Zero-2025-XE-3-1320x880.jpg 1320w, https:\/\/www.etrix.ch\/media\/2025\/02\/Zero-2025-XE-3-900x600.jpg 900w, https:\/\/www.etrix.ch\/media\/2025\/02\/Zero-2025-XE-3.jpg 2000w\" sizes=\"(max-width: 1024px) 100vw, 1024px\"><\/figure>\n<\/div>\n\n\n\n<div class=\"wp-block-column is-layout-flow wp-block-column-is-layout-flow\">\n<p class=\"is-style-text-ber-titel\" style=\"text-transform:uppercase\">Cadre en aluminium<\/p>\n\n\n\n<h2 class=\"wp-block-heading\" id=\"my-silence-app\">CH\u00c2SSIS<\/h2>\n\n\n\n<p>Le cadre de la Zero XE est fabriqu\u00e9 en alliage d\u2019aluminium forg\u00e9 6061, un mat\u00e9riau connu pour sa grande r\u00e9sistance et son faible poids. Cette construction offre non seulement une robustesse exceptionnelle, mais contribue \u00e9galement \u00e0 l\u2019agilit\u00e9 et \u00e0 l\u2019agilit\u00e9 impressionnantes du v\u00e9lo. Le cadre est compl\u00e9t\u00e9 par un bras oscillant tout aussi stable et fabriqu\u00e9 avec pr\u00e9cision qui r\u00e9siste sans effort aux exigences des conditions tout-terrain extr\u00eames.  <\/p>\n\n\n\n<p>La combinaison d\u2019un faible poids et d\u2019une grande stabilit\u00e9 fait du cadre la base id\u00e9ale pour un \u00e9quilibre parfait entre performance et contr\u00f4le. M\u00eame lors de man\u0153uvres de conduite agressives, d\u2019atterrissages difficiles ou de terrains accident\u00e9s, la structure reste fiable et offre une exp\u00e9rience de conduite s\u00fbre. Cette construction est con\u00e7ue pour donner aux professionnels et aux amateurs ambitieux la confiance n\u00e9cessaire pour ma\u00eetriser n\u2019importe quelle aventure.  <\/p>\n<\/div>\n<\/div>\n\n<div class=\"wp-block-columns alignfull is-style-spalten-bild-rechts is-layout-flex wp-container-core-columns-is-layout-9d6595d7 wp-block-columns-is-layout-flex\">\n<div class=\"wp-block-column is-style-bild-mask-3 is-layout-flow wp-block-column-is-layout-flow\">\n<figure class=\"wp-block-image size-large\"><img decoding=\"async\" width=\"1024\" height=\"683\" src=\"https:\/\/www.etrix.ch\/media\/2021\/12\/marcha-atras-1024x683.jpg\" alt=\"\" class=\"wp-image-2362\" srcset=\"https:\/\/www.etrix.ch\/media\/2021\/12\/marcha-atras-1024x683.jpg 1024w, https:\/\/www.etrix.ch\/media\/2021\/12\/marcha-atras-900x600.jpg 900w, https:\/\/www.etrix.ch\/media\/2021\/12\/marcha-atras-300x200.jpg 300w, https:\/\/www.etrix.ch\/media\/2021\/12\/marcha-atras-768x512.jpg 768w, https:\/\/www.etrix.ch\/media\/2021\/12\/marcha-atras-1536x1024.jpg 1536w, https:\/\/www.etrix.ch\/media\/2021\/12\/marcha-atras.jpg 1920w\" sizes=\"(max-width: 1024px) 100vw, 1024px\"><\/figure>\n\n\n\n<figure class=\"wp-block-image size-large is-style-bild-center\"><img decoding=\"async\" width=\"1024\" height=\"683\" src=\"https:\/\/www.etrix.ch\/media\/2025\/01\/Zero-xe-cross-reifen-min-1024x683.jpeg\" alt=\"Pneu Zero Xe Cross\" class=\"wp-image-33144\" srcset=\"https:\/\/www.etrix.ch\/media\/2025\/01\/Zero-xe-cross-reifen-min-1024x683.jpeg 1024w, https:\/\/www.etrix.ch\/media\/2025\/01\/Zero-xe-cross-reifen-min-300x200.jpeg 300w, https:\/\/www.etrix.ch\/media\/2025\/01\/Zero-xe-cross-reifen-min-768x512.jpeg 768w, https:\/\/www.etrix.ch\/media\/2025\/01\/Zero-xe-cross-reifen-min-1536x1025.jpeg 1536w, https:\/\/www.etrix.ch\/media\/2025\/01\/Zero-xe-cross-reifen-min-1320x880.jpeg 1320w, https:\/\/www.etrix.ch\/media\/2025\/01\/Zero-xe-cross-reifen-min-900x600.jpeg 900w, https:\/\/www.etrix.ch\/media\/2025\/01\/Zero-xe-cross-reifen-min.jpeg 2000w\" sizes=\"(max-width: 1024px) 100vw, 1024px\"><\/figure>\n<\/div>\n\n\n\n<div class=\"wp-block-column is-layout-flow wp-block-column-is-layout-flow\">\n<p class=\"is-style-text-ber-titel\" style=\"text-transform:uppercase\">Pneus clout\u00e9s<\/p>\n\n\n\n<h2 class=\"wp-block-heading\" id=\"my-silence-app\">ROUES &amp; PNEUS<\/h2>\n\n\n\n<p><strong>ROUES ET PNEUS<\/strong><br>La Zero XE est \u00e9quip\u00e9e de pneus \u00e0 crampons CST robustes qui offrent une traction et un contr\u00f4le maximaux sur les surfaces meubles et difficiles gr\u00e2ce \u00e0 leur bande de roulement sp\u00e9ciale hors route. Les pneus mesurent 21 pouces sur l\u2019essieu avant et 18 pouces sur l\u2019essieu arri\u00e8re, une combinaison qui assure une stabilit\u00e9 et une maniabilit\u00e9 optimales. <\/p>\n\n\n\n<p>Les roues \u00e0 rayons de la XE sont non seulement extr\u00eamement durables, mais aussi con\u00e7ues pour la flexibilit\u00e9 et l\u2019absorption des chocs. Cette conception absorbe efficacement les chocs et les bosses sur les terrains accident\u00e9s, am\u00e9liorant \u00e0 la fois la durabilit\u00e9 et la maniabilit\u00e9. Qu\u2019il s\u2019agisse de sentiers rocailleux, de sentiers boueux ou de sols sablonneux, les roues et les pneus de la Zero XE en font le compagnon id\u00e9al pour les aventures hors route.  <\/p>\n<\/div>\n<\/div>\n\n<div class=\"wp-block-columns alignfull is-style-spalte-full-bild-2 is-layout-flex wp-container-core-columns-is-layout-9d6595d7 wp-block-columns-is-layout-flex\">\n<div class=\"wp-block-column is-style-full-bild-mask-2 has-accent-color has-text-color is-layout-flow wp-block-column-is-layout-flow\">\n<figure class=\"wp-block-image alignfull size-large\"><img decoding=\"async\" width=\"1024\" height=\"683\" src=\"https:\/\/www.etrix.ch\/media\/2025\/02\/Zero-2025-XE-10-1024x683.jpg\" alt=\"Z\u00e9ro 2025 Xe 10\" class=\"wp-image-33068\" srcset=\"https:\/\/www.etrix.ch\/media\/2025\/02\/Zero-2025-XE-10-1024x683.jpg 1024w, https:\/\/www.etrix.ch\/media\/2025\/02\/Zero-2025-XE-10-300x200.jpg 300w, https:\/\/www.etrix.ch\/media\/2025\/02\/Zero-2025-XE-10-768x512.jpg 768w, https:\/\/www.etrix.ch\/media\/2025\/02\/Zero-2025-XE-10-1536x1025.jpg 1536w, https:\/\/www.etrix.ch\/media\/2025\/02\/Zero-2025-XE-10-1320x880.jpg 1320w, https:\/\/www.etrix.ch\/media\/2025\/02\/Zero-2025-XE-10-900x600.jpg 900w, https:\/\/www.etrix.ch\/media\/2025\/02\/Zero-2025-XE-10.jpg 2000w\" sizes=\"(max-width: 1024px) 100vw, 1024px\"><\/figure>\n\n\n\n<div class=\"wp-block-group is-style-top-image-text-weiss-mitte\"><div class=\"wp-block-group__inner-container is-layout-flow wp-block-group-is-layout-flow\">\n<h3 class=\"wp-block-heading\" id=\"vergleich-ecooter-e2-max-und-e5\"><span class=\"gb-headline-text\">Z\u00c9RO XE<\/span> Donn\u00e9es cl\u00e9s<\/h3>\n\n\n\n<figure class=\"wp-block-table is-style-stripes\"><table class=\"has-background\" style=\"background:linear-gradient(135deg,rgb(238,238,238) 0%,rgba(203,208,216,0.76) 100%)\"><tbody><tr><td><\/td><td class=\"has-text-align-center\" data-align=\"center\">Z\u00c9RO XE<\/td><\/tr><tr><td>Vitesse max.<\/td><td class=\"has-text-align-center\" data-align=\"center\"><span class=\"gb-headline-text\"><strong> 85 km\/h<\/strong><\/span><\/td><\/tr><tr><td>Port\u00e9e<\/td><td class=\"has-text-align-center\" data-align=\"center\"><strong>100 km (en anglais)<\/strong><br>(\u00e0 50 km)<\/td><\/tr><tr><td>Permis de conduire<\/td><td class=\"has-text-align-center\" data-align=\"center\"><strong>A1<\/strong><\/td><\/tr><tr><td>Vieux<\/td><td class=\"has-text-align-center\" data-align=\"center\"><strong>16 ans<\/strong><\/td><\/tr><tr><td>Moteur<\/td><td class=\"has-text-align-center\" data-align=\"center\"><strong>15,5 kW<\/strong><\/td><\/tr><tr><td>Poids \u00e0 vide<\/td><td class=\"has-text-align-center\" data-align=\"center\"><span class=\"gb-headline-text\"><strong><strong><strong><strong>101 kg<\/strong><\/strong><\/strong><\/strong><\/span><\/td><\/tr><tr><td>Prix <br>TVA incluse <\/td><td class=\"has-text-align-center\" data-align=\"center\"><span class=\"gb-headline-text\"><strong><span class=\"gb-headline-text\"><strong>CHF 5\u2019820<\/strong><\/span><\/strong><\/span><\/td><\/tr><\/tbody><\/table><\/figure>\n\n\n\n<div class=\"wp-block-buttons is-layout-flex wp-block-buttons-is-layout-flex\">\n<div class=\"wp-block-button is-style-button-red\"><a class=\"wp-block-button__link wp-element-button\" href=\"https:\/\/www.etrix.ch\/fr\/produit\/reserver-zero-xe\/\">Configurer ZERO XE<\/a><\/div>\n<\/div>\n\n\n\n<div style=\"height:48px\" aria-hidden=\"true\" class=\"wp-block-spacer\"><\/div>\n<\/div><\/div>\n<\/div>\n<\/div>\n<div id=\"tech-details\" class=\"wc-block-grid  technische-daten-inline  protechnic\"><table class=\"woocommerce-product-attributes shop_attributes\"><tr class=\"woocommerce-product-attributes-item woocommerce-product-attributes-item--weight\">\n\t\t\t\t<th class=\"woocommerce-product-attributes-item__label\">Poids<\/th>\n\t\t\t\t<td class=\"woocommerce-product-attributes-item__value\">63 kg<\/td>\n\t\t<\/tr><tr class=\"woocommerce-product-attributes-item woocommerce-product-attributes-item--attribute_pa_marke\">\n\t\t\t\t<th class=\"woocommerce-product-attributes-item__label\">Marque<\/th>\n\t\t\t\t<td class=\"woocommerce-product-attributes-item__value\"><p>Z\u00e9ro<\/p>\n<\/td>\n\t\t<\/tr><tr class=\"woocommerce-product-attributes-item woocommerce-product-attributes-item--attribute_pa_modell\">\n\t\t\t\t<th class=\"woocommerce-product-attributes-item__label\">Mod\u00e8le<\/th>\n\t\t\t\t<td class=\"woocommerce-product-attributes-item__value\"><p>XE<\/p>\n<\/td>\n\t\t<\/tr><tr class=\"woocommerce-product-attributes-item woocommerce-product-attributes-item--attribute_pa_beschleunigung\">\n\t\t\t\t<th class=\"woocommerce-product-attributes-item__label\">Acc\u00e9l\u00e9ration 0 - 50 km\/h<\/th>\n\t\t\t\t<td class=\"woocommerce-product-attributes-item__value\"><p>3.9 sec.<\/p>\n<\/td>\n\t\t<\/tr><tr class=\"woocommerce-product-attributes-item woocommerce-product-attributes-item--attribute_pa_geschwindigkeit\">\n\t\t\t\t<th class=\"woocommerce-product-attributes-item__label\">Vitesse<\/th>\n\t\t\t\t<td class=\"woocommerce-product-attributes-item__value\"><p>85 km\/h<\/p>\n<\/td>\n\t\t<\/tr><tr class=\"woocommerce-product-attributes-item woocommerce-product-attributes-item--attribute_pa_leistung\">\n\t\t\t\t<th class=\"woocommerce-product-attributes-item__label\">Puissance<\/th>\n\t\t\t\t<td class=\"woocommerce-product-attributes-item__value\"><p>11 kW \/ 15,5 kW (cr\u00eate)<\/p>\n<\/td>\n\t\t<\/tr><tr class=\"woocommerce-product-attributes-item woocommerce-product-attributes-item--attribute_pa_motortyp\">\n\t\t\t\t<th class=\"woocommerce-product-attributes-item__label\">Type de moteur<\/th>\n\t\t\t\t<td class=\"woocommerce-product-attributes-item__value\"><p>Moteur central<\/p>\n<\/td>\n\t\t<\/tr><tr class=\"woocommerce-product-attributes-item woocommerce-product-attributes-item--attribute_pa_reichweite\">\n\t\t\t\t<th class=\"woocommerce-product-attributes-item__label\">Port\u00e9e<\/th>\n\t\t\t\t<td class=\"woocommerce-product-attributes-item__value\"><p>100 km (selon WMTC)<\/p>\n<\/td>\n\t\t<\/tr><tr class=\"woocommerce-product-attributes-item woocommerce-product-attributes-item--attribute_pa_lackierung\">\n\t\t\t\t<th class=\"woocommerce-product-attributes-item__label\">Peinture<\/th>\n\t\t\t\t<td class=\"woocommerce-product-attributes-item__value\"><p>Blanc<\/p>\n<\/td>\n\t\t<\/tr><tr class=\"woocommerce-product-attributes-item woocommerce-product-attributes-item--attribute_pa_fahrstufen\">\n\t\t\t\t<th class=\"woocommerce-product-attributes-item__label\">Vitesses<\/th>\n\t\t\t\t<td class=\"woocommerce-product-attributes-item__value\"><p>3 niveaux de vitesse<\/p>\n<\/td>\n\t\t<\/tr><tr class=\"woocommerce-product-attributes-item woocommerce-product-attributes-item--attribute_pa_beleuchtung\">\n\t\t\t\t<th class=\"woocommerce-product-attributes-item__label\">\u00e9clairage<\/th>\n\t\t\t\t<td class=\"woocommerce-product-attributes-item__value\"><p>LED<\/p>\n<\/td>\n\t\t<\/tr><tr class=\"woocommerce-product-attributes-item woocommerce-product-attributes-item--attribute_pa_plaetze\">\n\t\t\t\t<th class=\"woocommerce-product-attributes-item__label\">Plaquettes<\/th>\n\t\t\t\t<td class=\"woocommerce-product-attributes-item__value\"><p>1<\/p>\n<\/td>\n\t\t<\/tr><tr class=\"woocommerce-product-attributes-item woocommerce-product-attributes-item--attribute_pa_fuehrerausweiskategorie\">\n\t\t\t\t<th class=\"woocommerce-product-attributes-item__label\">Cat\u00e9gories de produits<\/th>\n\t\t\t\t<td class=\"woocommerce-product-attributes-item__value\"><p>A1<\/p>\n<\/td>\n\t\t<\/tr><tr class=\"woocommerce-product-attributes-item woocommerce-product-attributes-item--attribute_pa_mindestalter\">\n\t\t\t\t<th class=\"woocommerce-product-attributes-item__label\">\u00e2ge minimum<\/th>\n\t\t\t\t<td class=\"woocommerce-product-attributes-item__value\"><p>\u00e0 partir de 16 ans<\/p>\n<\/td>\n\t\t<\/tr><tr class=\"woocommerce-product-attributes-item woocommerce-product-attributes-item--attribute_pa_batterie\">\n\t\t\t\t<th class=\"woocommerce-product-attributes-item__label\">Batterie<\/th>\n\t\t\t\t<td class=\"woocommerce-product-attributes-item__value\"><p>Ions lithium<\/p>\n<\/td>\n\t\t<\/tr><tr class=\"woocommerce-product-attributes-item woocommerce-product-attributes-item--attribute_pa_akku\">\n\t\t\t\t<th class=\"woocommerce-product-attributes-item__label\">Akku<\/th>\n\t\t\t\t<td class=\"woocommerce-product-attributes-item__value\"><p>4,3 kWh<\/p>\n<\/td>\n\t\t<\/tr><tr class=\"woocommerce-product-attributes-item woocommerce-product-attributes-item--attribute_pa_ladedauer-80\">\n\t\t\t\t<th class=\"woocommerce-product-attributes-item__label\">Dur\u00e9e de charge (80 %)<\/th>\n\t\t\t\t<td class=\"woocommerce-product-attributes-item__value\"><p>5 heures<\/p>\n<\/td>\n\t\t<\/tr><tr class=\"woocommerce-product-attributes-item woocommerce-product-attributes-item--attribute_pa_ladezyklen\">\n\t\t\t\t<th class=\"woocommerce-product-attributes-item__label\">Cycles de charge<\/th>\n\t\t\t\t<td class=\"woocommerce-product-attributes-item__value\"><p>1000<\/p>\n<\/td>\n\t\t<\/tr><tr class=\"woocommerce-product-attributes-item woocommerce-product-attributes-item--attribute_pa_wechselakkusystem\">\n\t\t\t\t<th class=\"woocommerce-product-attributes-item__label\">Syst\u00e8me de batteries interchangeables<\/th>\n\t\t\t\t<td class=\"woocommerce-product-attributes-item__value\"><p>Oui<\/p>\n<\/td>\n\t\t<\/tr><tr class=\"woocommerce-product-attributes-item woocommerce-product-attributes-item--attribute_pa_bremsen-v-h\">\n\t\t\t\t<th class=\"woocommerce-product-attributes-item__label\">Freins (avant\/arri\u00e8re)<\/th>\n\t\t\t\t<td class=\"woocommerce-product-attributes-item__value\"><p>Disque \/ Disque<\/p>\n<\/td>\n\t\t<\/tr><tr class=\"woocommerce-product-attributes-item woocommerce-product-attributes-item--attribute_pa_fahrwerk\">\n\t\t\t\t<th class=\"woocommerce-product-attributes-item__label\">Ch\u00e2ssis<\/th>\n\t\t\t\t<td class=\"woocommerce-product-attributes-item__value\"><p>Amortisseurs hydrauliques<\/p>\n<\/td>\n\t\t<\/tr><tr class=\"woocommerce-product-attributes-item woocommerce-product-attributes-item--attribute_pa_sitzhoehe\">\n\t\t\t\t<th class=\"woocommerce-product-attributes-item__label\">Hauteur du si\u00e8ge<\/th>\n\t\t\t\t<td class=\"woocommerce-product-attributes-item__value\"><p>900 millim\u00e8tre<\/p>\n<\/td>\n\t\t<\/tr><tr class=\"woocommerce-product-attributes-item woocommerce-product-attributes-item--attribute_pa_leergewicht\">\n\t\t\t\t<th class=\"woocommerce-product-attributes-item__label\">Poids \u00e0 vide (sans batterie ni conducteur)<\/th>\n\t\t\t\t<td class=\"woocommerce-product-attributes-item__value\"><p>101 kg<\/p>\n<\/td>\n\t\t<\/tr><tr class=\"woocommerce-product-attributes-item woocommerce-product-attributes-item--attribute_pa_lieferumfang\">\n\t\t\t\t<th class=\"woocommerce-product-attributes-item__label\">Contenu de la livraison<\/th>\n\t\t\t\t<td class=\"woocommerce-product-attributes-item__value\"><p>incl. Chargeur et batterie standard<\/p>\n<\/td>\n\t\t<\/tr><\/table><\/div>\n<p><\/p>\n","protected":false},"excerpt":{"rendered":"<p>Z\u00c9RO XE 85 km\/h Vitesse &#8230; <a title=\"Z\u00c9RO XE\" class=\"read-more\" href=\"https:\/\/www.etrix.ch\/fr\/e-cross\/zero-xe\/\" aria-label=\"En savoir plus sur Z\u00c9RO XE\">&gt;  En savoir plus<\/a><\/p>\n","protected":false},"author":1,"featured_media":33078,"parent":32660,"menu_order":18,"comment_status":"closed","ping_status":"closed","template":"","meta":{"_acf_changed":false,"footnotes":""},"class_list":["post-33247","page","type-page","status-publish","has-post-thumbnail"],"acf":[],"yoast_head":"<!-- This site is optimized with the Yoast SEO Premium plugin v26.9 (Yoast SEO v27.4) - https:\/\/yoast.com\/product\/yoast-seo-premium-wordpress\/ -->\n<title>ZERO XE \u2013 L\u2019e-cross tout-terrain ultime<\/title>\n<meta name=\"description\" content=\"La Zero XE E-Cross - un v\u00e9lo \u00e9lectrique puissant pour le tout-terrain, les loisirs et la comp\u00e9tition. Avec un couple exceptionnel &amp; une super suspension.\" \/>\n<meta name=\"robots\" content=\"index, follow, max-snippet:-1, max-image-preview:large, max-video-preview:-1\" \/>\n<link rel=\"canonical\" href=\"https:\/\/www.etrix.ch\/fr\/e-cross\/zero-xe\/\" \/>\n<meta property=\"og:locale\" content=\"fr_FR\" \/>\n<meta property=\"og:type\" content=\"article\" \/>\n<meta property=\"og:title\" content=\"Z\u00c9RO XE\" \/>\n<meta property=\"og:description\" content=\"La Zero XE E-Cross - un v\u00e9lo \u00e9lectrique puissant pour le tout-terrain, les loisirs et la comp\u00e9tition. Avec un couple exceptionnel &amp; une super suspension.\" \/>\n<meta property=\"og:url\" content=\"https:\/\/www.etrix.ch\/fr\/e-cross\/zero-xe\/\" \/>\n<meta property=\"og:site_name\" content=\"ETRIX Elektroroller\" \/>\n<meta property=\"article:publisher\" content=\"https:\/\/m.facebook.com\/etrix.emotos\/\" \/>\n<meta property=\"article:modified_time\" content=\"2025-06-26T14:44:39+00:00\" \/>\n<meta property=\"og:image\" content=\"https:\/\/www.etrix.ch\/media\/2025\/02\/Zero-2025-XE-13.jpg\" \/>\n\t<meta property=\"og:image:width\" content=\"2000\" \/>\n\t<meta property=\"og:image:height\" content=\"1334\" \/>\n\t<meta property=\"og:image:type\" content=\"image\/jpeg\" \/>\n<meta name=\"twitter:card\" content=\"summary_large_image\" \/>\n<meta name=\"twitter:site\" content=\"@etrixag\" \/>\n<meta name=\"twitter:label1\" content=\"Dur\u00e9e de lecture estim\u00e9e\" \/>\n\t<meta name=\"twitter:data1\" content=\"1 minute\" \/>\n<script type=\"application\/ld+json\" class=\"yoast-schema-graph\">{\"@context\":\"https:\\\/\\\/schema.org\",\"@graph\":[{\"@type\":\"WebPage\",\"@id\":\"https:\\\/\\\/www.etrix.ch\\\/fr\\\/e-cross\\\/zero-xe\\\/\",\"url\":\"https:\\\/\\\/www.etrix.ch\\\/fr\\\/e-cross\\\/zero-xe\\\/\",\"name\":\"ZERO XE \u2013 L\u2019e-cross tout-terrain ultime\",\"isPartOf\":{\"@id\":\"https:\\\/\\\/www.etrix.ch\\\/fr\\\/#website\"},\"primaryImageOfPage\":{\"@id\":\"https:\\\/\\\/www.etrix.ch\\\/fr\\\/e-cross\\\/zero-xe\\\/#primaryimage\"},\"image\":{\"@id\":\"https:\\\/\\\/www.etrix.ch\\\/fr\\\/e-cross\\\/zero-xe\\\/#primaryimage\"},\"thumbnailUrl\":\"https:\\\/\\\/www.etrix.ch\\\/media\\\/2025\\\/02\\\/Zero-2025-XE-13.jpg\",\"datePublished\":\"2025-02-14T10:36:39+00:00\",\"dateModified\":\"2025-06-26T14:44:39+00:00\",\"description\":\"La Zero XE E-Cross - un v\u00e9lo \u00e9lectrique puissant pour le tout-terrain, les loisirs et la comp\u00e9tition. Avec un couple exceptionnel & une super suspension.\",\"breadcrumb\":{\"@id\":\"https:\\\/\\\/www.etrix.ch\\\/fr\\\/e-cross\\\/zero-xe\\\/#breadcrumb\"},\"inLanguage\":\"fr-FR\",\"potentialAction\":[{\"@type\":\"ReadAction\",\"target\":[\"https:\\\/\\\/www.etrix.ch\\\/fr\\\/e-cross\\\/zero-xe\\\/\"]}]},{\"@type\":\"ImageObject\",\"inLanguage\":\"fr-FR\",\"@id\":\"https:\\\/\\\/www.etrix.ch\\\/fr\\\/e-cross\\\/zero-xe\\\/#primaryimage\",\"url\":\"https:\\\/\\\/www.etrix.ch\\\/media\\\/2025\\\/02\\\/Zero-2025-XE-13.jpg\",\"contentUrl\":\"https:\\\/\\\/www.etrix.ch\\\/media\\\/2025\\\/02\\\/Zero-2025-XE-13.jpg\",\"width\":2000,\"height\":1334},{\"@type\":\"BreadcrumbList\",\"@id\":\"https:\\\/\\\/www.etrix.ch\\\/fr\\\/e-cross\\\/zero-xe\\\/#breadcrumb\",\"itemListElement\":[{\"@type\":\"ListItem\",\"position\":1,\"name\":\"Accueil\",\"item\":\"https:\\\/\\\/www.etrix.ch\\\/fr\\\/\"},{\"@type\":\"ListItem\",\"position\":2,\"name\":\"E-Cross\",\"item\":\"https:\\\/\\\/www.etrix.ch\\\/fr\\\/e-cross\\\/\"},{\"@type\":\"ListItem\",\"position\":3,\"name\":\"Z\u00c9RO XE\"}]},{\"@type\":\"WebSite\",\"@id\":\"https:\\\/\\\/www.etrix.ch\\\/fr\\\/#website\",\"url\":\"https:\\\/\\\/www.etrix.ch\\\/fr\\\/\",\"name\":\"ETRIX Elektroroller\",\"description\":\"E-Motos\",\"publisher\":{\"@id\":\"https:\\\/\\\/www.etrix.ch\\\/fr\\\/#organization\"},\"potentialAction\":[{\"@type\":\"SearchAction\",\"target\":{\"@type\":\"EntryPoint\",\"urlTemplate\":\"https:\\\/\\\/www.etrix.ch\\\/fr\\\/?s={search_term_string}\"},\"query-input\":{\"@type\":\"PropertyValueSpecification\",\"valueRequired\":true,\"valueName\":\"search_term_string\"}}],\"inLanguage\":\"fr-FR\"},{\"@type\":[\"Organization\",\"Place\",\"MotorcycleDealer\"],\"@id\":\"https:\\\/\\\/www.etrix.ch\\\/fr\\\/#organization\",\"name\":\"ETRIX E-Motos\",\"url\":\"https:\\\/\\\/www.etrix.ch\\\/fr\\\/\",\"logo\":{\"@id\":\"https:\\\/\\\/www.etrix.ch\\\/fr\\\/e-cross\\\/zero-xe\\\/#local-main-organization-logo\"},\"image\":{\"@id\":\"https:\\\/\\\/www.etrix.ch\\\/fr\\\/e-cross\\\/zero-xe\\\/#local-main-organization-logo\"},\"sameAs\":[\"https:\\\/\\\/m.facebook.com\\\/etrix.emotos\\\/\",\"https:\\\/\\\/x.com\\\/etrixag\",\"https:\\\/\\\/www.instagram.com\\\/etrix_emotos\\\/p\\\/BtVW6bXHtNv\\\/\",\"https:\\\/\\\/www.linkedin.com\\\/company\\\/etrix-ag\",\"https:\\\/\\\/www.youtube.com\\\/channel\\\/UCSd-hJdu5u8xPUEY60jexOw\"],\"address\":{\"@id\":\"https:\\\/\\\/www.etrix.ch\\\/fr\\\/e-cross\\\/zero-xe\\\/#local-main-place-address\"},\"geo\":{\"@type\":\"GeoCoordinates\",\"latitude\":\"47.43839497999372\",\"longitude\":\"8.465227605227366\"},\"telephone\":[\"043 931 00 45\"],\"openingHoursSpecification\":[{\"@type\":\"OpeningHoursSpecification\",\"dayOfWeek\":[\"Monday\",\"Sunday\"],\"opens\":\"00:00\",\"closes\":\"00:00\"},{\"@type\":\"OpeningHoursSpecification\",\"dayOfWeek\":[\"Tuesday\",\"Wednesday\",\"Thursday\",\"Friday\"],\"opens\":\"10:00\",\"closes\":\"18:00\"},{\"@type\":\"OpeningHoursSpecification\",\"dayOfWeek\":[\"Saturday\"],\"opens\":\"10:00\",\"closes\":\"15:00\"}]},{\"@type\":\"PostalAddress\",\"@id\":\"https:\\\/\\\/www.etrix.ch\\\/fr\\\/e-cross\\\/zero-xe\\\/#local-main-place-address\",\"streetAddress\":\"Riedthofstrasse 122\",\"addressLocality\":\"Regensdorf\",\"postalCode\":\"8105\",\"addressRegion\":\"Z\u00fcrich\",\"addressCountry\":\"CH\"},{\"@type\":\"ImageObject\",\"inLanguage\":\"fr-FR\",\"@id\":\"https:\\\/\\\/www.etrix.ch\\\/fr\\\/e-cross\\\/zero-xe\\\/#local-main-organization-logo\",\"url\":\"https:\\\/\\\/www.etrix.ch\\\/media\\\/2021\\\/05\\\/ETRIX-logo.png\",\"contentUrl\":\"https:\\\/\\\/www.etrix.ch\\\/media\\\/2021\\\/05\\\/ETRIX-logo.png\",\"width\":470,\"height\":85,\"caption\":\"ETRIX E-Motos\"}]}<\/script>\n<meta name=\"geo.placename\" content=\"Regensdorf\" \/>\n<meta name=\"geo.position\" content=\"47.43839497999372;8.465227605227366\" \/>\n<meta name=\"geo.region\" content=\"Suisse\" \/>\n<!-- \/ Yoast SEO Premium plugin. -->","yoast_head_json":{"title":"ZERO XE \u2013 L\u2019e-cross tout-terrain ultime","description":"La Zero XE E-Cross - un v\u00e9lo \u00e9lectrique puissant pour le tout-terrain, les loisirs et la comp\u00e9tition. Avec un couple exceptionnel & une super suspension.","robots":{"index":"index","follow":"follow","max-snippet":"max-snippet:-1","max-image-preview":"max-image-preview:large","max-video-preview":"max-video-preview:-1"},"canonical":"https:\/\/www.etrix.ch\/fr\/e-cross\/zero-xe\/","og_locale":"fr_FR","og_type":"article","og_title":"Z\u00c9RO XE","og_description":"La Zero XE E-Cross - un v\u00e9lo \u00e9lectrique puissant pour le tout-terrain, les loisirs et la comp\u00e9tition. Avec un couple exceptionnel & une super suspension.","og_url":"https:\/\/www.etrix.ch\/fr\/e-cross\/zero-xe\/","og_site_name":"ETRIX Elektroroller","article_publisher":"https:\/\/m.facebook.com\/etrix.emotos\/","article_modified_time":"2025-06-26T14:44:39+00:00","og_image":[{"width":2000,"height":1334,"url":"https:\/\/www.etrix.ch\/media\/2025\/02\/Zero-2025-XE-13.jpg","type":"image\/jpeg"}],"twitter_card":"summary_large_image","twitter_site":"@etrixag","twitter_misc":{"Dur\u00e9e de lecture estim\u00e9e":"1 minute"},"schema":{"@context":"https:\/\/schema.org","@graph":[{"@type":"WebPage","@id":"https:\/\/www.etrix.ch\/fr\/e-cross\/zero-xe\/","url":"https:\/\/www.etrix.ch\/fr\/e-cross\/zero-xe\/","name":"ZERO XE \u2013 L\u2019e-cross tout-terrain ultime","isPartOf":{"@id":"https:\/\/www.etrix.ch\/fr\/#website"},"primaryImageOfPage":{"@id":"https:\/\/www.etrix.ch\/fr\/e-cross\/zero-xe\/#primaryimage"},"image":{"@id":"https:\/\/www.etrix.ch\/fr\/e-cross\/zero-xe\/#primaryimage"},"thumbnailUrl":"https:\/\/www.etrix.ch\/media\/2025\/02\/Zero-2025-XE-13.jpg","datePublished":"2025-02-14T10:36:39+00:00","dateModified":"2025-06-26T14:44:39+00:00","description":"La Zero XE E-Cross - un v\u00e9lo \u00e9lectrique puissant pour le tout-terrain, les loisirs et la comp\u00e9tition. Avec un couple exceptionnel & une super suspension.","breadcrumb":{"@id":"https:\/\/www.etrix.ch\/fr\/e-cross\/zero-xe\/#breadcrumb"},"inLanguage":"fr-FR","potentialAction":[{"@type":"ReadAction","target":["https:\/\/www.etrix.ch\/fr\/e-cross\/zero-xe\/"]}]},{"@type":"ImageObject","inLanguage":"fr-FR","@id":"https:\/\/www.etrix.ch\/fr\/e-cross\/zero-xe\/#primaryimage","url":"https:\/\/www.etrix.ch\/media\/2025\/02\/Zero-2025-XE-13.jpg","contentUrl":"https:\/\/www.etrix.ch\/media\/2025\/02\/Zero-2025-XE-13.jpg","width":2000,"height":1334},{"@type":"BreadcrumbList","@id":"https:\/\/www.etrix.ch\/fr\/e-cross\/zero-xe\/#breadcrumb","itemListElement":[{"@type":"ListItem","position":1,"name":"Accueil","item":"https:\/\/www.etrix.ch\/fr\/"},{"@type":"ListItem","position":2,"name":"E-Cross","item":"https:\/\/www.etrix.ch\/fr\/e-cross\/"},{"@type":"ListItem","position":3,"name":"Z\u00c9RO XE"}]},{"@type":"WebSite","@id":"https:\/\/www.etrix.ch\/fr\/#website","url":"https:\/\/www.etrix.ch\/fr\/","name":"ETRIX Elektroroller","description":"E-Motos","publisher":{"@id":"https:\/\/www.etrix.ch\/fr\/#organization"},"potentialAction":[{"@type":"SearchAction","target":{"@type":"EntryPoint","urlTemplate":"https:\/\/www.etrix.ch\/fr\/?s={search_term_string}"},"query-input":{"@type":"PropertyValueSpecification","valueRequired":true,"valueName":"search_term_string"}}],"inLanguage":"fr-FR"},{"@type":["Organization","Place","MotorcycleDealer"],"@id":"https:\/\/www.etrix.ch\/fr\/#organization","name":"ETRIX E-Motos","url":"https:\/\/www.etrix.ch\/fr\/","logo":{"@id":"https:\/\/www.etrix.ch\/fr\/e-cross\/zero-xe\/#local-main-organization-logo"},"image":{"@id":"https:\/\/www.etrix.ch\/fr\/e-cross\/zero-xe\/#local-main-organization-logo"},"sameAs":["https:\/\/m.facebook.com\/etrix.emotos\/","https:\/\/x.com\/etrixag","https:\/\/www.instagram.com\/etrix_emotos\/p\/BtVW6bXHtNv\/","https:\/\/www.linkedin.com\/company\/etrix-ag","https:\/\/www.youtube.com\/channel\/UCSd-hJdu5u8xPUEY60jexOw"],"address":{"@id":"https:\/\/www.etrix.ch\/fr\/e-cross\/zero-xe\/#local-main-place-address"},"geo":{"@type":"GeoCoordinates","latitude":"47.43839497999372","longitude":"8.465227605227366"},"telephone":["043 931 00 45"],"openingHoursSpecification":[{"@type":"OpeningHoursSpecification","dayOfWeek":["Monday","Sunday"],"opens":"00:00","closes":"00:00"},{"@type":"OpeningHoursSpecification","dayOfWeek":["Tuesday","Wednesday","Thursday","Friday"],"opens":"10:00","closes":"18:00"},{"@type":"OpeningHoursSpecification","dayOfWeek":["Saturday"],"opens":"10:00","closes":"15:00"}]},{"@type":"PostalAddress","@id":"https:\/\/www.etrix.ch\/fr\/e-cross\/zero-xe\/#local-main-place-address","streetAddress":"Riedthofstrasse 122","addressLocality":"Regensdorf","postalCode":"8105","addressRegion":"Z\u00fcrich","addressCountry":"CH"},{"@type":"ImageObject","inLanguage":"fr-FR","@id":"https:\/\/www.etrix.ch\/fr\/e-cross\/zero-xe\/#local-main-organization-logo","url":"https:\/\/www.etrix.ch\/media\/2021\/05\/ETRIX-logo.png","contentUrl":"https:\/\/www.etrix.ch\/media\/2021\/05\/ETRIX-logo.png","width":470,"height":85,"caption":"ETRIX E-Motos"}]},"geo.placename":"Regensdorf","geo.position":{"lat":"47.43839497999372","long":"8.465227605227366"},"geo.region":"Suisse"},"_links":{"self":[{"href":"https:\/\/www.etrix.ch\/fr\/wp-json\/wp\/v2\/pages\/33247","targetHints":{"allow":["GET"]}}],"collection":[{"href":"https:\/\/www.etrix.ch\/fr\/wp-json\/wp\/v2\/pages"}],"about":[{"href":"https:\/\/www.etrix.ch\/fr\/wp-json\/wp\/v2\/types\/page"}],"author":[{"embeddable":true,"href":"https:\/\/www.etrix.ch\/fr\/wp-json\/wp\/v2\/users\/1"}],"replies":[{"embeddable":true,"href":"https:\/\/www.etrix.ch\/fr\/wp-json\/wp\/v2\/comments?post=33247"}],"version-history":[{"count":0,"href":"https:\/\/www.etrix.ch\/fr\/wp-json\/wp\/v2\/pages\/33247\/revisions"}],"up":[{"embeddable":true,"href":"https:\/\/www.etrix.ch\/fr\/wp-json\/wp\/v2\/pages\/32660"}],"wp:featuredmedia":[{"embeddable":true,"href":"https:\/\/www.etrix.ch\/fr\/wp-json\/wp\/v2\/media\/33078"}],"wp:attachment":[{"href":"https:\/\/www.etrix.ch\/fr\/wp-json\/wp\/v2\/media?parent=33247"}],"curies":[{"name":"wp","href":"https:\/\/api.w.org\/{rel}","templated":true}]}}