{"id":19134,"date":"2023-02-16T14:21:21","date_gmt":"2023-02-16T13:21:21","guid":{"rendered":"https:\/\/www.etrix.ch\/scooter-electrique\/felo-fw03\/"},"modified":"2025-10-28T09:53:52","modified_gmt":"2025-10-28T08:53:52","slug":"felo-fw03","status":"publish","type":"page","link":"https:\/\/www.etrix.ch\/fr\/scooter-electrique\/felo-fw03\/","title":{"rendered":"Felo FW-03"},"content":{"rendered":"\n<div class=\"wp-block-columns alignfull is-style-spalte-top-bild und-gelb is-layout-flex wp-container-core-columns-is-layout-9d6595d7 wp-block-columns-is-layout-flex\">\n<div class=\"wp-block-column is-style-top-bild-mask has-global-color-8-color has-text-color is-layout-flow wp-block-column-is-layout-flow\">\n<figure class=\"wp-block-image alignfull size-full\"><img decoding=\"async\" width=\"1200\" height=\"900\" src=\"https:\/\/www.etrix.ch\/media\/2025\/04\/felo-fw-03-elektroroller-etrix-red-blue.jpg\" alt=\"Felo Fw 03 Scooter \u00e9lectrique Etrix Red Blue\" class=\"wp-image-34116\" srcset=\"https:\/\/www.etrix.ch\/media\/2025\/04\/felo-fw-03-elektroroller-etrix-red-blue.jpg 1200w, https:\/\/www.etrix.ch\/media\/2025\/04\/felo-fw-03-elektroroller-etrix-red-blue-300x225.jpg 300w, https:\/\/www.etrix.ch\/media\/2025\/04\/felo-fw-03-elektroroller-etrix-red-blue-1024x768.jpg 1024w, https:\/\/www.etrix.ch\/media\/2025\/04\/felo-fw-03-elektroroller-etrix-red-blue-768x576.jpg 768w, https:\/\/www.etrix.ch\/media\/2025\/04\/felo-fw-03-elektroroller-etrix-red-blue-900x675.jpg 900w\" sizes=\"(max-width: 1200px) 100vw, 1200px\"><\/figure>\n<\/div>\n<\/div>\n\n<div class=\"wp-block-group alignfull has-global-color-11-background-color has-background\"><div class=\"wp-block-group__inner-container is-layout-constrained wp-block-group-is-layout-constrained\"><div class=\"gb-container gb-container-43386b76\">\n\n<p class=\"gb-headline gb-headline-a0ff76e2 gb-headline-text font-os\">Felo FW-03<\/p>\n\n\n\n<div class=\"wp-block-columns neue-spalten has-contrast-color has-text-color has-link-color wp-elements-ac031468e76bb83690d43990e3ce2464 is-layout-flex wp-container-core-columns-is-layout-9d6595d7 wp-block-columns-is-layout-flex\">\n<div class=\"wp-block-column line-right is-layout-flow wp-block-column-is-layout-flow\">\n<p class=\"font-os\" style=\"margin-top:0;margin-bottom:0;font-size:28px\"><strong>90 km\/h<\/strong><\/p>\n\n\n\n<p class=\"is-style-text-ber-titel2\" style=\"margin-top:0;margin-bottom:0\"><sup>Vitesse max.<\/sup><\/p>\n<\/div>\n\n\n\n<div class=\"wp-block-column line-right is-layout-flow wp-block-column-is-layout-flow\">\n<p class=\"font-os\" style=\"margin-top:0;margin-bottom:0;font-size:28px\"><strong>4.8 sec.<\/strong><\/p>\n\n\n\n<p class=\"is-style-text-ber-titel2\" style=\"margin-top:0;margin-bottom:0\"><sup>0-50 km\/h<\/sup><\/p>\n<\/div>\n\n\n\n<div class=\"wp-block-column line-right is-layout-flow wp-block-column-is-layout-flow\">\n<p class=\"font-os\" style=\"margin-top:0;margin-bottom:0;font-size:28px\"><strong>5 kW<\/strong><\/p>\n\n\n\n<p class=\"is-style-text-ber-titel2\" style=\"margin-top:0;margin-bottom:0\"><sup>Puissance<\/sup><\/p>\n<\/div>\n\n\n\n<div class=\"wp-block-column is-layout-flow wp-block-column-is-layout-flow\">\n<p class=\"font-os\" style=\"margin-top:0;margin-bottom:0;font-size:28px\"><strong>4\u2019950.-  <\/strong><\/p>\n\n\n\n<p class=\"is-style-text-ber-titel2\" style=\"margin-top:0;margin-bottom:0\"><sup>Prix \u00e0 partir de CHF<\/sup><\/p>\n<\/div>\n<\/div>\n\n\n\n<p class=\"gb-headline gb-headline-422069ec\"><span class=\"gb-icon\"><svg xmlns=\"http:\/\/www.w3.org\/2000\/svg\" aria-hidden=\"true\" role=\"img\" height=\"1em\" width=\"1em\" viewbox=\"0 0 256 512\"><path fill=\"currentColor\" d=\"M224.3 273l-136 136c-9.4 9.4-24.6 9.4-33.9 0l-22.6-22.6c-9.4-9.4-9.4-24.6 0-33.9l96.4-96.4-96.4-96.4c-9.4-9.4-9.4-24.6 0-33.9L54.3 103c9.4-9.4 24.6-9.4 33.9 0l136 136c9.5 9.4 9.5 24.6.1 34z\"><\/path><\/svg><\/span><span class=\"gb-headline-text\"><a href=\"#tech-details\">tous les d\u00e9tails techniques<\/a><\/span><\/p>\n\n<\/div><\/div><\/div>\n\n<div style=\"height:50px\" aria-hidden=\"true\" class=\"wp-block-spacer\"><\/div>\n\n<div class=\"wp-block-columns alignfull are-vertically-aligned-center is-style-einstiegstext is-layout-flex wp-container-core-columns-is-layout-9d6595d7 wp-block-columns-is-layout-flex\" id=\"inhalt\">\n<div class=\"wp-block-column is-vertically-aligned-center is-layout-flow wp-block-column-is-layout-flow\"><h1 class=\"wp-block-post-title\">Felo FW-03<\/h1>\n\n\n<p>Compacte et \u00e9l\u00e9gante. Le FW-03 a \u00e9t\u00e9 con\u00e7u pour tous les nouveaux conducteurs \u00e9lectriques : facile \u00e0 conduire, s\u00fbr\u2026 et incroyablement amusant ! Avec ses pneus \u00e0 crampons de s\u00e9rie, il est aussi \u00e0 l\u2019aise en ville qu\u2019en tout-terrain. Ce scooter \u00e9lectrique est donc un scooter de loisirs polyvalent, capable de gravir des pentes allant jusqu\u2019\u00e0 15 degr\u00e9s.   <\/p>\n\n\n\n<div class=\"wp-block-buttons is-layout-flex wp-block-buttons-is-layout-flex\">\n<div class=\"wp-block-button is-style-button-default\"><a class=\"wp-block-button__link wp-element-button\" href=\"https:\/\/www.etrix.ch\/fr\/?post_type=product&amp;p=34069\">Configurer le Felo FW03<\/a><\/div>\n<\/div>\n<\/div>\n\n\n\n<div class=\"wp-block-column is-vertically-aligned-center is-layout-flow wp-block-column-is-layout-flow\" style=\"flex-basis:30px\"><\/div>\n\n\n\n<div class=\"wp-block-column is-vertically-aligned-center is-style-default is-layout-flow wp-block-column-is-layout-flow\">\n<figure class=\"wp-block-image size-full\"><img decoding=\"async\" width=\"2048\" height=\"1070\" src=\"https:\/\/www.etrix.ch\/media\/2025\/04\/felo-fw-03-elektroroller-etrix-red-blue-am-see-fahrer-min.jpeg\" alt=\"Felo Fw 03 Scooter \u00e9lectrique Etrix Red Blue Au bord du lac Conducteur Min\" class=\"wp-image-34121\" srcset=\"https:\/\/www.etrix.ch\/media\/2025\/04\/felo-fw-03-elektroroller-etrix-red-blue-am-see-fahrer-min.jpeg 2048w, https:\/\/www.etrix.ch\/media\/2025\/04\/felo-fw-03-elektroroller-etrix-red-blue-am-see-fahrer-min-300x157.jpeg 300w, https:\/\/www.etrix.ch\/media\/2025\/04\/felo-fw-03-elektroroller-etrix-red-blue-am-see-fahrer-min-1024x535.jpeg 1024w, https:\/\/www.etrix.ch\/media\/2025\/04\/felo-fw-03-elektroroller-etrix-red-blue-am-see-fahrer-min-768x401.jpeg 768w, https:\/\/www.etrix.ch\/media\/2025\/04\/felo-fw-03-elektroroller-etrix-red-blue-am-see-fahrer-min-1536x803.jpeg 1536w, https:\/\/www.etrix.ch\/media\/2025\/04\/felo-fw-03-elektroroller-etrix-red-blue-am-see-fahrer-min-1320x690.jpeg 1320w, https:\/\/www.etrix.ch\/media\/2025\/04\/felo-fw-03-elektroroller-etrix-red-blue-am-see-fahrer-min-900x470.jpeg 900w\" sizes=\"(max-width: 2048px) 100vw, 2048px\"><figcaption class=\"wp-element-caption\">                                <\/figcaption><\/figure>\n<\/div>\n\n\n\n<div class=\"wp-block-column is-vertically-aligned-center is-layout-flow wp-block-column-is-layout-flow\" style=\"flex-basis:30px\"><\/div>\n<\/div>\n\n<div class=\"wp-block-columns alignfull is-style-spalten-bild-links is-layout-flex wp-container-core-columns-is-layout-9d6595d7 wp-block-columns-is-layout-flex\">\n<div class=\"wp-block-column is-style-bild-mask-2 is-layout-flow wp-block-column-is-layout-flow\">\n<figure class=\"wp-block-image size-full is-style-bild-center\"><img decoding=\"async\" width=\"1200\" height=\"800\" src=\"https:\/\/www.etrix.ch\/media\/2025\/04\/felo-fw-03-elektroroller-etrix-red-blue-isoliert-min.png\" alt=\"Felo Fw 03 Scooter \u00e9lectrique Etrix Red Blue Isol\u00e9 Min\" class=\"wp-image-34149\" srcset=\"https:\/\/www.etrix.ch\/media\/2025\/04\/felo-fw-03-elektroroller-etrix-red-blue-isoliert-min.png 1200w, https:\/\/www.etrix.ch\/media\/2025\/04\/felo-fw-03-elektroroller-etrix-red-blue-isoliert-min-300x200.png 300w, https:\/\/www.etrix.ch\/media\/2025\/04\/felo-fw-03-elektroroller-etrix-red-blue-isoliert-min-1024x683.png 1024w, https:\/\/www.etrix.ch\/media\/2025\/04\/felo-fw-03-elektroroller-etrix-red-blue-isoliert-min-768x512.png 768w, https:\/\/www.etrix.ch\/media\/2025\/04\/felo-fw-03-elektroroller-etrix-red-blue-isoliert-min-900x600.png 900w\" sizes=\"(max-width: 1200px) 100vw, 1200px\"><\/figure>\n<\/div>\n\n\n\n<div class=\"wp-block-column is-layout-flow wp-block-column-is-layout-flow\">\n<p class=\"is-style-text-ber-titel\" style=\"text-transform:uppercase\">A quoi vous fait-il penser ?<\/p>\n\n\n\n<h2 class=\"wp-block-heading\" id=\"my-silence-app\">Le plaisir \u00e9lectrique en version r\u00e9tro<\/h2>\n\n\n\n<p>Le Felo FW03 est l\u00e9ger, vif \u00e0 conduire et facile \u00e0 utiliser.Son look r\u00e9tro \u00e9voque le bon vieux temps de la moto des ann\u00e9es 80 et 90.<\/p>\n<\/div>\n<\/div>\n\n<div class=\"wp-block-columns alignfull is-style-spalten-bild-links is-layout-flex wp-container-core-columns-is-layout-9d6595d7 wp-block-columns-is-layout-flex\">\n<div class=\"wp-block-column is-style-bild-mask-3 is-layout-flow wp-block-column-is-layout-flow\">\n<figure class=\"wp-block-image size-full is-style-bild-center\"><img decoding=\"async\" width=\"732\" height=\"1024\" src=\"https:\/\/www.etrix.ch\/media\/2025\/04\/felo-fw-03-elektroroller-etrix-red-blue-back-min.jpg\" alt=\"Felo Fw 03 Scooter \u00e9lectrique Etrix Red Blue Back Min\" class=\"wp-image-34125\" srcset=\"https:\/\/www.etrix.ch\/media\/2025\/04\/felo-fw-03-elektroroller-etrix-red-blue-back-min.jpg 732w, https:\/\/www.etrix.ch\/media\/2025\/04\/felo-fw-03-elektroroller-etrix-red-blue-back-min-214x300.jpg 214w\" sizes=\"(max-width: 732px) 100vw, 732px\"><\/figure>\n<\/div>\n\n\n\n<div class=\"wp-block-column is-layout-flow wp-block-column-is-layout-flow\">\n<p class=\"is-style-text-ber-titel\" style=\"text-transform:uppercase\">Puissance de la courroie<\/p>\n\n\n\n<h2 class=\"wp-block-heading\" id=\"my-silence-app\">Sprint \u00e0 90km\/h<\/h2>\n\n\n\n<p>Le moteur \u00e9lectrique du Felo FW-03 a une puissance de pointe de 5 kW. Plus que suffisant pour la circulation urbaine, il acc\u00e9l\u00e8re fortement et rapidement apr\u00e8s chaque arr\u00eat. La transmission de la puissance du moteur se fait par une courroie de haute qualit\u00e9 cach\u00e9e dans le bras oscillant.  <\/p>\n<\/div>\n<\/div>\n\n<div class=\"wp-block-columns alignfull is-style-spalten-bild-links is-layout-flex wp-container-core-columns-is-layout-9d6595d7 wp-block-columns-is-layout-flex\">\n<div class=\"wp-block-column is-style-bild-mask-2 is-layout-flow wp-block-column-is-layout-flow\">\n<figure class=\"wp-block-image size-full is-style-bild-center\"><img decoding=\"async\" width=\"732\" height=\"1024\" src=\"https:\/\/www.etrix.ch\/media\/2025\/04\/felo-fw-03-elektroroller-etrix-red-blue-front-min.jpg\" alt=\"Felo Fw 03 Scooter \u00e9lectrique Etrix Red Blue Front Min\" class=\"wp-image-34137\" srcset=\"https:\/\/www.etrix.ch\/media\/2025\/04\/felo-fw-03-elektroroller-etrix-red-blue-front-min.jpg 732w, https:\/\/www.etrix.ch\/media\/2025\/04\/felo-fw-03-elektroroller-etrix-red-blue-front-min-214x300.jpg 214w\" sizes=\"(max-width: 732px) 100vw, 732px\"><\/figure>\n<\/div>\n\n\n\n<div class=\"wp-block-column is-layout-flow wp-block-column-is-layout-flow\">\n<p class=\"is-style-text-ber-titel\" style=\"text-transform:uppercase\">Port\u00e9e jusqu\u2019\u00e0 120 km<\/p>\n\n\n\n<h2 class=\"wp-block-heading\" id=\"my-silence-app\">Capacit\u00e9 de la batterie de 4,17kWh<\/h2>\n\n\n\n<p>La batterie au lithium du Felo FW-03 fonctionne \u00e0 72 V et 58 Ah. Gr\u00e2ce \u00e0 cette taille, l\u2019autonomie maximale peut atteindre 120 kilom\u00e8tres dans les meilleures conditions. Dans des conditions r\u00e9elles de conduite en ville, avec une vitesse non constante, des freinages et des acc\u00e9l\u00e9rations r\u00e9p\u00e9t\u00e9s, l\u2019autonomie est d\u2019environ 90 kilom\u00e8tres.  <\/p>\n<\/div>\n<\/div>\n\n<div class=\"wp-block-columns alignfull is-style-spalte-full-bild is-layout-flex wp-container-core-columns-is-layout-9d6595d7 wp-block-columns-is-layout-flex\">\n<div class=\"wp-block-column is-style-full-bild-mask has-global-color-9-color has-text-color is-layout-flow wp-block-column-is-layout-flow\">\n<figure class=\"wp-block-image alignfull size-full is-style-default\"><img decoding=\"async\" width=\"2560\" height=\"2325\" src=\"https:\/\/www.etrix.ch\/media\/2025\/04\/felo-fw-03-elektroroller-etrix-red-blue-display-TFT-min.jpg\" alt=\"Felo Fw 03 Scooter \u00e9lectrique Etrix Red Blue Display Tft Min\" class=\"wp-image-34129\" srcset=\"https:\/\/www.etrix.ch\/media\/2025\/04\/felo-fw-03-elektroroller-etrix-red-blue-display-TFT-min.jpg 2560w, https:\/\/www.etrix.ch\/media\/2025\/04\/felo-fw-03-elektroroller-etrix-red-blue-display-TFT-min-300x272.jpg 300w, https:\/\/www.etrix.ch\/media\/2025\/04\/felo-fw-03-elektroroller-etrix-red-blue-display-TFT-min-1024x930.jpg 1024w, https:\/\/www.etrix.ch\/media\/2025\/04\/felo-fw-03-elektroroller-etrix-red-blue-display-TFT-min-768x698.jpg 768w, https:\/\/www.etrix.ch\/media\/2025\/04\/felo-fw-03-elektroroller-etrix-red-blue-display-TFT-min-1536x1395.jpg 1536w, https:\/\/www.etrix.ch\/media\/2025\/04\/felo-fw-03-elektroroller-etrix-red-blue-display-TFT-min-2048x1860.jpg 2048w, https:\/\/www.etrix.ch\/media\/2025\/04\/felo-fw-03-elektroroller-etrix-red-blue-display-TFT-min-1320x1199.jpg 1320w, https:\/\/www.etrix.ch\/media\/2025\/04\/felo-fw-03-elektroroller-etrix-red-blue-display-TFT-min-900x817.jpg 900w\" sizes=\"(max-width: 2560px) 100vw, 2560px\"><\/figure>\n<\/div>\n<\/div>\n\n<div class=\"wp-block-columns alignfull is-style-spalten-bild-rechts is-layout-flex wp-container-core-columns-is-layout-9d6595d7 wp-block-columns-is-layout-flex\">\n<div class=\"wp-block-column is-style-bild-mask-3 is-layout-flow wp-block-column-is-layout-flow\">\n<figure class=\"wp-block-image size-full\"><img decoding=\"async\" width=\"600\" height=\"651\" src=\"https:\/\/www.etrix.ch\/media\/2021\/12\/ahorro_s01.png\" alt=\"\" class=\"wp-image-2366\" srcset=\"https:\/\/www.etrix.ch\/media\/2021\/12\/ahorro_s01.png 600w, https:\/\/www.etrix.ch\/media\/2021\/12\/ahorro_s01-276x300.png 276w\" sizes=\"(max-width: 600px) 100vw, 600px\"><\/figure>\n\n\n\n<figure class=\"wp-block-image size-large\"><img decoding=\"async\" width=\"1024\" height=\"535\" src=\"https:\/\/www.etrix.ch\/media\/2025\/04\/felo-fw-03-elektroroller-etrix-red-blue-am-see-fahrer-min-1024x535.jpeg\" alt=\"Felo Fw 03 Scooter \u00e9lectrique Etrix Red Blue Au bord du lac Conducteur Min\" class=\"wp-image-34121\" srcset=\"https:\/\/www.etrix.ch\/media\/2025\/04\/felo-fw-03-elektroroller-etrix-red-blue-am-see-fahrer-min-1024x535.jpeg 1024w, https:\/\/www.etrix.ch\/media\/2025\/04\/felo-fw-03-elektroroller-etrix-red-blue-am-see-fahrer-min-300x157.jpeg 300w, https:\/\/www.etrix.ch\/media\/2025\/04\/felo-fw-03-elektroroller-etrix-red-blue-am-see-fahrer-min-768x401.jpeg 768w, https:\/\/www.etrix.ch\/media\/2025\/04\/felo-fw-03-elektroroller-etrix-red-blue-am-see-fahrer-min-1536x803.jpeg 1536w, https:\/\/www.etrix.ch\/media\/2025\/04\/felo-fw-03-elektroroller-etrix-red-blue-am-see-fahrer-min-1320x690.jpeg 1320w, https:\/\/www.etrix.ch\/media\/2025\/04\/felo-fw-03-elektroroller-etrix-red-blue-am-see-fahrer-min-900x470.jpeg 900w, https:\/\/www.etrix.ch\/media\/2025\/04\/felo-fw-03-elektroroller-etrix-red-blue-am-see-fahrer-min.jpeg 2048w\" sizes=\"(max-width: 1024px) 100vw, 1024px\"><\/figure>\n<\/div>\n\n\n\n<div class=\"wp-block-column is-layout-flow wp-block-column-is-layout-flow\">\n<p class=\"is-style-text-ber-titel\" style=\"text-transform:uppercase\">Chargement rapide ou simple ?<\/p>\n\n\n\n<h2 class=\"wp-block-heading\" id=\"my-silence-app\">Les deux sont possibles gr\u00e2ce \u00e0 la connexion de type 2 !<\/h2>\n\n\n\n<p>Gr\u00e2ce au chargeur de s\u00e9rie, la batterie du Felo FW-03 peut \u00eatre recharg\u00e9e tr\u00e8s facilement \u00e0 partir d\u2019une prise domestique de 230V. Une charge compl\u00e8te de 0 \u00e0 100% n\u00e9cessite environ sept heures.<br>Mais le FW-03 dispose \u00e9galement d\u2019une prise de type 2 sur le c\u00f4t\u00e9, ce qui le rend compatible avec les stations de recharge \u00ab\u00a0rapides\u00a0\u00bb pour voitures. Il n\u2019est pas n\u00e9cessaire d\u2019acheter un chargeur compatible avec le type2, car le FW-03 est compatible par d\u00e9faut avec les prises de type2. Sur une station de recharge, le temps de charge n\u2019est que de 3,5 heures.   <\/p>\n<\/div>\n<\/div>\n\n<div class=\"wp-block-columns alignfull is-style-spalten-bild-rechts is-layout-flex wp-container-core-columns-is-layout-9d6595d7 wp-block-columns-is-layout-flex\">\n<div class=\"wp-block-column is-style-bild-mask-1 is-layout-flow wp-block-column-is-layout-flow\">\n<figure class=\"wp-block-image size-large\"><img decoding=\"async\" width=\"1024\" height=\"925\" src=\"https:\/\/www.etrix.ch\/media\/2025\/04\/felo-fw-03-elektroroller-etrix-red-blue-NFC-correct-min-1024x925.jpg\" alt=\"Felo Fw 03 Scooter \u00e9lectrique Etrix Red Blue Nfc Correct Min\" class=\"wp-image-34153\" srcset=\"https:\/\/www.etrix.ch\/media\/2025\/04\/felo-fw-03-elektroroller-etrix-red-blue-NFC-correct-min-1024x925.jpg 1024w, https:\/\/www.etrix.ch\/media\/2025\/04\/felo-fw-03-elektroroller-etrix-red-blue-NFC-correct-min-300x271.jpg 300w, https:\/\/www.etrix.ch\/media\/2025\/04\/felo-fw-03-elektroroller-etrix-red-blue-NFC-correct-min-768x694.jpg 768w, https:\/\/www.etrix.ch\/media\/2025\/04\/felo-fw-03-elektroroller-etrix-red-blue-NFC-correct-min-900x813.jpg 900w, https:\/\/www.etrix.ch\/media\/2025\/04\/felo-fw-03-elektroroller-etrix-red-blue-NFC-correct-min.jpg 1080w\" sizes=\"(max-width: 1024px) 100vw, 1024px\"><\/figure>\n<\/div>\n\n\n\n<div class=\"wp-block-column is-layout-flow wp-block-column-is-layout-flow\">\n<p class=\"is-style-text-ber-titel\" style=\"text-transform:uppercase\">Contr\u00f4le d\u2019acc\u00e8s intelligent<\/p>\n\n\n\n<h2 class=\"wp-block-heading\" id=\"lorem-ipsum-dolor-sit-amet\">NFC au bout des doigts<\/h2>\n\n\n\n<p>Le Felo FW-03 NFC est un module d\u2019acc\u00e8s compact pour l\u2019ouverture sans contact par badge NFC, carte ou smartphone. Il suffit de le tenir pour obtenir un acc\u00e8s - rapide, s\u00fbr et fiable. Id\u00e9al pour les portes, les armoires &amp; les syst\u00e8mes. Facile \u00e0 int\u00e9grer et polyvalent.   <\/p>\n<\/div>\n<\/div>\n\n<div class=\"wp-block-columns alignfull is-style-spalte-full-bild-2 is-layout-flex wp-container-core-columns-is-layout-9d6595d7 wp-block-columns-is-layout-flex\">\n<div class=\"wp-block-column is-style-full-bild-mask-2 has-accent-color has-text-color is-layout-flow wp-block-column-is-layout-flow\">\n<figure class=\"wp-block-image alignfull size-full\"><img decoding=\"async\" width=\"731\" height=\"1024\" src=\"https:\/\/www.etrix.ch\/media\/2025\/04\/felo-fw-03-elektroroller-etrix-red-blue-front-2-min.jpg\" alt=\"Felo Fw 03 Scooter \u00e9lectrique Etrix Red Blue Front 2 Min\" class=\"wp-image-34133\" srcset=\"https:\/\/www.etrix.ch\/media\/2025\/04\/felo-fw-03-elektroroller-etrix-red-blue-front-2-min.jpg 731w, https:\/\/www.etrix.ch\/media\/2025\/04\/felo-fw-03-elektroroller-etrix-red-blue-front-2-min-214x300.jpg 214w\" sizes=\"(max-width: 731px) 100vw, 731px\"><\/figure>\n\n\n\n<div class=\"wp-block-group is-style-top-image-text-weiss-mitte\"><div class=\"wp-block-group__inner-container is-layout-flow wp-block-group-is-layout-flow\">\n<h3 class=\"wp-block-heading\" id=\"vergleich-ecooter-e2-max-und-e5\"><span class=\"gb-headline-text\">Felo FW-03<\/span>Donn\u00e9es cl\u00e9s<\/h3>\n\n\n\n<figure class=\"wp-block-table is-style-stripes\"><table class=\"has-background\" style=\"background:linear-gradient(135deg,rgb(238,238,238) 0%,rgba(203,208,216,0.76) 100%)\"><tbody><tr><td><\/td><td class=\"has-text-align-center\" data-align=\"center\">FW-03<\/td><\/tr><tr><td>Vitesse max.<\/td><td class=\"has-text-align-center\" data-align=\"center\"><span class=\"gb-headline-text\"><strong>  90 km\/h<\/strong><\/span><\/td><\/tr><tr><td>Port\u00e9e<\/td><td class=\"has-text-align-center\" data-align=\"center\"><strong>104 km<\/strong><\/td><\/tr><tr><td>Permis de conduire<\/td><td class=\"has-text-align-center\" data-align=\"center\"><strong>A1<\/strong><\/td><\/tr><tr><td>Vieux<\/td><td class=\"has-text-align-center\" data-align=\"center\"><strong>16 ans<\/strong><\/td><\/tr><tr><td>Moteur<\/td><td class=\"has-text-align-center\" data-align=\"center\"><strong>3 kW \/ <strong><strong>5 (Peak)<\/strong><\/strong><\/strong><\/td><\/tr><tr><td>Poids<\/td><td class=\"has-text-align-center\" data-align=\"center\"><span class=\"gb-headline-text\"><strong><strong><strong><strong>97 kg<\/strong><\/strong><\/strong><\/strong><\/span><\/td><\/tr><tr><td>Prix <br>TVA incluse <\/td><td class=\"has-text-align-center\" data-align=\"center\"><span class=\"gb-headline-text\"><strong><span class=\"gb-headline-text\"><strong>CHF 4\u2019950<\/strong><\/span><\/strong><\/span><\/td><\/tr><\/tbody><\/table><\/figure>\n\n\n\n<div class=\"wp-block-buttons is-layout-flex wp-block-buttons-is-layout-flex\">\n<div class=\"wp-block-button is-style-button-red\"><a class=\"wp-block-button__link wp-element-button\" href=\"https:\/\/www.etrix.ch\/fr\/?post_type=product&amp;p=34069\">Configurer le Felo FW03<\/a><\/div>\n<\/div>\n\n\n\n<div style=\"height:48px\" aria-hidden=\"true\" class=\"wp-block-spacer\"><\/div>\n<\/div><\/div>\n<\/div>\n<\/div>\n<div id=\"tech-details\" class=\"wc-block-grid  technische-daten-inline  protechnic\"><table class=\"woocommerce-product-attributes shop_attributes\"><tr class=\"woocommerce-product-attributes-item woocommerce-product-attributes-item--weight\">\n\t\t\t\t<th class=\"woocommerce-product-attributes-item__label\">Poids<\/th>\n\t\t\t\t<td class=\"woocommerce-product-attributes-item__value\">67 kg<\/td>\n\t\t<\/tr><tr class=\"woocommerce-product-attributes-item woocommerce-product-attributes-item--dimensions\">\n\t\t\t\t<th class=\"woocommerce-product-attributes-item__label\">Dimensions<\/th>\n\t\t\t\t<td class=\"woocommerce-product-attributes-item__value\">173.4 \u00d7 78.3 \u00d7 102.6 cm<\/td>\n\t\t<\/tr><tr class=\"woocommerce-product-attributes-item woocommerce-product-attributes-item--attribute_pa_marke\">\n\t\t\t\t<th class=\"woocommerce-product-attributes-item__label\">Marque<\/th>\n\t\t\t\t<td class=\"woocommerce-product-attributes-item__value\"><p>Felo<\/p>\n<\/td>\n\t\t<\/tr><tr class=\"woocommerce-product-attributes-item woocommerce-product-attributes-item--attribute_pa_modell\">\n\t\t\t\t<th class=\"woocommerce-product-attributes-item__label\">Mod\u00e8le<\/th>\n\t\t\t\t<td class=\"woocommerce-product-attributes-item__value\"><p>FW-03<\/p>\n<\/td>\n\t\t<\/tr><tr class=\"woocommerce-product-attributes-item woocommerce-product-attributes-item--attribute_pa_beschleunigung\">\n\t\t\t\t<th class=\"woocommerce-product-attributes-item__label\">Acc\u00e9l\u00e9ration 0 - 50 km\/h<\/th>\n\t\t\t\t<td class=\"woocommerce-product-attributes-item__value\"><p>4.8 sec.<\/p>\n<\/td>\n\t\t<\/tr><tr class=\"woocommerce-product-attributes-item woocommerce-product-attributes-item--attribute_pa_geschwindigkeit\">\n\t\t\t\t<th class=\"woocommerce-product-attributes-item__label\">Vitesse<\/th>\n\t\t\t\t<td class=\"woocommerce-product-attributes-item__value\"><p>90 km\/h<\/p>\n<\/td>\n\t\t<\/tr><tr class=\"woocommerce-product-attributes-item woocommerce-product-attributes-item--attribute_pa_leistung\">\n\t\t\t\t<th class=\"woocommerce-product-attributes-item__label\">Puissance<\/th>\n\t\t\t\t<td class=\"woocommerce-product-attributes-item__value\"><p>3 kW \/ 5 kW (cr\u00eate)<\/p>\n<\/td>\n\t\t<\/tr><tr class=\"woocommerce-product-attributes-item woocommerce-product-attributes-item--attribute_pa_motortyp\">\n\t\t\t\t<th class=\"woocommerce-product-attributes-item__label\">Type de moteur<\/th>\n\t\t\t\t<td class=\"woocommerce-product-attributes-item__value\"><p>Moteur central<\/p>\n<\/td>\n\t\t<\/tr><tr class=\"woocommerce-product-attributes-item woocommerce-product-attributes-item--attribute_pa_reichweite\">\n\t\t\t\t<th class=\"woocommerce-product-attributes-item__label\">Port\u00e9e<\/th>\n\t\t\t\t<td class=\"woocommerce-product-attributes-item__value\"><p>104 km (WMTC)<\/p>\n<\/td>\n\t\t<\/tr><tr class=\"woocommerce-product-attributes-item woocommerce-product-attributes-item--attribute_pa_reichweite-kachel\">\n\t\t\t\t<th class=\"woocommerce-product-attributes-item__label\">Reichweite Kachel<\/th>\n\t\t\t\t<td class=\"woocommerce-product-attributes-item__value\"><p>104 km (WMTC)<\/p>\n<\/td>\n\t\t<\/tr><tr class=\"woocommerce-product-attributes-item woocommerce-product-attributes-item--attribute_pa_lackierung\">\n\t\t\t\t<th class=\"woocommerce-product-attributes-item__label\">Peinture<\/th>\n\t\t\t\t<td class=\"woocommerce-product-attributes-item__value\"><p>Bleu \/ Rouge<\/p>\n<\/td>\n\t\t<\/tr><tr class=\"woocommerce-product-attributes-item woocommerce-product-attributes-item--attribute_pa_smart-connectivity\">\n\t\t\t\t<th class=\"woocommerce-product-attributes-item__label\">Connectivit\u00e9 intelligente<\/th>\n\t\t\t\t<td class=\"woocommerce-product-attributes-item__value\"><p>Felo App<\/p>\n<\/td>\n\t\t<\/tr><tr class=\"woocommerce-product-attributes-item woocommerce-product-attributes-item--attribute_pa_tempomat\">\n\t\t\t\t<th class=\"woocommerce-product-attributes-item__label\">R\u00e9gulateur de vitesse<\/th>\n\t\t\t\t<td class=\"woocommerce-product-attributes-item__value\"><p>Non<\/p>\n<\/td>\n\t\t<\/tr><tr class=\"woocommerce-product-attributes-item woocommerce-product-attributes-item--attribute_pa_rueckwaertsgang\">\n\t\t\t\t<th class=\"woocommerce-product-attributes-item__label\">Marche arri\u00e8re<\/th>\n\t\t\t\t<td class=\"woocommerce-product-attributes-item__value\"><p>Oui<\/p>\n<\/td>\n\t\t<\/tr><tr class=\"woocommerce-product-attributes-item woocommerce-product-attributes-item--attribute_pa_beleuchtung\">\n\t\t\t\t<th class=\"woocommerce-product-attributes-item__label\">\u00e9clairage<\/th>\n\t\t\t\t<td class=\"woocommerce-product-attributes-item__value\"><p>LED<\/p>\n<\/td>\n\t\t<\/tr><tr class=\"woocommerce-product-attributes-item woocommerce-product-attributes-item--attribute_pa_plaetze\">\n\t\t\t\t<th class=\"woocommerce-product-attributes-item__label\">Plaquettes<\/th>\n\t\t\t\t<td class=\"woocommerce-product-attributes-item__value\"><p>2<\/p>\n<\/td>\n\t\t<\/tr><tr class=\"woocommerce-product-attributes-item woocommerce-product-attributes-item--attribute_pa_fuehrerausweiskategorie\">\n\t\t\t\t<th class=\"woocommerce-product-attributes-item__label\">Cat\u00e9gories de produits<\/th>\n\t\t\t\t<td class=\"woocommerce-product-attributes-item__value\"><p>A1<\/p>\n<\/td>\n\t\t<\/tr><tr class=\"woocommerce-product-attributes-item woocommerce-product-attributes-item--attribute_pa_mindestalter\">\n\t\t\t\t<th class=\"woocommerce-product-attributes-item__label\">\u00e2ge minimum<\/th>\n\t\t\t\t<td class=\"woocommerce-product-attributes-item__value\"><p>16<\/p>\n<\/td>\n\t\t<\/tr><tr class=\"woocommerce-product-attributes-item woocommerce-product-attributes-item--attribute_pa_batterie\">\n\t\t\t\t<th class=\"woocommerce-product-attributes-item__label\">Batterie<\/th>\n\t\t\t\t<td class=\"woocommerce-product-attributes-item__value\"><p>Ions lithium<\/p>\n<\/td>\n\t\t<\/tr><tr class=\"woocommerce-product-attributes-item woocommerce-product-attributes-item--attribute_pa_akku\">\n\t\t\t\t<th class=\"woocommerce-product-attributes-item__label\">Akku<\/th>\n\t\t\t\t<td class=\"woocommerce-product-attributes-item__value\"><p>72 V 58 Ah<\/p>\n<\/td>\n\t\t<\/tr><tr class=\"woocommerce-product-attributes-item woocommerce-product-attributes-item--attribute_pa_ladedauer-80\">\n\t\t\t\t<th class=\"woocommerce-product-attributes-item__label\">Dur\u00e9e de charge (80 %)<\/th>\n\t\t\t\t<td class=\"woocommerce-product-attributes-item__value\"><p>5 heures<\/p>\n<\/td>\n\t\t<\/tr><tr class=\"woocommerce-product-attributes-item woocommerce-product-attributes-item--attribute_pa_ladezyklen\">\n\t\t\t\t<th class=\"woocommerce-product-attributes-item__label\">Cycles de charge<\/th>\n\t\t\t\t<td class=\"woocommerce-product-attributes-item__value\"><p>1000<\/p>\n<\/td>\n\t\t<\/tr><tr class=\"woocommerce-product-attributes-item woocommerce-product-attributes-item--attribute_pa_wechselakkusystem\">\n\t\t\t\t<th class=\"woocommerce-product-attributes-item__label\">Syst\u00e8me de batteries interchangeables<\/th>\n\t\t\t\t<td class=\"woocommerce-product-attributes-item__value\"><p>Nein<\/p>\n<\/td>\n\t\t<\/tr><tr class=\"woocommerce-product-attributes-item woocommerce-product-attributes-item--attribute_pa_bremsen-v-h\">\n\t\t\t\t<th class=\"woocommerce-product-attributes-item__label\">Freins (avant\/arri\u00e8re)<\/th>\n\t\t\t\t<td class=\"woocommerce-product-attributes-item__value\"><p>Disque \/ Disque ABS<\/p>\n<\/td>\n\t\t<\/tr><tr class=\"woocommerce-product-attributes-item woocommerce-product-attributes-item--attribute_pa_fahrwerk\">\n\t\t\t\t<th class=\"woocommerce-product-attributes-item__label\">Ch\u00e2ssis<\/th>\n\t\t\t\t<td class=\"woocommerce-product-attributes-item__value\"><p>Amortisseurs hydrauliques (r\u00e9glables)<\/p>\n<\/td>\n\t\t<\/tr><tr class=\"woocommerce-product-attributes-item woocommerce-product-attributes-item--attribute_pa_reifendimensionen\">\n\t\t\t\t<th class=\"woocommerce-product-attributes-item__label\">Les dimensions de la vie<\/th>\n\t\t\t\t<td class=\"woocommerce-product-attributes-item__value\"><p>100\/90-12 \/ 130\/90-10<\/p>\n<\/td>\n\t\t<\/tr><tr class=\"woocommerce-product-attributes-item woocommerce-product-attributes-item--attribute_pa_laenge\">\n\t\t\t\t<th class=\"woocommerce-product-attributes-item__label\">Longueur<\/th>\n\t\t\t\t<td class=\"woocommerce-product-attributes-item__value\"><p>1734 mm<\/p>\n<\/td>\n\t\t<\/tr><tr class=\"woocommerce-product-attributes-item woocommerce-product-attributes-item--attribute_pa_breite\">\n\t\t\t\t<th class=\"woocommerce-product-attributes-item__label\">Largeur<\/th>\n\t\t\t\t<td class=\"woocommerce-product-attributes-item__value\"><p>783 mm<\/p>\n<\/td>\n\t\t<\/tr><tr class=\"woocommerce-product-attributes-item woocommerce-product-attributes-item--attribute_pa_hoehe\">\n\t\t\t\t<th class=\"woocommerce-product-attributes-item__label\">Hauteur<\/th>\n\t\t\t\t<td class=\"woocommerce-product-attributes-item__value\"><p>1026 mm<\/p>\n<\/td>\n\t\t<\/tr><tr class=\"woocommerce-product-attributes-item woocommerce-product-attributes-item--attribute_pa_sitzhoehe\">\n\t\t\t\t<th class=\"woocommerce-product-attributes-item__label\">Hauteur du si\u00e8ge<\/th>\n\t\t\t\t<td class=\"woocommerce-product-attributes-item__value\"><p>760 mm<\/p>\n<\/td>\n\t\t<\/tr><tr class=\"woocommerce-product-attributes-item woocommerce-product-attributes-item--attribute_pa_leergewicht\">\n\t\t\t\t<th class=\"woocommerce-product-attributes-item__label\">Poids \u00e0 vide (sans batterie ni conducteur)<\/th>\n\t\t\t\t<td class=\"woocommerce-product-attributes-item__value\"><p>67 kg<\/p>\n<\/td>\n\t\t<\/tr><tr class=\"woocommerce-product-attributes-item woocommerce-product-attributes-item--attribute_pa_max-zuladung\">\n\t\t\t\t<th class=\"woocommerce-product-attributes-item__label\">Charge utile max.<\/th>\n\t\t\t\t<td class=\"woocommerce-product-attributes-item__value\"><p>181 kg<\/p>\n<\/td>\n\t\t<\/tr><tr class=\"woocommerce-product-attributes-item woocommerce-product-attributes-item--attribute_pa_lieferumfang\">\n\t\t\t\t<th class=\"woocommerce-product-attributes-item__label\">Contenu de la livraison<\/th>\n\t\t\t\t<td class=\"woocommerce-product-attributes-item__value\"><p>incl. Chargeur et batterie standard<\/p>\n<\/td>\n\t\t<\/tr><\/table><\/div>\n<p><\/p>\n","protected":false},"excerpt":{"rendered":"<p>Felo FW-03 90 km\/h Vitesse &#8230; <a title=\"Felo FW-03\" class=\"read-more\" href=\"https:\/\/www.etrix.ch\/fr\/scooter-electrique\/felo-fw03\/\" aria-label=\"En savoir plus sur Felo FW-03\">&gt;  En savoir plus<\/a><\/p>\n","protected":false},"author":1,"featured_media":19090,"parent":9976,"menu_order":115,"comment_status":"closed","ping_status":"closed","template":"","meta":{"_acf_changed":false,"footnotes":""},"class_list":["post-19134","page","type-page","status-publish","has-post-thumbnail"],"acf":[],"yoast_head":"<!-- This site is optimized with the Yoast SEO Premium plugin v26.9 (Yoast SEO v27.4) - https:\/\/yoast.com\/product\/yoast-seo-premium-wordpress\/ -->\n<title>Felo FW-03 | Max. Vitesse 90km\/h - ETRIX Elektroroller<\/title>\n<meta name=\"description\" content=\"Felo FW-03, un scooter \u00e9lectrique id\u00e9al pour la ville : rapide, facile \u00e0 conduire &amp; intelligemment connect\u00e9. Vitesse 90 km\/h &amp; Autonomie 104 km\" \/>\n<meta name=\"robots\" content=\"index, follow, max-snippet:-1, max-image-preview:large, max-video-preview:-1\" \/>\n<link rel=\"canonical\" href=\"https:\/\/www.etrix.ch\/fr\/scooter-electrique\/felo-fw03\/\" \/>\n<meta property=\"og:locale\" content=\"fr_FR\" \/>\n<meta property=\"og:type\" content=\"article\" \/>\n<meta property=\"og:title\" content=\"Felo FW-03\" \/>\n<meta property=\"og:description\" content=\"Felo FW-03, un scooter \u00e9lectrique id\u00e9al pour la ville : rapide, facile \u00e0 conduire &amp; intelligemment connect\u00e9. Vitesse 90 km\/h &amp; Autonomie 104 km\" \/>\n<meta property=\"og:url\" content=\"https:\/\/www.etrix.ch\/fr\/scooter-electrique\/felo-fw03\/\" \/>\n<meta property=\"og:site_name\" content=\"ETRIX Elektroroller\" \/>\n<meta property=\"article:publisher\" content=\"https:\/\/m.facebook.com\/etrix.emotos\/\" \/>\n<meta property=\"article:modified_time\" content=\"2025-10-28T08:53:52+00:00\" \/>\n<meta property=\"og:image\" content=\"https:\/\/www.etrix.ch\/media\/2023\/02\/felo-fw03-etrix-elektroroller-zuerich-regensdorf.jpg\" \/>\n\t<meta property=\"og:image:width\" content=\"2560\" \/>\n\t<meta property=\"og:image:height\" content=\"1707\" \/>\n\t<meta property=\"og:image:type\" content=\"image\/jpeg\" \/>\n<meta name=\"twitter:card\" content=\"summary_large_image\" \/>\n<meta name=\"twitter:site\" content=\"@etrixag\" \/>\n<meta name=\"twitter:label1\" content=\"Dur\u00e9e de lecture estim\u00e9e\" \/>\n\t<meta name=\"twitter:data1\" content=\"1 minute\" \/>\n<script type=\"application\/ld+json\" class=\"yoast-schema-graph\">{\"@context\":\"https:\\\/\\\/schema.org\",\"@graph\":[{\"@type\":\"WebPage\",\"@id\":\"https:\\\/\\\/www.etrix.ch\\\/fr\\\/scooter-electrique\\\/felo-fw03\\\/\",\"url\":\"https:\\\/\\\/www.etrix.ch\\\/fr\\\/scooter-electrique\\\/felo-fw03\\\/\",\"name\":\"Felo FW-03 | Max. Vitesse 90km\\\/h - ETRIX Elektroroller\",\"isPartOf\":{\"@id\":\"https:\\\/\\\/www.etrix.ch\\\/fr\\\/#website\"},\"primaryImageOfPage\":{\"@id\":\"https:\\\/\\\/www.etrix.ch\\\/fr\\\/scooter-electrique\\\/felo-fw03\\\/#primaryimage\"},\"image\":{\"@id\":\"https:\\\/\\\/www.etrix.ch\\\/fr\\\/scooter-electrique\\\/felo-fw03\\\/#primaryimage\"},\"thumbnailUrl\":\"https:\\\/\\\/www.etrix.ch\\\/media\\\/2023\\\/02\\\/felo-fw03-etrix-elektroroller-zuerich-regensdorf.jpg\",\"datePublished\":\"2023-02-16T13:21:21+00:00\",\"dateModified\":\"2025-10-28T08:53:52+00:00\",\"description\":\"Felo FW-03, un scooter \u00e9lectrique id\u00e9al pour la ville : rapide, facile \u00e0 conduire & intelligemment connect\u00e9. Vitesse 90 km\\\/h & Autonomie 104 km\",\"breadcrumb\":{\"@id\":\"https:\\\/\\\/www.etrix.ch\\\/fr\\\/scooter-electrique\\\/felo-fw03\\\/#breadcrumb\"},\"inLanguage\":\"fr-FR\",\"potentialAction\":[{\"@type\":\"ReadAction\",\"target\":[\"https:\\\/\\\/www.etrix.ch\\\/fr\\\/scooter-electrique\\\/felo-fw03\\\/\"]}]},{\"@type\":\"ImageObject\",\"inLanguage\":\"fr-FR\",\"@id\":\"https:\\\/\\\/www.etrix.ch\\\/fr\\\/scooter-electrique\\\/felo-fw03\\\/#primaryimage\",\"url\":\"https:\\\/\\\/www.etrix.ch\\\/media\\\/2023\\\/02\\\/felo-fw03-etrix-elektroroller-zuerich-regensdorf.jpg\",\"contentUrl\":\"https:\\\/\\\/www.etrix.ch\\\/media\\\/2023\\\/02\\\/felo-fw03-etrix-elektroroller-zuerich-regensdorf.jpg\",\"width\":2560,\"height\":1707,\"caption\":\"Felo FW03 Scooter\"},{\"@type\":\"BreadcrumbList\",\"@id\":\"https:\\\/\\\/www.etrix.ch\\\/fr\\\/scooter-electrique\\\/felo-fw03\\\/#breadcrumb\",\"itemListElement\":[{\"@type\":\"ListItem\",\"position\":1,\"name\":\"Accueil\",\"item\":\"https:\\\/\\\/www.etrix.ch\\\/fr\\\/\"},{\"@type\":\"ListItem\",\"position\":2,\"name\":\"Scooter \u00e9lectrique\",\"item\":\"https:\\\/\\\/www.etrix.ch\\\/fr\\\/scooter-electrique\\\/\"},{\"@type\":\"ListItem\",\"position\":3,\"name\":\"Felo FW-03\"}]},{\"@type\":\"WebSite\",\"@id\":\"https:\\\/\\\/www.etrix.ch\\\/fr\\\/#website\",\"url\":\"https:\\\/\\\/www.etrix.ch\\\/fr\\\/\",\"name\":\"ETRIX Elektroroller\",\"description\":\"E-Motos\",\"publisher\":{\"@id\":\"https:\\\/\\\/www.etrix.ch\\\/fr\\\/#organization\"},\"potentialAction\":[{\"@type\":\"SearchAction\",\"target\":{\"@type\":\"EntryPoint\",\"urlTemplate\":\"https:\\\/\\\/www.etrix.ch\\\/fr\\\/?s={search_term_string}\"},\"query-input\":{\"@type\":\"PropertyValueSpecification\",\"valueRequired\":true,\"valueName\":\"search_term_string\"}}],\"inLanguage\":\"fr-FR\"},{\"@type\":[\"Organization\",\"Place\",\"MotorcycleDealer\"],\"@id\":\"https:\\\/\\\/www.etrix.ch\\\/fr\\\/#organization\",\"name\":\"ETRIX E-Motos\",\"url\":\"https:\\\/\\\/www.etrix.ch\\\/fr\\\/\",\"logo\":{\"@id\":\"https:\\\/\\\/www.etrix.ch\\\/fr\\\/scooter-electrique\\\/felo-fw03\\\/#local-main-organization-logo\"},\"image\":{\"@id\":\"https:\\\/\\\/www.etrix.ch\\\/fr\\\/scooter-electrique\\\/felo-fw03\\\/#local-main-organization-logo\"},\"sameAs\":[\"https:\\\/\\\/m.facebook.com\\\/etrix.emotos\\\/\",\"https:\\\/\\\/x.com\\\/etrixag\",\"https:\\\/\\\/www.instagram.com\\\/etrix_emotos\\\/p\\\/BtVW6bXHtNv\\\/\",\"https:\\\/\\\/www.linkedin.com\\\/company\\\/etrix-ag\",\"https:\\\/\\\/www.youtube.com\\\/channel\\\/UCSd-hJdu5u8xPUEY60jexOw\"],\"address\":{\"@id\":\"https:\\\/\\\/www.etrix.ch\\\/fr\\\/scooter-electrique\\\/felo-fw03\\\/#local-main-place-address\"},\"geo\":{\"@type\":\"GeoCoordinates\",\"latitude\":\"47.43839497999372\",\"longitude\":\"8.465227605227366\"},\"telephone\":[\"043 931 00 45\"],\"openingHoursSpecification\":[{\"@type\":\"OpeningHoursSpecification\",\"dayOfWeek\":[\"Monday\",\"Sunday\"],\"opens\":\"00:00\",\"closes\":\"00:00\"},{\"@type\":\"OpeningHoursSpecification\",\"dayOfWeek\":[\"Tuesday\",\"Wednesday\",\"Thursday\",\"Friday\"],\"opens\":\"10:00\",\"closes\":\"18:00\"},{\"@type\":\"OpeningHoursSpecification\",\"dayOfWeek\":[\"Saturday\"],\"opens\":\"10:00\",\"closes\":\"15:00\"}]},{\"@type\":\"PostalAddress\",\"@id\":\"https:\\\/\\\/www.etrix.ch\\\/fr\\\/scooter-electrique\\\/felo-fw03\\\/#local-main-place-address\",\"streetAddress\":\"Riedthofstrasse 122\",\"addressLocality\":\"Regensdorf\",\"postalCode\":\"8105\",\"addressRegion\":\"Z\u00fcrich\",\"addressCountry\":\"CH\"},{\"@type\":\"ImageObject\",\"inLanguage\":\"fr-FR\",\"@id\":\"https:\\\/\\\/www.etrix.ch\\\/fr\\\/scooter-electrique\\\/felo-fw03\\\/#local-main-organization-logo\",\"url\":\"https:\\\/\\\/www.etrix.ch\\\/media\\\/2021\\\/05\\\/ETRIX-logo.png\",\"contentUrl\":\"https:\\\/\\\/www.etrix.ch\\\/media\\\/2021\\\/05\\\/ETRIX-logo.png\",\"width\":470,\"height\":85,\"caption\":\"ETRIX E-Motos\"}]}<\/script>\n<meta name=\"geo.placename\" content=\"Regensdorf\" \/>\n<meta name=\"geo.position\" content=\"47.43839497999372;8.465227605227366\" \/>\n<meta name=\"geo.region\" content=\"Suisse\" \/>\n<!-- \/ Yoast SEO Premium plugin. -->","yoast_head_json":{"title":"Felo FW-03 | Max. Vitesse 90km\/h - ETRIX Elektroroller","description":"Felo FW-03, un scooter \u00e9lectrique id\u00e9al pour la ville : rapide, facile \u00e0 conduire & intelligemment connect\u00e9. Vitesse 90 km\/h & Autonomie 104 km","robots":{"index":"index","follow":"follow","max-snippet":"max-snippet:-1","max-image-preview":"max-image-preview:large","max-video-preview":"max-video-preview:-1"},"canonical":"https:\/\/www.etrix.ch\/fr\/scooter-electrique\/felo-fw03\/","og_locale":"fr_FR","og_type":"article","og_title":"Felo FW-03","og_description":"Felo FW-03, un scooter \u00e9lectrique id\u00e9al pour la ville : rapide, facile \u00e0 conduire & intelligemment connect\u00e9. Vitesse 90 km\/h & Autonomie 104 km","og_url":"https:\/\/www.etrix.ch\/fr\/scooter-electrique\/felo-fw03\/","og_site_name":"ETRIX Elektroroller","article_publisher":"https:\/\/m.facebook.com\/etrix.emotos\/","article_modified_time":"2025-10-28T08:53:52+00:00","og_image":[{"width":2560,"height":1707,"url":"https:\/\/www.etrix.ch\/media\/2023\/02\/felo-fw03-etrix-elektroroller-zuerich-regensdorf.jpg","type":"image\/jpeg"}],"twitter_card":"summary_large_image","twitter_site":"@etrixag","twitter_misc":{"Dur\u00e9e de lecture estim\u00e9e":"1 minute"},"schema":{"@context":"https:\/\/schema.org","@graph":[{"@type":"WebPage","@id":"https:\/\/www.etrix.ch\/fr\/scooter-electrique\/felo-fw03\/","url":"https:\/\/www.etrix.ch\/fr\/scooter-electrique\/felo-fw03\/","name":"Felo FW-03 | Max. Vitesse 90km\/h - ETRIX Elektroroller","isPartOf":{"@id":"https:\/\/www.etrix.ch\/fr\/#website"},"primaryImageOfPage":{"@id":"https:\/\/www.etrix.ch\/fr\/scooter-electrique\/felo-fw03\/#primaryimage"},"image":{"@id":"https:\/\/www.etrix.ch\/fr\/scooter-electrique\/felo-fw03\/#primaryimage"},"thumbnailUrl":"https:\/\/www.etrix.ch\/media\/2023\/02\/felo-fw03-etrix-elektroroller-zuerich-regensdorf.jpg","datePublished":"2023-02-16T13:21:21+00:00","dateModified":"2025-10-28T08:53:52+00:00","description":"Felo FW-03, un scooter \u00e9lectrique id\u00e9al pour la ville : rapide, facile \u00e0 conduire & intelligemment connect\u00e9. Vitesse 90 km\/h & Autonomie 104 km","breadcrumb":{"@id":"https:\/\/www.etrix.ch\/fr\/scooter-electrique\/felo-fw03\/#breadcrumb"},"inLanguage":"fr-FR","potentialAction":[{"@type":"ReadAction","target":["https:\/\/www.etrix.ch\/fr\/scooter-electrique\/felo-fw03\/"]}]},{"@type":"ImageObject","inLanguage":"fr-FR","@id":"https:\/\/www.etrix.ch\/fr\/scooter-electrique\/felo-fw03\/#primaryimage","url":"https:\/\/www.etrix.ch\/media\/2023\/02\/felo-fw03-etrix-elektroroller-zuerich-regensdorf.jpg","contentUrl":"https:\/\/www.etrix.ch\/media\/2023\/02\/felo-fw03-etrix-elektroroller-zuerich-regensdorf.jpg","width":2560,"height":1707,"caption":"Felo FW03 Scooter"},{"@type":"BreadcrumbList","@id":"https:\/\/www.etrix.ch\/fr\/scooter-electrique\/felo-fw03\/#breadcrumb","itemListElement":[{"@type":"ListItem","position":1,"name":"Accueil","item":"https:\/\/www.etrix.ch\/fr\/"},{"@type":"ListItem","position":2,"name":"Scooter \u00e9lectrique","item":"https:\/\/www.etrix.ch\/fr\/scooter-electrique\/"},{"@type":"ListItem","position":3,"name":"Felo FW-03"}]},{"@type":"WebSite","@id":"https:\/\/www.etrix.ch\/fr\/#website","url":"https:\/\/www.etrix.ch\/fr\/","name":"ETRIX Elektroroller","description":"E-Motos","publisher":{"@id":"https:\/\/www.etrix.ch\/fr\/#organization"},"potentialAction":[{"@type":"SearchAction","target":{"@type":"EntryPoint","urlTemplate":"https:\/\/www.etrix.ch\/fr\/?s={search_term_string}"},"query-input":{"@type":"PropertyValueSpecification","valueRequired":true,"valueName":"search_term_string"}}],"inLanguage":"fr-FR"},{"@type":["Organization","Place","MotorcycleDealer"],"@id":"https:\/\/www.etrix.ch\/fr\/#organization","name":"ETRIX E-Motos","url":"https:\/\/www.etrix.ch\/fr\/","logo":{"@id":"https:\/\/www.etrix.ch\/fr\/scooter-electrique\/felo-fw03\/#local-main-organization-logo"},"image":{"@id":"https:\/\/www.etrix.ch\/fr\/scooter-electrique\/felo-fw03\/#local-main-organization-logo"},"sameAs":["https:\/\/m.facebook.com\/etrix.emotos\/","https:\/\/x.com\/etrixag","https:\/\/www.instagram.com\/etrix_emotos\/p\/BtVW6bXHtNv\/","https:\/\/www.linkedin.com\/company\/etrix-ag","https:\/\/www.youtube.com\/channel\/UCSd-hJdu5u8xPUEY60jexOw"],"address":{"@id":"https:\/\/www.etrix.ch\/fr\/scooter-electrique\/felo-fw03\/#local-main-place-address"},"geo":{"@type":"GeoCoordinates","latitude":"47.43839497999372","longitude":"8.465227605227366"},"telephone":["043 931 00 45"],"openingHoursSpecification":[{"@type":"OpeningHoursSpecification","dayOfWeek":["Monday","Sunday"],"opens":"00:00","closes":"00:00"},{"@type":"OpeningHoursSpecification","dayOfWeek":["Tuesday","Wednesday","Thursday","Friday"],"opens":"10:00","closes":"18:00"},{"@type":"OpeningHoursSpecification","dayOfWeek":["Saturday"],"opens":"10:00","closes":"15:00"}]},{"@type":"PostalAddress","@id":"https:\/\/www.etrix.ch\/fr\/scooter-electrique\/felo-fw03\/#local-main-place-address","streetAddress":"Riedthofstrasse 122","addressLocality":"Regensdorf","postalCode":"8105","addressRegion":"Z\u00fcrich","addressCountry":"CH"},{"@type":"ImageObject","inLanguage":"fr-FR","@id":"https:\/\/www.etrix.ch\/fr\/scooter-electrique\/felo-fw03\/#local-main-organization-logo","url":"https:\/\/www.etrix.ch\/media\/2021\/05\/ETRIX-logo.png","contentUrl":"https:\/\/www.etrix.ch\/media\/2021\/05\/ETRIX-logo.png","width":470,"height":85,"caption":"ETRIX E-Motos"}]},"geo.placename":"Regensdorf","geo.position":{"lat":"47.43839497999372","long":"8.465227605227366"},"geo.region":"Suisse"},"_links":{"self":[{"href":"https:\/\/www.etrix.ch\/fr\/wp-json\/wp\/v2\/pages\/19134","targetHints":{"allow":["GET"]}}],"collection":[{"href":"https:\/\/www.etrix.ch\/fr\/wp-json\/wp\/v2\/pages"}],"about":[{"href":"https:\/\/www.etrix.ch\/fr\/wp-json\/wp\/v2\/types\/page"}],"author":[{"embeddable":true,"href":"https:\/\/www.etrix.ch\/fr\/wp-json\/wp\/v2\/users\/1"}],"replies":[{"embeddable":true,"href":"https:\/\/www.etrix.ch\/fr\/wp-json\/wp\/v2\/comments?post=19134"}],"version-history":[{"count":3,"href":"https:\/\/www.etrix.ch\/fr\/wp-json\/wp\/v2\/pages\/19134\/revisions"}],"predecessor-version":[{"id":36642,"href":"https:\/\/www.etrix.ch\/fr\/wp-json\/wp\/v2\/pages\/19134\/revisions\/36642"}],"up":[{"embeddable":true,"href":"https:\/\/www.etrix.ch\/fr\/wp-json\/wp\/v2\/pages\/9976"}],"wp:featuredmedia":[{"embeddable":true,"href":"https:\/\/www.etrix.ch\/fr\/wp-json\/wp\/v2\/media\/19090"}],"wp:attachment":[{"href":"https:\/\/www.etrix.ch\/fr\/wp-json\/wp\/v2\/media?parent=19134"}],"curies":[{"name":"wp","href":"https:\/\/api.w.org\/{rel}","templated":true}]}}