{"id":17307,"date":"2022-03-15T15:30:14","date_gmt":"2022-03-15T14:30:14","guid":{"rendered":"https:\/\/www.etrix.ch\/m-urech-moto-center-ag-windisch-ag\/"},"modified":"2022-09-20T17:22:00","modified_gmt":"2022-09-20T15:22:00","slug":"m-urech-moto-center-ag-windisch-ag","status":"publish","type":"lp-haendler","link":"https:\/\/www.etrix.ch\/fr\/lp-marchand\/m-urech-moto-center-ag-windisch-ag\/","title":{"rendered":"M.Urech Moto-Center AG - Windisch - AG"},"content":{"rendered":"\n<div class=\"wp-block-columns alignfull is-style-spalte-top-bild is-layout-flex wp-container-core-columns-is-layout-9d6595d7 wp-block-columns-is-layout-flex\">\n<div class=\"wp-block-column is-style-top-bild-mask has-global-color-8-color has-text-color is-layout-flow wp-block-column-is-layout-flow\">\n<figure class=\"wp-block-image alignfull zweidrittel size-large is-style-top-bild-sans m0\">\n<img decoding=\"async\" width=\"1496\" height=\"800\" src=\"https:\/\/www.etrix.ch\/media\/2022\/06\/Shop-mit-TCS-Logo.jpeg\" class=\"img-responsive\" alt=\"Boutique ETRIX Avec logo Tcs\" srcset=\"https:\/\/www.etrix.ch\/media\/2022\/06\/Shop-mit-TCS-Logo.jpeg 1496w, https:\/\/www.etrix.ch\/media\/2022\/06\/Shop-mit-TCS-Logo-900x481.jpeg 900w, https:\/\/www.etrix.ch\/media\/2022\/06\/Shop-mit-TCS-Logo-300x160.jpeg 300w, https:\/\/www.etrix.ch\/media\/2022\/06\/Shop-mit-TCS-Logo-1024x548.jpeg 1024w, https:\/\/www.etrix.ch\/media\/2022\/06\/Shop-mit-TCS-Logo-768x411.jpeg 768w, https:\/\/www.etrix.ch\/media\/2022\/06\/Shop-mit-TCS-Logo-1320x706.jpeg 1320w\" sizes=\"(max-width: 1496px) 100vw, 1496px\"><\/figure>\n\n\n\n<div class=\"wp-block-group is-style-top-image-text\"><div class=\"wp-block-group__inner-container is-layout-flow wp-block-group-is-layout-flow\">\n<p class=\"is-style-default is-style-add-cacf\">M.Urech Moto-Center AG<br>ETRIX Partner<\/p>\n<\/div><\/div>\n<\/div>\n<\/div>\n\n<div id=\"inhalt\" class=\"wp-block-group is-content-justification-space-between is-nowrap is-layout-flex wp-container-core-group-is-layout-0dfbf163 wp-block-group-is-layout-flex\">\n<div class=\"wp-block-group is-vertical is-layout-flex wp-container-core-group-is-layout-8cf370e7 wp-block-group-is-layout-flex\">\n<p class=\"is-style-text-ber-titel is-style-add-cacf\">ETRIX Partner<\/p>\n\n\n\n<h1 class=\"wp-block-heading is-style-add-cacf\" id=\"silence-s01\">M.Urech Moto-Center AG<\/h1>\n<\/div>\n\n\n\n<div class=\"wp-block-group\"><div class=\"wp-block-group__inner-container is-layout-constrained wp-block-group-is-layout-constrained\"><div id=\"atsc-block_679bcf56ce5a1a0e89503e3629409ebf\" class=\"atsc \"><img decoding=\"async\" width=\"300\" height=\"180\" src=\"https:\/\/www.etrix.ch\/media\/2021\/05\/MaxUrech-300x180.jpg\" class=\"ct-image logo-haendler\" alt=\"Max Urech Motos\" srcset=\"https:\/\/www.etrix.ch\/media\/2021\/05\/MaxUrech-300x180.jpg 300w, https:\/\/www.etrix.ch\/media\/2021\/05\/MaxUrech.jpg 500w\" sizes=\"(max-width: 300px) 100vw, 300px\"><\/div><\/div><\/div>\n<\/div>\n\n<div style=\"height:50px\" aria-hidden=\"true\" class=\"wp-block-spacer\"><\/div>\n\n<div class=\"wp-block-columns is-layout-flex wp-container-core-columns-is-layout-9d6595d7 wp-block-columns-is-layout-flex\">\n<div class=\"wp-block-column is-layout-flow wp-block-column-is-layout-flow\" style=\"flex-basis:59%\">\n<div style=\"height:12px\" aria-hidden=\"true\" class=\"wp-block-spacer\"><\/div>\n\n\n<div id=\"abcalex\" class=\"atsc is-style-add-cacf\"><p>M.Urech Moto-Center AG Repr\u00e9sentation pour scooter \u00e9lectrique ETRIX \u00e0 Windisch\/AG.<\/p>\n<p>Le scooter \u00e9lectrique est le parfait v\u00e9hicule de banlieue d\u2019aujourd\u2019hui. Que ce soit en compl\u00e9ment de la voiture pour assurer un meilleur d\u00e9placement aux heures de pointe, pour \u00e9conomiser des co\u00fbts ou tout simplement parce que c\u2019est amusant. M.Urech Moto-Center AG est un partenaire officiel d\u2019ETRIX E-Motos en Windisch\/AG. En tant que partenaire ETRIX, tu peux recevoir toutes les informations importantes.<\/p>\n<p>Inscris-toi d\u00e8s aujourd\u2019hui et d\u00e9couvre par toi-m\u00eame ce que cela fait de rouler sans bruit avec un scooter \u00e9lectrique.<\/p>\n<p>Notre \u00e9quipe se fera un plaisir de te conseiller sur les diff\u00e9rents mod\u00e8les.<\/p>\n<\/div><\/div>\n\n\n\n<div class=\"wp-block-column is-layout-flow wp-block-column-is-layout-flow\" style=\"flex-basis:3%\">\n<div style=\"height:100px\" aria-hidden=\"true\" class=\"wp-block-spacer\"><\/div>\n<\/div>\n\n\n\n<div class=\"wp-block-column is-layout-flow wp-block-column-is-layout-flow\" style=\"flex-basis:38%\"><div class=\"map1 abcd gomaps\"><\/div><div class=\"ct-div-block kinder-maps-start block-abstand\"> <div class=\"ct-div-block kinder-maps-blocks-wrap\"> <\/div><\/div><div id=\"atgmapm-block_c43c70fbb43ff66173b10c93fdbee986\" class=\"atgmapm\"><\/div><\/div>\n<\/div>\n\n<div style=\"height:100px\" aria-hidden=\"true\" class=\"wp-block-spacer\"><\/div>\n\n<div class=\"wp-block-columns is-layout-flex wp-container-core-columns-is-layout-9d6595d7 wp-block-columns-is-layout-flex\">\n<div class=\"wp-block-column is-layout-flow wp-block-column-is-layout-flow\" style=\"flex-basis:40%\">\n<h2 class=\"wp-block-heading\" id=\"h-adresse\">Adresse<\/h2>\n\n\n<div id=\"atsc-block_cbf52af6c3832f5d49d16b9de303b382\" class=\"atsc \"><p><strong>M.Urech Moto-Center AG<\/strong><br>Z\u00fcrcherstrasse 38<br>5210 Windisch\/AG<br><br>Tel: +41 56 441 93 88<\/p><\/div>\n\n<div id=\"atsc-block_653efb86ddc460ca2ba0bff346a67436\" class=\"atsc \"><p><a target=\"_blank\" href=\"http:\/\/www.urech-motos.ch\/\">www.urech-motos.ch<\/a><br><\/p><\/div><\/div>\n\n\n\n<div class=\"wp-block-column is-layout-flow wp-block-column-is-layout-flow\" style=\"flex-basis:60%\">\n<h2 class=\"wp-block-heading\" id=\"h-offnungszeiten\">Heures d\u2019ouverture<\/h2>\n\n\n<div id=\"atsc-block_00a703140855ab5ee6fdfb24131f4572\" class=\"atsc \"><\/div><\/div>\n<\/div>\n\n<div class=\"wp-block-columns is-layout-flex wp-container-core-columns-is-layout-9d6595d7 wp-block-columns-is-layout-flex\">\n<div class=\"wp-block-column is-layout-flow wp-block-column-is-layout-flow\" style=\"flex-basis:100%\">\n<h2 class=\"wp-block-heading\" id=\"h-google-bewertung\">\u00c9valuation Google<\/h2>\n\n\n<div id=\"atsc-block_6959ec749bd259043b9c0bad43ad674b\" class=\"atsc \"><ul class=\"atc-reviews\">\n<li class=\"atc-rating-5\"><b><img decoding=\"async\" src=\"https:\/\/www.etrix.ch\/media\/asset\/img\/reviews\/alexandros-katirtzoglou.png\" alt=\"Alexandros Katirtzoglou\"><\/b><i><i><b><i><\/i><i><\/i><i><\/i><i><\/i><i><\/i><\/b> \u00c9change une Aprilia Mana 850 GT avec une nouvelle Honda NC750X 2021. Marcel Merci beaucoup \ud83d\ude4f.<\/i><\/i>Serviable, ponctuel, tout va bien.<br>\n<b>Alexandros Katirtzoglou<\/b><\/li>\n<li class=\"atc-rating-5\"><b><img decoding=\"async\" src=\"https:\/\/www.etrix.ch\/media\/asset\/img\/reviews\/mish-resi.png\" alt=\"Mish Resi\"><\/b><i><b><i><\/i><i><\/i><i><\/i><i><\/i><i><\/i><\/b> Totalement sympathique et facile \u00e0 vivre ! \ud83e\udd17.<br>\n<b>Mish Resi<\/b><\/i><\/li>\n<li class=\"atc-rating-5\"><b><img decoding=\"async\" src=\"https:\/\/www.etrix.ch\/media\/asset\/img\/reviews\/adrian-baumann.png\" alt=\"Adrian Baumann\"><\/b><i><b><i><\/i><i><\/i><i><\/i><i><\/i><i><\/i><\/b> Un contact tr\u00e8s sympa des conseils superbes avec conviction une vraie entreprise familiale merci continuez comme \u00e7a<br>\n<b>Adrian Baumann<\/b><\/i><\/li>\n<li class=\"atc-rating-5\"><b><img decoding=\"async\" src=\"https:\/\/www.etrix.ch\/media\/asset\/img\/reviews\/stefan-florjancic.png\" alt=\"Stefan Florjancic\"><\/b><i><b><i><\/i><i><\/i><i><\/i><i><\/i><i><\/i><\/b> Rarement trait\u00e9 avec autant d\u2019amabilit\u00e9, de comp\u00e9tence et de pr\u00e9venance, dans un magasin. On se sent presque en famille.<br>\n<b>Stefan Florjancic<\/b><\/i><\/li>\n<li class=\"atc-rating-5\"><b><img decoding=\"async\" src=\"https:\/\/www.etrix.ch\/media\/asset\/img\/reviews\/willy-bachmann.png\" alt=\"Willy Bachmann\"><\/b><i><b><i><\/i><i><\/i><i><\/i><i><\/i><i><\/i><\/b> Super aide et remplacement sans probl\u00e8me de mon ampoule grill\u00e9e sur ma moto.<br>\n<b>Willy Bachmann<\/b><\/i><\/li>\n<\/ul>\n<\/div><\/div>\n<\/div>\n","protected":false},"featured_media":15156,"template":"","class_list":["post-17307","lp-haendler","type-lp-haendler","status-publish","has-post-thumbnail","hentry"],"acf":[],"yoast_head":"<!-- This site is optimized with the Yoast SEO Premium plugin v26.9 (Yoast SEO v27.4) - https:\/\/yoast.com\/product\/yoast-seo-premium-wordpress\/ -->\n<title>M.Urech Moto-Center AG - Windisch - AG - ETRIX Elektroroller<\/title>\n<meta name=\"robots\" content=\"index, follow, max-snippet:-1, max-image-preview:large, max-video-preview:-1\" \/>\n<link rel=\"canonical\" href=\"https:\/\/www.etrix.ch\/fr\/lp-marchand\/m-urech-moto-center-ag-windisch-ag\/\" \/>\n<meta property=\"og:locale\" content=\"fr_FR\" \/>\n<meta property=\"og:type\" content=\"article\" \/>\n<meta property=\"og:title\" content=\"M.Urech Moto-Center AG - Windisch - AG\" \/>\n<meta property=\"og:url\" content=\"https:\/\/www.etrix.ch\/fr\/lp-marchand\/m-urech-moto-center-ag-windisch-ag\/\" \/>\n<meta property=\"og:site_name\" content=\"ETRIX Elektroroller\" \/>\n<meta property=\"article:publisher\" content=\"https:\/\/m.facebook.com\/etrix.emotos\/\" \/>\n<meta property=\"article:modified_time\" content=\"2022-09-20T15:22:00+00:00\" \/>\n<meta property=\"og:image\" content=\"https:\/\/www.etrix.ch\/media\/2022\/06\/Shop-mit-TCS-Logo.jpeg\" \/>\n\t<meta property=\"og:image:width\" content=\"1496\" \/>\n\t<meta property=\"og:image:height\" content=\"800\" \/>\n\t<meta property=\"og:image:type\" content=\"image\/jpeg\" \/>\n<meta name=\"twitter:card\" content=\"summary_large_image\" \/>\n<meta name=\"twitter:site\" content=\"@etrixag\" \/>\n<script type=\"application\/ld+json\" class=\"yoast-schema-graph\">{\"@context\":\"https:\\\/\\\/schema.org\",\"@graph\":[{\"@type\":\"WebPage\",\"@id\":\"https:\\\/\\\/www.etrix.ch\\\/fr\\\/lp-marchand\\\/m-urech-moto-center-ag-windisch-ag\\\/\",\"url\":\"https:\\\/\\\/www.etrix.ch\\\/fr\\\/lp-marchand\\\/m-urech-moto-center-ag-windisch-ag\\\/\",\"name\":\"M.Urech Moto-Center AG - Windisch - AG - ETRIX Elektroroller\",\"isPartOf\":{\"@id\":\"https:\\\/\\\/www.etrix.ch\\\/fr\\\/#website\"},\"primaryImageOfPage\":{\"@id\":\"https:\\\/\\\/www.etrix.ch\\\/fr\\\/lp-marchand\\\/m-urech-moto-center-ag-windisch-ag\\\/#primaryimage\"},\"image\":{\"@id\":\"https:\\\/\\\/www.etrix.ch\\\/fr\\\/lp-marchand\\\/m-urech-moto-center-ag-windisch-ag\\\/#primaryimage\"},\"thumbnailUrl\":\"https:\\\/\\\/www.etrix.ch\\\/media\\\/2022\\\/06\\\/Shop-mit-TCS-Logo.jpeg\",\"datePublished\":\"2022-03-15T14:30:14+00:00\",\"dateModified\":\"2022-09-20T15:22:00+00:00\",\"breadcrumb\":{\"@id\":\"https:\\\/\\\/www.etrix.ch\\\/fr\\\/lp-marchand\\\/m-urech-moto-center-ag-windisch-ag\\\/#breadcrumb\"},\"inLanguage\":\"fr-FR\",\"potentialAction\":[{\"@type\":\"ReadAction\",\"target\":[\"https:\\\/\\\/www.etrix.ch\\\/fr\\\/lp-marchand\\\/m-urech-moto-center-ag-windisch-ag\\\/\"]}]},{\"@type\":\"ImageObject\",\"inLanguage\":\"fr-FR\",\"@id\":\"https:\\\/\\\/www.etrix.ch\\\/fr\\\/lp-marchand\\\/m-urech-moto-center-ag-windisch-ag\\\/#primaryimage\",\"url\":\"https:\\\/\\\/www.etrix.ch\\\/media\\\/2022\\\/06\\\/Shop-mit-TCS-Logo.jpeg\",\"contentUrl\":\"https:\\\/\\\/www.etrix.ch\\\/media\\\/2022\\\/06\\\/Shop-mit-TCS-Logo.jpeg\",\"width\":1496,\"height\":800,\"caption\":\"Boutique ETRIX Avec logo Tcs\"},{\"@type\":\"BreadcrumbList\",\"@id\":\"https:\\\/\\\/www.etrix.ch\\\/fr\\\/lp-marchand\\\/m-urech-moto-center-ag-windisch-ag\\\/#breadcrumb\",\"itemListElement\":[{\"@type\":\"ListItem\",\"position\":1,\"name\":\"Accueil\",\"item\":\"https:\\\/\\\/www.etrix.ch\\\/fr\\\/\"},{\"@type\":\"ListItem\",\"position\":2,\"name\":\"M.Urech Moto-Center AG &#8211; Windisch &#8211; AG\"}]},{\"@type\":\"WebSite\",\"@id\":\"https:\\\/\\\/www.etrix.ch\\\/fr\\\/#website\",\"url\":\"https:\\\/\\\/www.etrix.ch\\\/fr\\\/\",\"name\":\"ETRIX Elektroroller\",\"description\":\"E-Motos\",\"publisher\":{\"@id\":\"https:\\\/\\\/www.etrix.ch\\\/fr\\\/#organization\"},\"potentialAction\":[{\"@type\":\"SearchAction\",\"target\":{\"@type\":\"EntryPoint\",\"urlTemplate\":\"https:\\\/\\\/www.etrix.ch\\\/fr\\\/?s={search_term_string}\"},\"query-input\":{\"@type\":\"PropertyValueSpecification\",\"valueRequired\":true,\"valueName\":\"search_term_string\"}}],\"inLanguage\":\"fr-FR\"},{\"@type\":[\"Organization\",\"Place\",\"MotorcycleDealer\"],\"@id\":\"https:\\\/\\\/www.etrix.ch\\\/fr\\\/#organization\",\"name\":\"ETRIX E-Motos\",\"url\":\"https:\\\/\\\/www.etrix.ch\\\/fr\\\/\",\"logo\":{\"@id\":\"https:\\\/\\\/www.etrix.ch\\\/fr\\\/lp-marchand\\\/m-urech-moto-center-ag-windisch-ag\\\/#local-main-organization-logo\"},\"image\":{\"@id\":\"https:\\\/\\\/www.etrix.ch\\\/fr\\\/lp-marchand\\\/m-urech-moto-center-ag-windisch-ag\\\/#local-main-organization-logo\"},\"sameAs\":[\"https:\\\/\\\/m.facebook.com\\\/etrix.emotos\\\/\",\"https:\\\/\\\/x.com\\\/etrixag\",\"https:\\\/\\\/www.instagram.com\\\/etrix_emotos\\\/p\\\/BtVW6bXHtNv\\\/\",\"https:\\\/\\\/www.linkedin.com\\\/company\\\/etrix-ag\",\"https:\\\/\\\/www.youtube.com\\\/channel\\\/UCSd-hJdu5u8xPUEY60jexOw\"],\"address\":{\"@id\":\"https:\\\/\\\/www.etrix.ch\\\/fr\\\/lp-marchand\\\/m-urech-moto-center-ag-windisch-ag\\\/#local-main-place-address\"},\"geo\":{\"@type\":\"GeoCoordinates\",\"latitude\":\"47.43839497999372\",\"longitude\":\"8.465227605227366\"},\"telephone\":[\"043 931 00 45\"],\"openingHoursSpecification\":[{\"@type\":\"OpeningHoursSpecification\",\"dayOfWeek\":[\"Monday\",\"Sunday\"],\"opens\":\"00:00\",\"closes\":\"00:00\"},{\"@type\":\"OpeningHoursSpecification\",\"dayOfWeek\":[\"Tuesday\",\"Wednesday\",\"Thursday\",\"Friday\"],\"opens\":\"10:00\",\"closes\":\"18:00\"},{\"@type\":\"OpeningHoursSpecification\",\"dayOfWeek\":[\"Saturday\"],\"opens\":\"10:00\",\"closes\":\"15:00\"}]},{\"@type\":\"PostalAddress\",\"@id\":\"https:\\\/\\\/www.etrix.ch\\\/fr\\\/lp-marchand\\\/m-urech-moto-center-ag-windisch-ag\\\/#local-main-place-address\",\"streetAddress\":\"Riedthofstrasse 122\",\"addressLocality\":\"Regensdorf\",\"postalCode\":\"8105\",\"addressRegion\":\"Z\u00fcrich\",\"addressCountry\":\"CH\"},{\"@type\":\"ImageObject\",\"inLanguage\":\"fr-FR\",\"@id\":\"https:\\\/\\\/www.etrix.ch\\\/fr\\\/lp-marchand\\\/m-urech-moto-center-ag-windisch-ag\\\/#local-main-organization-logo\",\"url\":\"https:\\\/\\\/www.etrix.ch\\\/media\\\/2021\\\/05\\\/ETRIX-logo.png\",\"contentUrl\":\"https:\\\/\\\/www.etrix.ch\\\/media\\\/2021\\\/05\\\/ETRIX-logo.png\",\"width\":470,\"height\":85,\"caption\":\"ETRIX E-Motos\"}]}<\/script>\n<meta name=\"geo.placename\" content=\"Regensdorf\" \/>\n<meta name=\"geo.position\" content=\"47.43839497999372;8.465227605227366\" \/>\n<meta name=\"geo.region\" content=\"Suisse\" \/>\n<!-- \/ Yoast SEO Premium plugin. -->","yoast_head_json":{"title":"M.Urech Moto-Center AG - Windisch - AG - ETRIX Elektroroller","robots":{"index":"index","follow":"follow","max-snippet":"max-snippet:-1","max-image-preview":"max-image-preview:large","max-video-preview":"max-video-preview:-1"},"canonical":"https:\/\/www.etrix.ch\/fr\/lp-marchand\/m-urech-moto-center-ag-windisch-ag\/","og_locale":"fr_FR","og_type":"article","og_title":"M.Urech Moto-Center AG - Windisch - AG","og_url":"https:\/\/www.etrix.ch\/fr\/lp-marchand\/m-urech-moto-center-ag-windisch-ag\/","og_site_name":"ETRIX Elektroroller","article_publisher":"https:\/\/m.facebook.com\/etrix.emotos\/","article_modified_time":"2022-09-20T15:22:00+00:00","og_image":[{"width":1496,"height":800,"url":"https:\/\/www.etrix.ch\/media\/2022\/06\/Shop-mit-TCS-Logo.jpeg","type":"image\/jpeg"}],"twitter_card":"summary_large_image","twitter_site":"@etrixag","schema":{"@context":"https:\/\/schema.org","@graph":[{"@type":"WebPage","@id":"https:\/\/www.etrix.ch\/fr\/lp-marchand\/m-urech-moto-center-ag-windisch-ag\/","url":"https:\/\/www.etrix.ch\/fr\/lp-marchand\/m-urech-moto-center-ag-windisch-ag\/","name":"M.Urech Moto-Center AG - Windisch - AG - ETRIX Elektroroller","isPartOf":{"@id":"https:\/\/www.etrix.ch\/fr\/#website"},"primaryImageOfPage":{"@id":"https:\/\/www.etrix.ch\/fr\/lp-marchand\/m-urech-moto-center-ag-windisch-ag\/#primaryimage"},"image":{"@id":"https:\/\/www.etrix.ch\/fr\/lp-marchand\/m-urech-moto-center-ag-windisch-ag\/#primaryimage"},"thumbnailUrl":"https:\/\/www.etrix.ch\/media\/2022\/06\/Shop-mit-TCS-Logo.jpeg","datePublished":"2022-03-15T14:30:14+00:00","dateModified":"2022-09-20T15:22:00+00:00","breadcrumb":{"@id":"https:\/\/www.etrix.ch\/fr\/lp-marchand\/m-urech-moto-center-ag-windisch-ag\/#breadcrumb"},"inLanguage":"fr-FR","potentialAction":[{"@type":"ReadAction","target":["https:\/\/www.etrix.ch\/fr\/lp-marchand\/m-urech-moto-center-ag-windisch-ag\/"]}]},{"@type":"ImageObject","inLanguage":"fr-FR","@id":"https:\/\/www.etrix.ch\/fr\/lp-marchand\/m-urech-moto-center-ag-windisch-ag\/#primaryimage","url":"https:\/\/www.etrix.ch\/media\/2022\/06\/Shop-mit-TCS-Logo.jpeg","contentUrl":"https:\/\/www.etrix.ch\/media\/2022\/06\/Shop-mit-TCS-Logo.jpeg","width":1496,"height":800,"caption":"Boutique ETRIX Avec logo Tcs"},{"@type":"BreadcrumbList","@id":"https:\/\/www.etrix.ch\/fr\/lp-marchand\/m-urech-moto-center-ag-windisch-ag\/#breadcrumb","itemListElement":[{"@type":"ListItem","position":1,"name":"Accueil","item":"https:\/\/www.etrix.ch\/fr\/"},{"@type":"ListItem","position":2,"name":"M.Urech Moto-Center AG &#8211; Windisch &#8211; AG"}]},{"@type":"WebSite","@id":"https:\/\/www.etrix.ch\/fr\/#website","url":"https:\/\/www.etrix.ch\/fr\/","name":"ETRIX Elektroroller","description":"E-Motos","publisher":{"@id":"https:\/\/www.etrix.ch\/fr\/#organization"},"potentialAction":[{"@type":"SearchAction","target":{"@type":"EntryPoint","urlTemplate":"https:\/\/www.etrix.ch\/fr\/?s={search_term_string}"},"query-input":{"@type":"PropertyValueSpecification","valueRequired":true,"valueName":"search_term_string"}}],"inLanguage":"fr-FR"},{"@type":["Organization","Place","MotorcycleDealer"],"@id":"https:\/\/www.etrix.ch\/fr\/#organization","name":"ETRIX E-Motos","url":"https:\/\/www.etrix.ch\/fr\/","logo":{"@id":"https:\/\/www.etrix.ch\/fr\/lp-marchand\/m-urech-moto-center-ag-windisch-ag\/#local-main-organization-logo"},"image":{"@id":"https:\/\/www.etrix.ch\/fr\/lp-marchand\/m-urech-moto-center-ag-windisch-ag\/#local-main-organization-logo"},"sameAs":["https:\/\/m.facebook.com\/etrix.emotos\/","https:\/\/x.com\/etrixag","https:\/\/www.instagram.com\/etrix_emotos\/p\/BtVW6bXHtNv\/","https:\/\/www.linkedin.com\/company\/etrix-ag","https:\/\/www.youtube.com\/channel\/UCSd-hJdu5u8xPUEY60jexOw"],"address":{"@id":"https:\/\/www.etrix.ch\/fr\/lp-marchand\/m-urech-moto-center-ag-windisch-ag\/#local-main-place-address"},"geo":{"@type":"GeoCoordinates","latitude":"47.43839497999372","longitude":"8.465227605227366"},"telephone":["043 931 00 45"],"openingHoursSpecification":[{"@type":"OpeningHoursSpecification","dayOfWeek":["Monday","Sunday"],"opens":"00:00","closes":"00:00"},{"@type":"OpeningHoursSpecification","dayOfWeek":["Tuesday","Wednesday","Thursday","Friday"],"opens":"10:00","closes":"18:00"},{"@type":"OpeningHoursSpecification","dayOfWeek":["Saturday"],"opens":"10:00","closes":"15:00"}]},{"@type":"PostalAddress","@id":"https:\/\/www.etrix.ch\/fr\/lp-marchand\/m-urech-moto-center-ag-windisch-ag\/#local-main-place-address","streetAddress":"Riedthofstrasse 122","addressLocality":"Regensdorf","postalCode":"8105","addressRegion":"Z\u00fcrich","addressCountry":"CH"},{"@type":"ImageObject","inLanguage":"fr-FR","@id":"https:\/\/www.etrix.ch\/fr\/lp-marchand\/m-urech-moto-center-ag-windisch-ag\/#local-main-organization-logo","url":"https:\/\/www.etrix.ch\/media\/2021\/05\/ETRIX-logo.png","contentUrl":"https:\/\/www.etrix.ch\/media\/2021\/05\/ETRIX-logo.png","width":470,"height":85,"caption":"ETRIX E-Motos"}]},"geo.placename":"Regensdorf","geo.position":{"lat":"47.43839497999372","long":"8.465227605227366"},"geo.region":"Suisse"},"_links":{"self":[{"href":"https:\/\/www.etrix.ch\/fr\/wp-json\/wp\/v2\/lp-haendler\/17307","targetHints":{"allow":["GET"]}}],"collection":[{"href":"https:\/\/www.etrix.ch\/fr\/wp-json\/wp\/v2\/lp-haendler"}],"about":[{"href":"https:\/\/www.etrix.ch\/fr\/wp-json\/wp\/v2\/types\/lp-haendler"}],"wp:featuredmedia":[{"embeddable":true,"href":"https:\/\/www.etrix.ch\/fr\/wp-json\/wp\/v2\/media\/15156"}],"wp:attachment":[{"href":"https:\/\/www.etrix.ch\/fr\/wp-json\/wp\/v2\/media?parent=17307"}],"curies":[{"name":"wp","href":"https:\/\/api.w.org\/{rel}","templated":true}]}}